{"id":952,"date":"2019-12-12T11:39:54","date_gmt":"2019-12-12T10:39:54","guid":{"rendered":"http:\/\/www.pompes-funebres-santilly.com\/fr\/?page_id=952"},"modified":"2024-09-05T13:49:58","modified_gmt":"2024-09-05T11:49:58","slug":"marbrerie","status":"publish","type":"page","link":"https:\/\/www.pompes-funebres-santilly.com\/fr\/marbrerie\/","title":{"rendered":"Marbrerie"},"content":{"rendered":"<p>[vc_row][vc_column][vc_column_text]<\/p>\n<h1>Marbrerie en r\u00e9gion parisienne<\/h1>\n<p>[\/vc_column_text][vc_column_text css=\u00a0\u00bb.vc_custom_1614592729411{margin-bottom: 40px !important;}\u00a0\u00bb]La r\u00e9alisation d\u2019un monument fun\u00e9raire demande du temps et de la pr\u00e9cision. D\u00e9couvrez les r\u00e9alisations des marbriers des \u00c9tablissements Santilly.[\/vc_column_text][vc_btn title=\u00a0\u00bbDemander un devis\u00a0\u00bb style=\u00a0\u00bbflat\u00a0\u00bb color=\u00a0\u00bbsuccess\u00a0\u00bb align=\u00a0\u00bbcenter\u00a0\u00bb button_block=\u00a0\u00bbtrue\u00a0\u00bb el_class=\u00a0\u00bbpfs-cta-a small\u00a0\u00bb link=\u00a0\u00bburl:https%3A%2F%2Fwww.pompes-funebres-santilly.com%2Ffr%2Fdevis%2F|title:Demander%20un%20devis||\u00a0\u00bb][vc_empty_space][\/vc_column][\/vc_row][vc_section css=\u00a0\u00bb.vc_custom_1580376950216{margin-bottom: 40px !important;}\u00a0\u00bb][vc_row full_width=\u00a0\u00bbstretch_row\u00a0\u00bb content_placement=\u00a0\u00bbmiddle\u00a0\u00bb css=\u00a0\u00bb.vc_custom_1708951566825{background-color: #f6f4f2 !important;}\u00a0\u00bb el_class=\u00a0\u00bblarge-color\u00a0\u00bb][vc_column width=\u00a0\u00bb1\/2&Prime;][vc_single_image image=\u00a0\u00bb33899&Prime; img_size=\u00a0\u00bb600&#215;400&Prime; alignment=\u00a0\u00bbcenter\u00a0\u00bb bb_tab_container=\u00a0\u00bb\u00a0\u00bb][\/vc_column][vc_column width=\u00a0\u00bb1\/2&Prime;][vc_column_text css=\u00a0\u00bb.vc_custom_1596122258915{margin-bottom: 30px !important;}\u00a0\u00bb]<\/p>\n<h2><a href=\"https:\/\/www.pompes-funebres-santilly.com\/fr\/marbrerie\/catalogue-de-monuments\/\">Catalogue de monuments<\/a><\/h2>\n<p>[\/vc_column_text][vc_column_text]D\u00e9couvrez les monuments fun\u00e9raires des \u00e9tablissements Santilly[\/vc_column_text][vc_column_text el_class=\u00a0\u00bbmore-link fhl\u00a0\u00bb css=\u00a0\u00bb.vc_custom_1708951647604{margin-top: 30px !important;}\u00a0\u00bb]<span style=\"color: #a9a699;\"><a style=\"color: #a9a699;\" href=\"https:\/\/www.pompes-funebres-santilly.com\/fr\/marbrerie\/catalogue-de-monuments\/\"><strong>En savoir plus<\/strong><\/a><\/span>[\/vc_column_text][\/vc_column][\/vc_row][\/vc_section][vc_section el_id=\u00a0\u00bbcollectivite-espaces-section\u00a0\u00bb css=\u00a0\u00bb.vc_custom_1580376957876{margin-bottom: 40px !important;}\u00a0\u00bb][vc_row][vc_column width=\u00a0\u00bb1\/2&Prime;][vc_column_text css=\u00a0\u00bb.vc_custom_1583848161230{margin-bottom: 30px !important;}\u00a0\u00bb]<\/p>\n<h2><a href=\"https:\/\/www.pompes-funebres-santilly.com\/fr\/marbrerie\/motif-gravure\/\">Motif &#8211; Gravure<\/a><\/h2>\n<p>[\/vc_column_text][vc_column_text]Les marbriers des Etablissements Santilly peuvent r\u00e9aliser toutes sortes de motifs et de gravures pour\u00a0personnaliser la tombe du d\u00e9funt. Quelle que soit votre demande, nous ferons tout pour r\u00e9pondre \u00e0 votre souhait.[\/vc_column_text][vc_column_text el_class=\u00a0\u00bbmore-link fhl\u00a0\u00bb css=\u00a0\u00bb.vc_custom_1708951623452{margin-top: 30px !important;}\u00a0\u00bb]<span style=\"color: #a9a699;\"><a style=\"color: #a9a699;\" href=\"https:\/\/www.pompes-funebres-santilly.com\/fr\/marbrerie\/motif-gravure\/\"><strong>En savoir plus<\/strong><\/a><\/span>[\/vc_column_text][\/vc_column][vc_column width=\u00a0\u00bb1\/2&Prime;][vc_single_image image=\u00a0\u00bb18520&Prime; img_size=\u00a0\u00bbfull\u00a0\u00bb alignment=\u00a0\u00bbright\u00a0\u00bb][\/vc_column][\/vc_row][\/vc_section][vc_section css=\u00a0\u00bb.vc_custom_1580376957876{margin-bottom: 40px !important;}\u00a0\u00bb][vc_row full_width=\u00a0\u00bbstretch_row\u00a0\u00bb content_placement=\u00a0\u00bbmiddle\u00a0\u00bb css=\u00a0\u00bb.vc_custom_1708951579434{background-color: #f6f4f2 !important;}\u00a0\u00bb el_class=\u00a0\u00bblarge-color\u00a0\u00bb][vc_column width=\u00a0\u00bb1\/2&Prime;][vc_single_image image=\u00a0\u00bb18517&Prime; img_size=\u00a0\u00bbfull\u00a0\u00bb][\/vc_column][vc_column width=\u00a0\u00bb1\/2&Prime;][vc_column_text css=\u00a0\u00bb.vc_custom_1583848177124{margin-bottom: 30px !important;}\u00a0\u00bb]<\/p>\n<h2><a href=\"https:\/\/www.pompes-funebres-santilly.com\/fr\/marbrerie\/travaux-de-cimetiere\/\">Travaux de cimeti\u00e8re<\/a><\/h2>\n<p>[\/vc_column_text][vc_column_text]Un mo\u00adnu\u00adment n\u00e9\u00adces\u00adsite un en\u00adtre\u00adtien r\u00e9\u00adgu\u00adlier ou des ac\u00adces\u00adsoi\u00adri\u00adsa\u00adtions.<\/p>\n<p><span style=\"font-weight: 400;\">Quel que soient vos choix<\/span>, notre m\u00e9\u00adtier consiste aussi \u00e0 vous aider \u00e0 gar\u00adder in\u00adtact l\u2019em\u00adpla\u00adce\u00adment d\u00e9di\u00e9 \u00e0 vos d\u00e9\u00adfunts.[\/vc_column_text][vc_column_text el_class=\u00a0\u00bbmore-link fhl\u00a0\u00bb css=\u00a0\u00bb.vc_custom_1708951635012{margin-top: 30px !important;}\u00a0\u00bb]<span style=\"color: #a9a699;\"><a style=\"color: #a9a699;\" href=\"https:\/\/www.pompes-funebres-santilly.com\/fr\/marbrerie\/travaux-de-cimetiere\/\"><strong>En savoir plus<\/strong><\/a><\/span>[\/vc_column_text][\/vc_column][\/vc_row][\/vc_section][vc_section el_id=\u00a0\u00bbcollectivite-reprise-section\u00a0\u00bb css=\u00a0\u00bb.vc_custom_1580376950216{margin-bottom: 40px !important;}\u00a0\u00bb][vc_row][vc_column width=\u00a0\u00bb1\/2&Prime;][vc_column_text css=\u00a0\u00bb.vc_custom_1583848143098{margin-bottom: 30px !important;}\u00a0\u00bb]<\/p>\n<h2><a href=\"https:\/\/www.pompes-funebres-santilly.com\/fr\/marbrerie\/le-monument-funeraire\/\">Le Monument fun\u00e9raire<\/a><\/h2>\n<p>[\/vc_column_text][vc_column_text]Le choix du <strong>monument<\/strong> fun\u00e9raire est un \u00e9l\u00e9ment important lors de l\u2019organisation des obs\u00e8ques. Appel\u00e9 aussi tombe ou pierre tombale, il s\u2019agit d\u2019une construction en pierre ou en granit qui recouvre la s\u00e9pulture.[\/vc_column_text][vc_column_text el_class=\u00a0\u00bbmore-link fhl\u00a0\u00bb css=\u00a0\u00bb.vc_custom_1708951611257{margin-top: 30px !important;}\u00a0\u00bb]<span style=\"color: #a9a699;\"><a style=\"color: #a9a699;\" href=\"https:\/\/www.pompes-funebres-santilly.com\/fr\/marbrerie\/le-monument-funeraire\/\"><strong>En savoir plus<\/strong><\/a><\/span>[\/vc_column_text][\/vc_column][vc_column width=\u00a0\u00bb1\/2&Prime;][vc_single_image image=\u00a0\u00bb18523&Prime; img_size=\u00a0\u00bbfull\u00a0\u00bb][\/vc_column][\/vc_row][\/vc_section][vc_section s7upf_x_large_css=\u00a0\u00bb.vc_custom_1582187141420{background-color: #f2f5f5 !important;}\u00a0\u00bb el_class=\u00a0\u00bbno-color\u00a0\u00bb css=\u00a0\u00bb.vc_custom_1582187141418{margin-bottom: 60px !important;}\u00a0\u00bb][vc_row full_width=\u00a0\u00bbstretch_row\u00a0\u00bb equal_height=\u00a0\u00bbyes\u00a0\u00bb css=\u00a0\u00bb.vc_custom_1708951593710{padding-top: 50px !important;padding-bottom: 50px !important;background-color: #f6f4f2 !important;background-position: center !important;background-repeat: no-repeat !important;background-size: contain !important;}\u00a0\u00bb el_class=\u00a0\u00bbhome-shop-wrapper\u00a0\u00bb][vc_column][vc_column_text css=\u00a0\u00bb.vc_custom_1581006485131{margin-bottom: 30px !important;}\u00a0\u00bb]<\/p>\n<h2 style=\"text-align: center;\">Demander un Devis<\/h2>\n<p>[\/vc_column_text][vc_column_text]<\/p>\n<p style=\"text-align: center;\">Obtenez gratuitement un devis pour un d\u00e9c\u00e8s, une personne en fin de vie ou \u00e0 titre d&rsquo;information.<\/p>\n<p>[\/vc_column_text][vc_btn title=\u00a0\u00bbDemander un devis\u00a0\u00bb style=\u00a0\u00bbflat\u00a0\u00bb color=\u00a0\u00bbsuccess\u00a0\u00bb align=\u00a0\u00bbcenter\u00a0\u00bb el_class=\u00a0\u00bbpfs-cta-a small\u00a0\u00bb link=\u00a0\u00bburl:http%3A%2F%2Fwww.pompes-funebres-santilly.com%2Ffr%2Fdevis%2F|title:Collectivit%C3%A9s||\u00a0\u00bb][\/vc_column][vc_column el_class=\u00a0\u00bbhome-shop-visual\u00a0\u00bb][vc_single_image image=\u00a0\u00bb32763&Prime; img_size=\u00a0\u00bbfull\u00a0\u00bb alignment=\u00a0\u00bbright\u00a0\u00bb][\/vc_column][\/vc_row][\/vc_section][vc_section full_width=\u00a0\u00bbstretch_row\u00a0\u00bb el_id=\u00a0\u00bbfaq_embed\u00a0\u00bb css=\u00a0\u00bb.vc_custom_1603873117054{margin-top: 30px !important;background-color: #e1eced !important;}\u00a0\u00bb][vc_row][vc_column][vc_column_text]<\/p>\n<h2 style=\"text-align: center;\">Questions Fr\u00e9quentes<\/h2>\n<p>[\/vc_column_text][\/vc_column][\/vc_row][vc_row][vc_column][vc_column_text]\r\n    <div class=\"container-fluid to_moove\">\r\n\r\n        <div class=\"row\">\r\n    \r\n            <div class=\"col-md\">\r\n    \r\n            \r\n\r\n                <div class=\"card question\" data-cat=\"Ce qu'il faut savoir sur les monuments fun\u00e9raires\">\r\n\r\n                <div class=\"container\">\r\n                    <div class=\"card-header spacer-card-faq arrow question_trigger\" data-toggle=\"collapse\" data-target=\"#collapse_0\" aria-expanded=\"false\" aria-controls=\"collapseExample\">\r\n                        <h3 class=\"card-title\">\r\n                            Combien co\u00fbte une pierre tombale ?                        <\/h3>\r\n                        <img decoding=\"async\" class=\"arrow-icon\" src=\"https:\/\/www.pompes-funebres-santilly.com\/wp-content\/themes\/geschaft-child\/images\/Arrow.png\" width=\"30\" height=\"30\" alt=\"arrow bottom\" \/>\r\n\r\n\r\n                    <\/div>\r\n    \r\n                    <div class=\"content collapse card-body\" id=\"collapse_0\">\r\n                        <p><span style=\"font-weight: 400;\">Les \u00c9tablissements Santilly proposent des pierres tombales ou monuments fun\u00e9raires adapt\u00e9s \u00e0 tous les budgets. Le prix, g\u00e9n\u00e9ralement compris entre 2000 et 6000 \u20ac, d\u00e9pend :\u00a0<\/span><\/p>\n<ul>\n<li style=\"font-weight: 400;\" aria-level=\"1\"><span style=\"font-weight: 400;\">du format ;<\/span><\/li>\n<li style=\"font-weight: 400;\" aria-level=\"1\"><span style=\"font-weight: 400;\">du type de granit choisi ;<\/span><\/li>\n<li style=\"font-weight: 400;\" aria-level=\"1\"><span style=\"font-weight: 400;\">de la gravure ;<\/span><\/li>\n<li style=\"font-weight: 400;\" aria-level=\"1\"><span style=\"font-weight: 400;\">des travaux n\u00e9cessaires \u00e0 son installation.\u00a0<\/span><\/li>\n<\/ul>\n<p><span style=\"font-weight: 400;\">Sachez qu\u2019\u00e0 long terme, l\u2019investissement dans un caveau familial se r\u00e9v\u00e8le plus \u00e9conomique qu\u2019une inhumation en pleine terre. Vous pouvez trouver une s\u00e9lection de monuments fun\u00e9raires, cin\u00e9raires et mixtes <\/span><a href=\"https:\/\/www.pompes-funebres-santilly.com\/fr\/marbrerie\/catalogue-de-monuments\/\"><span style=\"font-weight: 400;\">en cliquant ici.<\/span><\/a><\/p>\n                    <\/div>\r\n                <\/div>\r\n\r\n                <\/div>\r\n\r\n\r\n\r\n    \r\n            \r\n\r\n                <div class=\"card question\" data-cat=\"Ce qu'il faut savoir sur les monuments fun\u00e9raires\">\r\n\r\n                <div class=\"container\">\r\n                    <div class=\"card-header spacer-card-faq arrow question_trigger\" data-toggle=\"collapse\" data-target=\"#collapse_1\" aria-expanded=\"false\" aria-controls=\"collapseExample\">\r\n                        <h3 class=\"card-title\">\r\n                            Quels sont les d\u00e9lais \u00e0 respecter apr\u00e8s les obs\u00e8ques avant de faire poser un monument ?                        <\/h3>\r\n                        <img decoding=\"async\" class=\"arrow-icon\" src=\"https:\/\/www.pompes-funebres-santilly.com\/wp-content\/themes\/geschaft-child\/images\/Arrow.png\" width=\"30\" height=\"30\" alt=\"arrow bottom\" \/>\r\n\r\n\r\n                    <\/div>\r\n    \r\n                    <div class=\"content collapse card-body\" id=\"collapse_1\">\r\n                        <p><span style=\"font-weight: 400;\">S\u2019il s\u2019agit d\u2019une inhumation en pleine terre, le d\u00e9lai est g\u00e9n\u00e9ralement de 3 \u00e0 6 mois, le temps de laisser le terrain se stabiliser. Ce d\u00e9lai peut \u00eatre un peu raccourci s\u2019il est pr\u00e9vu de poser une fondation en ciment. S\u2019il s\u2019agit d\u2019une inhumation en caveau, il est possible de poser un monument d\u00e8s la construction du caveau termin\u00e9e, sans d\u00e9lai impos\u00e9.<\/span><\/p>\n                    <\/div>\r\n                <\/div>\r\n\r\n                <\/div>\r\n\r\n\r\n\r\n    \r\n            \r\n\r\n                <div class=\"card question\" data-cat=\"Ce qu'il faut savoir sur les monuments fun\u00e9raires\">\r\n\r\n                <div class=\"container\">\r\n                    <div class=\"card-header spacer-card-faq arrow question_trigger\" data-toggle=\"collapse\" data-target=\"#collapse_2\" aria-expanded=\"false\" aria-controls=\"collapseExample\">\r\n                        <h3 class=\"card-title\">\r\n                            Quels sont les d\u00e9lais \u00e0 respecter apr\u00e8s les obs\u00e8ques avant de faire poser un monument ?                        <\/h3>\r\n                        <img decoding=\"async\" class=\"arrow-icon\" src=\"https:\/\/www.pompes-funebres-santilly.com\/wp-content\/themes\/geschaft-child\/images\/Arrow.png\" width=\"30\" height=\"30\" alt=\"arrow bottom\" \/>\r\n\r\n\r\n                    <\/div>\r\n    \r\n                    <div class=\"content collapse card-body\" id=\"collapse_2\">\r\n                        <p><span style=\"font-weight: 400;\">S\u2019il s\u2019agit d\u2019une inhumation en pleine terre, le d\u00e9lai est g\u00e9n\u00e9ralement compris entre 3 et 6 mois, le temps de laisser le terrain se stabiliser. Ce d\u00e9lai peut \u00eatre un peu raccourci s\u2019il est pr\u00e9vu de poser une fondation en ciment. S\u2019il s\u2019agit d\u2019une inhumation en caveau, il est possible de poser un monument d\u00e8s la construction du caveau termin\u00e9e, sans d\u00e9lai impos\u00e9.<\/span><\/p>\n                    <\/div>\r\n                <\/div>\r\n\r\n                <\/div>\r\n\r\n\r\n\r\n                <div class=\"faq_navigation\">\r\n            <div class=\"next_posts\">\r\n                            <\/div>\r\n            <div class=\"prev_posts\">\r\n                 \r\n            <\/div>\r\n                    <\/div>\r\n        <\/div>\r\n    <\/div>\r\n[\/vc_column_text][vc_btn title=\u00a0\u00bbVOIR TOUT\u00a0\u00bb align=\u00a0\u00bbright\u00a0\u00bb el_id=\u00a0\u00bbfaq_btn\u00a0\u00bb link=\u00a0\u00bburl:https%3A%2F%2Fwww.pompes-funebres-santilly.com%2Ffr%2Fquestions-frequentes%2F|||\u00a0\u00bb][\/vc_column][\/vc_row][\/vc_section]<\/p>\n","protected":false},"excerpt":{"rendered":"<p>[vc_row][vc_column][vc_column_text] Marbrerie en r\u00e9gion parisienne [\/vc_column_text][vc_column_text css=\u00a0\u00bb.vc_custom_1614592729411{margin-bottom: 40px !important;}\u00a0\u00bb]La r\u00e9alisation d\u2019un monument fun\u00e9raire demande du temps et de la pr\u00e9cision. D\u00e9couvrez les r\u00e9alisations des marbriers des \u00c9tablissements Santilly.[\/vc_column_text][vc_btn title=\u00a0\u00bbDemander un devis\u00a0\u00bb style=\u00a0\u00bbflat\u00a0\u00bb color=\u00a0\u00bbsuccess\u00a0\u00bb align=\u00a0\u00bbcenter\u00a0\u00bb button_block=\u00a0\u00bbtrue\u00a0\u00bb el_class=\u00a0\u00bbpfs-cta-a small\u00a0\u00bb link=\u00a0\u00bburl:https%3A%2F%2Fwww.pompes-funebres-santilly.com%2Ffr%2Fdevis%2F|title:Demander%20un%20devis||\u00a0\u00bb][vc_empty_space][\/vc_column][\/vc_row][vc_section css=\u00a0\u00bb.vc_custom_1580376950216{margin-bottom: 40px !important;}\u00a0\u00bb][vc_row full_width=\u00a0\u00bbstretch_row\u00a0\u00bb content_placement=\u00a0\u00bbmiddle\u00a0\u00bb css=\u00a0\u00bb.vc_custom_1708951566825{background-color: #f6f4f2 !important;}\u00a0\u00bb el_class=\u00a0\u00bblarge-color\u00a0\u00bb][vc_column width=\u00a0\u00bb1\/2&Prime;][vc_single_image image=\u00a0\u00bb33899&Prime; img_size=\u00a0\u00bb600&#215;400&Prime; alignment=\u00a0\u00bbcenter\u00a0\u00bb bb_tab_container=\u00a0\u00bb\u00a0\u00bb][\/vc_column][vc_column width=\u00a0\u00bb1\/2&Prime;][vc_column_text css=\u00a0\u00bb.vc_custom_1596122258915{margin-bottom: 30px [&hellip;]<\/p>\n","protected":false},"author":1,"featured_media":0,"parent":0,"menu_order":0,"comment_status":"closed","ping_status":"closed","template":"","meta":{"_acf_changed":false,"footnotes":""},"class_list":["post-952","page","type-page","status-publish","hentry"],"acf":false,"yoast_head":"<!-- This site is optimized with the Yoast SEO plugin v26.5 - https:\/\/yoast.com\/wordpress\/plugins\/seo\/ -->\n<title>Marbrerie Val d&#039;Oise - Seine-Saint-Denis - Hauts-de-Seine - Pompes Fun\u00e8bres Santilly<\/title>\n<meta name=\"description\" content=\"Les monuments fun\u00e9raires sont r\u00e9alis\u00e9s par des marbriers exp\u00e9riment\u00e9s. D\u00e9couvrez nos r\u00e9alisations. D\u00e9couvrez l&#039;offre des \u00e9tablissements Santilly.\" \/>\n<meta name=\"robots\" content=\"index, follow, max-snippet:-1, max-image-preview:large, max-video-preview:-1\" \/>\n<link rel=\"canonical\" href=\"https:\/\/www.pompes-funebres-santilly.com\/fr\/marbrerie\/\" \/>\n<meta property=\"og:locale\" content=\"fr_FR\" \/>\n<meta property=\"og:type\" content=\"article\" \/>\n<meta property=\"og:title\" content=\"Marbrerie Val d&#039;Oise - Seine-Saint-Denis - Hauts-de-Seine - Pompes Fun\u00e8bres Santilly\" \/>\n<meta property=\"og:description\" content=\"Les monuments fun\u00e9raires sont r\u00e9alis\u00e9s par des marbriers exp\u00e9riment\u00e9s. D\u00e9couvrez nos r\u00e9alisations. D\u00e9couvrez l&#039;offre des \u00e9tablissements Santilly.\" \/>\n<meta property=\"og:url\" content=\"https:\/\/www.pompes-funebres-santilly.com\/fr\/marbrerie\/\" \/>\n<meta property=\"og:site_name\" content=\"Pompes Fun\u00e8bres Santilly\" \/>\n<meta property=\"article:modified_time\" content=\"2024-09-05T11:49:58+00:00\" \/>\n<meta name=\"twitter:card\" content=\"summary_large_image\" \/>\n<meta name=\"twitter:label1\" content=\"Dur\u00e9e de lecture est.\" \/>\n\t<meta name=\"twitter:data1\" content=\"4 minutes\" \/>\n<script type=\"application\/ld+json\" class=\"yoast-schema-graph\">{\"@context\":\"https:\/\/schema.org\",\"@graph\":[{\"@type\":\"WebPage\",\"@id\":\"https:\/\/www.pompes-funebres-santilly.com\/fr\/marbrerie\/\",\"url\":\"https:\/\/www.pompes-funebres-santilly.com\/fr\/marbrerie\/\",\"name\":\"Marbrerie Val d'Oise - Seine-Saint-Denis - Hauts-de-Seine - Pompes Fun\u00e8bres Santilly\",\"isPartOf\":{\"@id\":\"https:\/\/www.pompes-funebres-santilly.com\/fr\/#website\"},\"datePublished\":\"2019-12-12T10:39:54+00:00\",\"dateModified\":\"2024-09-05T11:49:58+00:00\",\"description\":\"Les monuments fun\u00e9raires sont r\u00e9alis\u00e9s par des marbriers exp\u00e9riment\u00e9s. D\u00e9couvrez nos r\u00e9alisations. D\u00e9couvrez l'offre des \u00e9tablissements Santilly.\",\"breadcrumb\":{\"@id\":\"https:\/\/www.pompes-funebres-santilly.com\/fr\/marbrerie\/#breadcrumb\"},\"inLanguage\":\"fr-FR\",\"potentialAction\":[{\"@type\":\"ReadAction\",\"target\":[\"https:\/\/www.pompes-funebres-santilly.com\/fr\/marbrerie\/\"]}]},{\"@type\":\"BreadcrumbList\",\"@id\":\"https:\/\/www.pompes-funebres-santilly.com\/fr\/marbrerie\/#breadcrumb\",\"itemListElement\":[{\"@type\":\"ListItem\",\"position\":1,\"name\":\"Accueil\",\"item\":\"https:\/\/www.pompes-funebres-santilly.com\/fr\/\"},{\"@type\":\"ListItem\",\"position\":2,\"name\":\"Marbrerie\"}]},{\"@type\":\"WebSite\",\"@id\":\"https:\/\/www.pompes-funebres-santilly.com\/fr\/#website\",\"url\":\"https:\/\/www.pompes-funebres-santilly.com\/fr\/\",\"name\":\"Pompes Fun\u00e8bres Santilly\",\"description\":\"\",\"publisher\":{\"@id\":\"https:\/\/www.pompes-funebres-santilly.com\/fr\/#organization\"},\"potentialAction\":[{\"@type\":\"SearchAction\",\"target\":{\"@type\":\"EntryPoint\",\"urlTemplate\":\"https:\/\/www.pompes-funebres-santilly.com\/fr\/?s={search_term_string}\"},\"query-input\":{\"@type\":\"PropertyValueSpecification\",\"valueRequired\":true,\"valueName\":\"search_term_string\"}}],\"inLanguage\":\"fr-FR\"},{\"@type\":\"Organization\",\"@id\":\"https:\/\/www.pompes-funebres-santilly.com\/fr\/#organization\",\"name\":\"LCF Santilly\",\"url\":\"https:\/\/www.pompes-funebres-santilly.com\/fr\/\",\"logo\":{\"@type\":\"ImageObject\",\"inLanguage\":\"fr-FR\",\"@id\":\"https:\/\/www.pompes-funebres-santilly.com\/fr\/#\/schema\/logo\/image\/\",\"url\":\"https:\/\/www.pompes-funebres-santilly.com\/wp-content\/uploads\/2019\/12\/logo-1.png\",\"contentUrl\":\"https:\/\/www.pompes-funebres-santilly.com\/wp-content\/uploads\/2019\/12\/logo-1.png\",\"width\":433,\"height\":115,\"caption\":\"LCF Santilly\"},\"image\":{\"@id\":\"https:\/\/www.pompes-funebres-santilly.com\/fr\/#\/schema\/logo\/image\/\"}}]}<\/script>\n<!-- \/ Yoast SEO plugin. -->","yoast_head_json":{"title":"Marbrerie Val d'Oise - Seine-Saint-Denis - Hauts-de-Seine - Pompes Fun\u00e8bres Santilly","description":"Les monuments fun\u00e9raires sont r\u00e9alis\u00e9s par des marbriers exp\u00e9riment\u00e9s. D\u00e9couvrez nos r\u00e9alisations. D\u00e9couvrez l'offre des \u00e9tablissements Santilly.","robots":{"index":"index","follow":"follow","max-snippet":"max-snippet:-1","max-image-preview":"max-image-preview:large","max-video-preview":"max-video-preview:-1"},"canonical":"https:\/\/www.pompes-funebres-santilly.com\/fr\/marbrerie\/","og_locale":"fr_FR","og_type":"article","og_title":"Marbrerie Val d'Oise - Seine-Saint-Denis - Hauts-de-Seine - Pompes Fun\u00e8bres Santilly","og_description":"Les monuments fun\u00e9raires sont r\u00e9alis\u00e9s par des marbriers exp\u00e9riment\u00e9s. D\u00e9couvrez nos r\u00e9alisations. D\u00e9couvrez l'offre des \u00e9tablissements Santilly.","og_url":"https:\/\/www.pompes-funebres-santilly.com\/fr\/marbrerie\/","og_site_name":"Pompes Fun\u00e8bres Santilly","article_modified_time":"2024-09-05T11:49:58+00:00","twitter_card":"summary_large_image","twitter_misc":{"Dur\u00e9e de lecture est.":"4 minutes"},"schema":{"@context":"https:\/\/schema.org","@graph":[{"@type":"WebPage","@id":"https:\/\/www.pompes-funebres-santilly.com\/fr\/marbrerie\/","url":"https:\/\/www.pompes-funebres-santilly.com\/fr\/marbrerie\/","name":"Marbrerie Val d'Oise - Seine-Saint-Denis - Hauts-de-Seine - Pompes Fun\u00e8bres Santilly","isPartOf":{"@id":"https:\/\/www.pompes-funebres-santilly.com\/fr\/#website"},"datePublished":"2019-12-12T10:39:54+00:00","dateModified":"2024-09-05T11:49:58+00:00","description":"Les monuments fun\u00e9raires sont r\u00e9alis\u00e9s par des marbriers exp\u00e9riment\u00e9s. D\u00e9couvrez nos r\u00e9alisations. D\u00e9couvrez l'offre des \u00e9tablissements Santilly.","breadcrumb":{"@id":"https:\/\/www.pompes-funebres-santilly.com\/fr\/marbrerie\/#breadcrumb"},"inLanguage":"fr-FR","potentialAction":[{"@type":"ReadAction","target":["https:\/\/www.pompes-funebres-santilly.com\/fr\/marbrerie\/"]}]},{"@type":"BreadcrumbList","@id":"https:\/\/www.pompes-funebres-santilly.com\/fr\/marbrerie\/#breadcrumb","itemListElement":[{"@type":"ListItem","position":1,"name":"Accueil","item":"https:\/\/www.pompes-funebres-santilly.com\/fr\/"},{"@type":"ListItem","position":2,"name":"Marbrerie"}]},{"@type":"WebSite","@id":"https:\/\/www.pompes-funebres-santilly.com\/fr\/#website","url":"https:\/\/www.pompes-funebres-santilly.com\/fr\/","name":"Pompes Fun\u00e8bres Santilly","description":"","publisher":{"@id":"https:\/\/www.pompes-funebres-santilly.com\/fr\/#organization"},"potentialAction":[{"@type":"SearchAction","target":{"@type":"EntryPoint","urlTemplate":"https:\/\/www.pompes-funebres-santilly.com\/fr\/?s={search_term_string}"},"query-input":{"@type":"PropertyValueSpecification","valueRequired":true,"valueName":"search_term_string"}}],"inLanguage":"fr-FR"},{"@type":"Organization","@id":"https:\/\/www.pompes-funebres-santilly.com\/fr\/#organization","name":"LCF Santilly","url":"https:\/\/www.pompes-funebres-santilly.com\/fr\/","logo":{"@type":"ImageObject","inLanguage":"fr-FR","@id":"https:\/\/www.pompes-funebres-santilly.com\/fr\/#\/schema\/logo\/image\/","url":"https:\/\/www.pompes-funebres-santilly.com\/wp-content\/uploads\/2019\/12\/logo-1.png","contentUrl":"https:\/\/www.pompes-funebres-santilly.com\/wp-content\/uploads\/2019\/12\/logo-1.png","width":433,"height":115,"caption":"LCF Santilly"},"image":{"@id":"https:\/\/www.pompes-funebres-santilly.com\/fr\/#\/schema\/logo\/image\/"}}]}},"_links":{"self":[{"href":"https:\/\/www.pompes-funebres-santilly.com\/fr\/wp-json\/wp\/v2\/pages\/952","targetHints":{"allow":["GET"]}}],"collection":[{"href":"https:\/\/www.pompes-funebres-santilly.com\/fr\/wp-json\/wp\/v2\/pages"}],"about":[{"href":"https:\/\/www.pompes-funebres-santilly.com\/fr\/wp-json\/wp\/v2\/types\/page"}],"author":[{"embeddable":true,"href":"https:\/\/www.pompes-funebres-santilly.com\/fr\/wp-json\/wp\/v2\/users\/1"}],"replies":[{"embeddable":true,"href":"https:\/\/www.pompes-funebres-santilly.com\/fr\/wp-json\/wp\/v2\/comments?post=952"}],"version-history":[{"count":44,"href":"https:\/\/www.pompes-funebres-santilly.com\/fr\/wp-json\/wp\/v2\/pages\/952\/revisions"}],"predecessor-version":[{"id":33903,"href":"https:\/\/www.pompes-funebres-santilly.com\/fr\/wp-json\/wp\/v2\/pages\/952\/revisions\/33903"}],"wp:attachment":[{"href":"https:\/\/www.pompes-funebres-santilly.com\/fr\/wp-json\/wp\/v2\/media?parent=952"}],"curies":[{"name":"wp","href":"https:\/\/api.w.org\/{rel}","templated":true}]}}