{"id":7460,"date":"2020-02-06T17:33:37","date_gmt":"2020-02-06T16:33:37","guid":{"rendered":"http:\/\/www.pompes-funebres-santilly.com\/fr\/?page_id=7460"},"modified":"2024-02-26T14:33:46","modified_gmt":"2024-02-26T13:33:46","slug":"gamme-de-cercueils","status":"publish","type":"page","link":"https:\/\/www.pompes-funebres-santilly.com\/fr\/obseques\/gamme-de-cercueils\/","title":{"rendered":"Gamme de Cercueils"},"content":{"rendered":"<p>[vc_section el_id=\u00a0\u00bbcollectivite-service-section\u00a0\u00bb css=\u00a0\u00bb.vc_custom_1580376943631{margin-bottom: 40px !important;}\u00a0\u00bb][vc_row][vc_column][vc_column_text]<\/p>\n<h1>Notre gamme de cercueils<\/h1>\n<p>[\/vc_column_text][vc_column_text css=\u00a0\u00bb.vc_custom_1596109573871{margin-bottom: 40px !important;}\u00a0\u00bb]<\/p>\n<p class=\"p1\"><span class=\"s1\">Le cercueil est un symbole fort et marquant pour l\u2019entourage : l<\/span>es \u00e9tablissements Santilly vous proposent une gamme de cercueils compl\u00e8te. Des cercueils d\u2019inhumation aux cercueils de cr\u00e9mation, en passant par les ornements, les pompes fun\u00e8bres Santilly disposent de produits vari\u00e9s :<\/p>\n<p>[\/vc_column_text][vc_btn title=\u00a0\u00bbDemander un devis\u00a0\u00bb style=\u00a0\u00bbflat\u00a0\u00bb color=\u00a0\u00bbsuccess\u00a0\u00bb align=\u00a0\u00bbcenter\u00a0\u00bb button_block=\u00a0\u00bbtrue\u00a0\u00bb el_class=\u00a0\u00bbpfs-cta-a small\u00a0\u00bb link=\u00a0\u00bburl:https%3A%2F%2Fwww.pompes-funebres-santilly.com%2Ffr%2Fdevis%2F|title:Demander%20un%20devis||\u00a0\u00bb][\/vc_column][\/vc_row][\/vc_section][vc_section css=\u00a0\u00bb.vc_custom_1592572598155{margin-top: 30px !important;margin-bottom: 30px !important;}\u00a0\u00bb][vc_row full_width=\u00a0\u00bbstretch_row\u00a0\u00bb equal_height=\u00a0\u00bbyes\u00a0\u00bb content_placement=\u00a0\u00bbmiddle\u00a0\u00bb css=\u00a0\u00bb.vc_custom_1708954361459{margin-bottom: 20px !important;padding-top: 20px !important;background-color: #f6f4f2 !important;}\u00a0\u00bb bb_tab_container=\u00a0\u00bb\u00a0\u00bb][vc_column width=\u00a0\u00bb1\/2&Prime;][vc_column_text]<\/p>\n<h2>Cercueils Inhumation<\/h2>\n<p>D\u00e9couvrez en images toute notre gamme de cercueils d\u2019inhumation.[\/vc_column_text][\/vc_column][vc_column width=\u00a0\u00bb1\/2&Prime;][vc_images_carousel images=\u00a0\u00bb23268,23271,23274,23277,23280,23283,23286,23289,23295&Prime; img_size=\u00a0\u00bbfull\u00a0\u00bb wrap=\u00a0\u00bbyes\u00a0\u00bb el_class=\u00a0\u00bbslider-no-ctrl\u00a0\u00bb][\/vc_column][\/vc_row][\/vc_section][vc_section css=\u00a0\u00bb.vc_custom_1592569094092{margin-top: 30px !important;margin-bottom: 30px !important;}\u00a0\u00bb][vc_row full_width=\u00a0\u00bbstretch_row\u00a0\u00bb equal_height=\u00a0\u00bbyes\u00a0\u00bb content_placement=\u00a0\u00bbmiddle\u00a0\u00bb css=\u00a0\u00bb.vc_custom_1592572257431{margin-bottom: 20px !important;padding-top: 20px !important;}\u00a0\u00bb][vc_column width=\u00a0\u00bb1\/2&Prime;][vc_images_carousel images=\u00a0\u00bb23312,23315,23318&Prime; img_size=\u00a0\u00bbfull\u00a0\u00bb el_class=\u00a0\u00bbslider-no-ctrl\u00a0\u00bb][\/vc_column][vc_column width=\u00a0\u00bb1\/2&Prime;][vc_column_text]<\/p>\n<h2>Cercueils cr\u00e9mation<\/h2>\n<p>D\u00e9couvrez en images toute notre gamme de cercueils de cr\u00e9mation.[\/vc_column_text][\/vc_column][\/vc_row][\/vc_section][vc_section css=\u00a0\u00bb.vc_custom_1592569094092{margin-top: 30px !important;margin-bottom: 30px !important;}\u00a0\u00bb][vc_row full_width=\u00a0\u00bbstretch_row\u00a0\u00bb equal_height=\u00a0\u00bbyes\u00a0\u00bb content_placement=\u00a0\u00bbmiddle\u00a0\u00bb css=\u00a0\u00bb.vc_custom_1708954372244{margin-bottom: 20px !important;padding-top: 20px !important;background-color: #f6f4f2 !important;}\u00a0\u00bb bb_tab_container=\u00a0\u00bb\u00a0\u00bb][vc_column width=\u00a0\u00bb1\/2&Prime;][vc_column_text]<\/p>\n<h2>Capitons<\/h2>\n<p>D\u00e9couvrez en images tout notre gamme de capitons.<\/p>\n<p>Les \u00e9tablissements Santilly vous proposent \u00e9galement un large choix d&#8217;embl\u00e8mes civils ou religieux.[\/vc_column_text][\/vc_column][vc_column width=\u00a0\u00bb1\/2&Prime;][vc_images_carousel images=\u00a0\u00bb24027,24032,23353,23350,23331,23361,23389,23392,23421,23395,23398,23401,23404,23418,23424,23427,23430&Prime; img_size=\u00a0\u00bbfull\u00a0\u00bb el_class=\u00a0\u00bbslider-no-ctrl\u00a0\u00bb][\/vc_column][\/vc_row][\/vc_section][vc_section el_id=\u00a0\u00bbcollectivite-seo-section\u00a0\u00bb][vc_row][vc_column][vc_column_text css=\u00a0\u00bb.vc_custom_1580994812024{margin-bottom: 30px !important;}\u00a0\u00bb]<\/p>\n<h2>Les valeurs des Pompes Fun\u00e8bres Santilly<\/h2>\n<p>[\/vc_column_text][vc_video link=\u00a0\u00bbhttps:\/\/youtu.be\/lU0-UajivMQ\u00a0\u00bb el_width=\u00a0\u00bb70&Prime; align=\u00a0\u00bbcenter\u00a0\u00bb css=\u00a0\u00bb.vc_custom_1580994870322{margin-bottom: 30px !important;}\u00a0\u00bb][\/vc_column][\/vc_row][\/vc_section][vc_section s7upf_x_large_css=\u00a0\u00bb.vc_custom_1582187141420{background-color: #f2f5f5 !important;}\u00a0\u00bb el_class=\u00a0\u00bbno-color\u00a0\u00bb css=\u00a0\u00bb.vc_custom_1582187141418{margin-bottom: 60px !important;}\u00a0\u00bb][vc_row full_width=\u00a0\u00bbstretch_row\u00a0\u00bb equal_height=\u00a0\u00bbyes\u00a0\u00bb css=\u00a0\u00bb.vc_custom_1708954384491{padding-top: 50px !important;padding-bottom: 50px !important;background-color: #f6f4f2 !important;background-position: center !important;background-repeat: no-repeat !important;background-size: contain !important;}\u00a0\u00bb el_class=\u00a0\u00bbhome-shop-wrapper\u00a0\u00bb bb_tab_container=\u00a0\u00bb\u00a0\u00bb][vc_column][vc_column_text css=\u00a0\u00bb.vc_custom_1581006485131{margin-bottom: 30px !important;}\u00a0\u00bb]<\/p>\n<h2 style=\"text-align: center;\">Demander un Devis<\/h2>\n<p>[\/vc_column_text][vc_column_text]<\/p>\n<p style=\"text-align: center;\">Lorem ipsum dolor sit amet, consectetur adipiscing elit. Sed et volutpat leo, ut accumsan lorem. Sed consectetur velit et justo varius sodales. Integer erat diam, blandit vitae velit nec, maximus pellentesque ante.<\/p>\n<p>[\/vc_column_text][vc_btn title=\u00a0\u00bbDemander un devis\u00a0\u00bb style=\u00a0\u00bbflat\u00a0\u00bb color=\u00a0\u00bbsuccess\u00a0\u00bb align=\u00a0\u00bbcenter\u00a0\u00bb el_class=\u00a0\u00bbpfs-cta-a small\u00a0\u00bb link=\u00a0\u00bburl:http%3A%2F%2Fwww.pompes-funebres-santilly.com%2Ffr%2Fdevis%2F|title:Collectivit%C3%A9s||\u00a0\u00bb][\/vc_column][vc_column bb_tab_container=\u00a0\u00bb\u00a0\u00bb el_class=\u00a0\u00bbhome-shop-visual\u00a0\u00bb][vc_single_image image=\u00a0\u00bb32763&Prime; img_size=\u00a0\u00bbfull\u00a0\u00bb alignment=\u00a0\u00bbright\u00a0\u00bb bb_tab_container=\u00a0\u00bb\u00a0\u00bb][\/vc_column][\/vc_row][\/vc_section][vc_row][vc_column][\/vc_column][\/vc_row][vc_section][vc_row][vc_column][\/vc_column][\/vc_row][\/vc_section]<\/p>\n","protected":false},"excerpt":{"rendered":"<p>[vc_section el_id=\u00a0\u00bbcollectivite-service-section\u00a0\u00bb css=\u00a0\u00bb.vc_custom_1580376943631{margin-bottom: 40px !important;}\u00a0\u00bb][vc_row][vc_column][vc_column_text] Notre gamme de cercueils [\/vc_column_text][vc_column_text css=\u00a0\u00bb.vc_custom_1596109573871{margin-bottom: 40px !important;}\u00a0\u00bb] Le cercueil est un symbole fort et marquant pour l\u2019entourage : les \u00e9tablissements Santilly vous proposent une gamme de cercueils compl\u00e8te. Des cercueils d\u2019inhumation aux cercueils de cr\u00e9mation, en passant par les ornements, les pompes fun\u00e8bres Santilly disposent de produits vari\u00e9s : [&hellip;]<\/p>\n","protected":false},"author":1,"featured_media":0,"parent":996,"menu_order":8,"comment_status":"closed","ping_status":"closed","template":"","meta":{"_acf_changed":false,"footnotes":""},"class_list":["post-7460","page","type-page","status-publish","hentry"],"acf":false,"yoast_head":"<!-- This site is optimized with the Yoast SEO plugin v26.5 - https:\/\/yoast.com\/wordpress\/plugins\/seo\/ -->\n<title>Notre gamme de cercueils | Pompes Fun\u00e8bres Santilly<\/title>\n<meta name=\"description\" content=\"Les \u00e9tablissements Santilly vous proposent une gamme de cercueils compl\u00e8te. Des cercueils d&#039;inhumation aux cercueils de cr\u00e9mation, en passant par les ornements.\" \/>\n<meta name=\"robots\" content=\"index, follow, max-snippet:-1, max-image-preview:large, max-video-preview:-1\" \/>\n<link rel=\"canonical\" href=\"https:\/\/www.pompes-funebres-santilly.com\/fr\/obseques\/gamme-de-cercueils\/\" \/>\n<meta property=\"og:locale\" content=\"fr_FR\" \/>\n<meta property=\"og:type\" content=\"article\" \/>\n<meta property=\"og:title\" content=\"Notre gamme de cercueils | Pompes Fun\u00e8bres Santilly\" \/>\n<meta property=\"og:description\" content=\"Les \u00e9tablissements Santilly vous proposent une gamme de cercueils compl\u00e8te. Des cercueils d&#039;inhumation aux cercueils de cr\u00e9mation, en passant par les ornements.\" \/>\n<meta property=\"og:url\" content=\"https:\/\/www.pompes-funebres-santilly.com\/fr\/obseques\/gamme-de-cercueils\/\" \/>\n<meta property=\"og:site_name\" content=\"Pompes Fun\u00e8bres Santilly\" \/>\n<meta property=\"article:modified_time\" content=\"2024-02-26T13:33:46+00:00\" \/>\n<meta name=\"twitter:card\" content=\"summary_large_image\" \/>\n<meta name=\"twitter:label1\" content=\"Dur\u00e9e de lecture est.\" \/>\n\t<meta name=\"twitter:data1\" content=\"3 minutes\" \/>\n<script type=\"application\/ld+json\" class=\"yoast-schema-graph\">{\"@context\":\"https:\/\/schema.org\",\"@graph\":[{\"@type\":\"WebPage\",\"@id\":\"https:\/\/www.pompes-funebres-santilly.com\/fr\/obseques\/gamme-de-cercueils\/\",\"url\":\"https:\/\/www.pompes-funebres-santilly.com\/fr\/obseques\/gamme-de-cercueils\/\",\"name\":\"Notre gamme de cercueils | Pompes Fun\u00e8bres Santilly\",\"isPartOf\":{\"@id\":\"https:\/\/www.pompes-funebres-santilly.com\/fr\/#website\"},\"datePublished\":\"2020-02-06T16:33:37+00:00\",\"dateModified\":\"2024-02-26T13:33:46+00:00\",\"description\":\"Les \u00e9tablissements Santilly vous proposent une gamme de cercueils compl\u00e8te. Des cercueils d'inhumation aux cercueils de cr\u00e9mation, en passant par les ornements.\",\"breadcrumb\":{\"@id\":\"https:\/\/www.pompes-funebres-santilly.com\/fr\/obseques\/gamme-de-cercueils\/#breadcrumb\"},\"inLanguage\":\"fr-FR\",\"potentialAction\":[{\"@type\":\"ReadAction\",\"target\":[\"https:\/\/www.pompes-funebres-santilly.com\/fr\/obseques\/gamme-de-cercueils\/\"]}]},{\"@type\":\"BreadcrumbList\",\"@id\":\"https:\/\/www.pompes-funebres-santilly.com\/fr\/obseques\/gamme-de-cercueils\/#breadcrumb\",\"itemListElement\":[{\"@type\":\"ListItem\",\"position\":1,\"name\":\"Accueil\",\"item\":\"https:\/\/www.pompes-funebres-santilly.com\/fr\/\"},{\"@type\":\"ListItem\",\"position\":2,\"name\":\"Obs\u00e8ques\",\"item\":\"https:\/\/www.pompes-funebres-santilly.com\/fr\/obseques\/\"},{\"@type\":\"ListItem\",\"position\":3,\"name\":\"Gamme de Cercueils\"}]},{\"@type\":\"WebSite\",\"@id\":\"https:\/\/www.pompes-funebres-santilly.com\/fr\/#website\",\"url\":\"https:\/\/www.pompes-funebres-santilly.com\/fr\/\",\"name\":\"Pompes Fun\u00e8bres Santilly\",\"description\":\"\",\"publisher\":{\"@id\":\"https:\/\/www.pompes-funebres-santilly.com\/fr\/#organization\"},\"potentialAction\":[{\"@type\":\"SearchAction\",\"target\":{\"@type\":\"EntryPoint\",\"urlTemplate\":\"https:\/\/www.pompes-funebres-santilly.com\/fr\/?s={search_term_string}\"},\"query-input\":{\"@type\":\"PropertyValueSpecification\",\"valueRequired\":true,\"valueName\":\"search_term_string\"}}],\"inLanguage\":\"fr-FR\"},{\"@type\":\"Organization\",\"@id\":\"https:\/\/www.pompes-funebres-santilly.com\/fr\/#organization\",\"name\":\"LCF Santilly\",\"url\":\"https:\/\/www.pompes-funebres-santilly.com\/fr\/\",\"logo\":{\"@type\":\"ImageObject\",\"inLanguage\":\"fr-FR\",\"@id\":\"https:\/\/www.pompes-funebres-santilly.com\/fr\/#\/schema\/logo\/image\/\",\"url\":\"https:\/\/www.pompes-funebres-santilly.com\/wp-content\/uploads\/2019\/12\/logo-1.png\",\"contentUrl\":\"https:\/\/www.pompes-funebres-santilly.com\/wp-content\/uploads\/2019\/12\/logo-1.png\",\"width\":433,\"height\":115,\"caption\":\"LCF Santilly\"},\"image\":{\"@id\":\"https:\/\/www.pompes-funebres-santilly.com\/fr\/#\/schema\/logo\/image\/\"}}]}<\/script>\n<!-- \/ Yoast SEO plugin. -->","yoast_head_json":{"title":"Notre gamme de cercueils | Pompes Fun\u00e8bres Santilly","description":"Les \u00e9tablissements Santilly vous proposent une gamme de cercueils compl\u00e8te. Des cercueils d'inhumation aux cercueils de cr\u00e9mation, en passant par les ornements.","robots":{"index":"index","follow":"follow","max-snippet":"max-snippet:-1","max-image-preview":"max-image-preview:large","max-video-preview":"max-video-preview:-1"},"canonical":"https:\/\/www.pompes-funebres-santilly.com\/fr\/obseques\/gamme-de-cercueils\/","og_locale":"fr_FR","og_type":"article","og_title":"Notre gamme de cercueils | Pompes Fun\u00e8bres Santilly","og_description":"Les \u00e9tablissements Santilly vous proposent une gamme de cercueils compl\u00e8te. Des cercueils d'inhumation aux cercueils de cr\u00e9mation, en passant par les ornements.","og_url":"https:\/\/www.pompes-funebres-santilly.com\/fr\/obseques\/gamme-de-cercueils\/","og_site_name":"Pompes Fun\u00e8bres Santilly","article_modified_time":"2024-02-26T13:33:46+00:00","twitter_card":"summary_large_image","twitter_misc":{"Dur\u00e9e de lecture est.":"3 minutes"},"schema":{"@context":"https:\/\/schema.org","@graph":[{"@type":"WebPage","@id":"https:\/\/www.pompes-funebres-santilly.com\/fr\/obseques\/gamme-de-cercueils\/","url":"https:\/\/www.pompes-funebres-santilly.com\/fr\/obseques\/gamme-de-cercueils\/","name":"Notre gamme de cercueils | Pompes Fun\u00e8bres Santilly","isPartOf":{"@id":"https:\/\/www.pompes-funebres-santilly.com\/fr\/#website"},"datePublished":"2020-02-06T16:33:37+00:00","dateModified":"2024-02-26T13:33:46+00:00","description":"Les \u00e9tablissements Santilly vous proposent une gamme de cercueils compl\u00e8te. Des cercueils d'inhumation aux cercueils de cr\u00e9mation, en passant par les ornements.","breadcrumb":{"@id":"https:\/\/www.pompes-funebres-santilly.com\/fr\/obseques\/gamme-de-cercueils\/#breadcrumb"},"inLanguage":"fr-FR","potentialAction":[{"@type":"ReadAction","target":["https:\/\/www.pompes-funebres-santilly.com\/fr\/obseques\/gamme-de-cercueils\/"]}]},{"@type":"BreadcrumbList","@id":"https:\/\/www.pompes-funebres-santilly.com\/fr\/obseques\/gamme-de-cercueils\/#breadcrumb","itemListElement":[{"@type":"ListItem","position":1,"name":"Accueil","item":"https:\/\/www.pompes-funebres-santilly.com\/fr\/"},{"@type":"ListItem","position":2,"name":"Obs\u00e8ques","item":"https:\/\/www.pompes-funebres-santilly.com\/fr\/obseques\/"},{"@type":"ListItem","position":3,"name":"Gamme de Cercueils"}]},{"@type":"WebSite","@id":"https:\/\/www.pompes-funebres-santilly.com\/fr\/#website","url":"https:\/\/www.pompes-funebres-santilly.com\/fr\/","name":"Pompes Fun\u00e8bres Santilly","description":"","publisher":{"@id":"https:\/\/www.pompes-funebres-santilly.com\/fr\/#organization"},"potentialAction":[{"@type":"SearchAction","target":{"@type":"EntryPoint","urlTemplate":"https:\/\/www.pompes-funebres-santilly.com\/fr\/?s={search_term_string}"},"query-input":{"@type":"PropertyValueSpecification","valueRequired":true,"valueName":"search_term_string"}}],"inLanguage":"fr-FR"},{"@type":"Organization","@id":"https:\/\/www.pompes-funebres-santilly.com\/fr\/#organization","name":"LCF Santilly","url":"https:\/\/www.pompes-funebres-santilly.com\/fr\/","logo":{"@type":"ImageObject","inLanguage":"fr-FR","@id":"https:\/\/www.pompes-funebres-santilly.com\/fr\/#\/schema\/logo\/image\/","url":"https:\/\/www.pompes-funebres-santilly.com\/wp-content\/uploads\/2019\/12\/logo-1.png","contentUrl":"https:\/\/www.pompes-funebres-santilly.com\/wp-content\/uploads\/2019\/12\/logo-1.png","width":433,"height":115,"caption":"LCF Santilly"},"image":{"@id":"https:\/\/www.pompes-funebres-santilly.com\/fr\/#\/schema\/logo\/image\/"}}]}},"_links":{"self":[{"href":"https:\/\/www.pompes-funebres-santilly.com\/fr\/wp-json\/wp\/v2\/pages\/7460","targetHints":{"allow":["GET"]}}],"collection":[{"href":"https:\/\/www.pompes-funebres-santilly.com\/fr\/wp-json\/wp\/v2\/pages"}],"about":[{"href":"https:\/\/www.pompes-funebres-santilly.com\/fr\/wp-json\/wp\/v2\/types\/page"}],"author":[{"embeddable":true,"href":"https:\/\/www.pompes-funebres-santilly.com\/fr\/wp-json\/wp\/v2\/users\/1"}],"replies":[{"embeddable":true,"href":"https:\/\/www.pompes-funebres-santilly.com\/fr\/wp-json\/wp\/v2\/comments?post=7460"}],"version-history":[{"count":60,"href":"https:\/\/www.pompes-funebres-santilly.com\/fr\/wp-json\/wp\/v2\/pages\/7460\/revisions"}],"predecessor-version":[{"id":32791,"href":"https:\/\/www.pompes-funebres-santilly.com\/fr\/wp-json\/wp\/v2\/pages\/7460\/revisions\/32791"}],"up":[{"embeddable":true,"href":"https:\/\/www.pompes-funebres-santilly.com\/fr\/wp-json\/wp\/v2\/pages\/996"}],"wp:attachment":[{"href":"https:\/\/www.pompes-funebres-santilly.com\/fr\/wp-json\/wp\/v2\/media?parent=7460"}],"curies":[{"name":"wp","href":"https:\/\/api.w.org\/{rel}","templated":true}]}}