{"id":7454,"date":"2020-02-06T17:32:19","date_gmt":"2020-02-06T16:32:19","guid":{"rendered":"http:\/\/www.pompes-funebres-santilly.com\/fr\/?page_id=7454"},"modified":"2024-02-26T14:27:42","modified_gmt":"2024-02-26T13:27:42","slug":"une-urne-pour-proteger-les-cendres","status":"publish","type":"page","link":"https:\/\/www.pompes-funebres-santilly.com\/fr\/obseques\/une-urne-pour-proteger-les-cendres\/","title":{"rendered":"Une urne pour prot\u00e9ger les cendres"},"content":{"rendered":"<p>[vc_section el_id=\u00a0\u00bbcollectivite-service-section\u00a0\u00bb css=\u00a0\u00bb.vc_custom_1580376943631{margin-bottom: 40px !important;}\u00a0\u00bb][vc_row][vc_column width=\u00a0\u00bb1\/2&Prime;][vc_column_text]<\/p>\n<h1>Une urne pour prot\u00e9ger les cendres<\/h1>\n<p>[\/vc_column_text][vc_column_text css=\u00a0\u00bb.vc_custom_1581345053848{margin-bottom: 40px !important;}\u00a0\u00bb]L\u2019urne permet d\u2019accueillir\u00a0les cendres du d\u00e9funt. Pour les familles, il est possible de la personnaliser. Pour cela, il existe diff\u00e9rents mod\u00e8les utilisant divers mat\u00e9riaux.[\/vc_column_text][vc_btn title=\u00a0\u00bbDemander un devis\u00a0\u00bb style=\u00a0\u00bbflat\u00a0\u00bb color=\u00a0\u00bbsuccess\u00a0\u00bb align=\u00a0\u00bbcenter\u00a0\u00bb button_block=\u00a0\u00bbtrue\u00a0\u00bb el_class=\u00a0\u00bbpfs-cta-a small half\u00a0\u00bb link=\u00a0\u00bburl:https%3A%2F%2Fwww.pompes-funebres-santilly.com%2Ffr%2Fdevis%2F|title:Demander%20un%20devis||\u00a0\u00bb][\/vc_column][vc_column width=\u00a0\u00bb1\/2&Prime;][vc_single_image image=\u00a0\u00bb17730&Prime; img_size=\u00a0\u00bblarge\u00a0\u00bb alignment=\u00a0\u00bbright\u00a0\u00bb][\/vc_column][\/vc_row][\/vc_section][vc_section css=\u00a0\u00bb.vc_custom_1580376957876{margin-bottom: 40px !important;}\u00a0\u00bb][vc_row full_width=\u00a0\u00bbstretch_row\u00a0\u00bb content_placement=\u00a0\u00bbmiddle\u00a0\u00bb el_class=\u00a0\u00bblarge-color\u00a0\u00bb css=\u00a0\u00bb.vc_custom_1708953969494{background-color: #f6f4f2 !important;}\u00a0\u00bb bb_tab_container=\u00a0\u00bb\u00a0\u00bb][vc_column width=\u00a0\u00bb1\/2&Prime;][vc_single_image image=\u00a0\u00bb19322&Prime; img_size=\u00a0\u00bblarge\u00a0\u00bb alignment=\u00a0\u00bbcenter\u00a0\u00bb][\/vc_column][vc_column width=\u00a0\u00bb1\/2&Prime;][vc_column_text][\/vc_column_text][vc_column_text css=\u00a0\u00bb.vc_custom_1581345126354{margin-bottom: 30px !important;}\u00a0\u00bb]<\/p>\n<h2>Mati\u00e8re et esth\u00e9tisme<\/h2>\n<p>[\/vc_column_text][vc_column_text]Les cendres sont recueillies dans une sorte de r\u00e9cipient qu\u2019on appelle \u00ab\u00a0cendrier\u00a0\u00bb. Celui-ci est scell\u00e9 puis plac\u00e9 dans une urne fun\u00e9raire.<\/p>\n<p>Si vous choisissez de placer l\u2019urne dans un columbarium ou s\u2019il y a une mise en terre, toutes les mati\u00e8res sont possibles. En revanche, il est conseill\u00e9 d\u2019opter pour une urne disposant d\u2019un certain esth\u00e9tisme\u00a0 qui correspond \u00e0 la personnalit\u00e9 du d\u00e9funt.<\/p>\n<p>Si vous choisissez de l\u2019immerger dans l\u2019eau, elle devra \u00eatre biod\u00e9gradable.<\/p>\n<p>Si vous optez pour une dispersion des cendres dans le jardin du souvenir, elle pourra \u00eatre toute simple puisqu\u2019elle ne sera utilis\u00e9e que pour le transport.[\/vc_column_text][\/vc_column][\/vc_row][\/vc_section][vc_section css=\u00a0\u00bb.vc_custom_1580376957876{margin-bottom: 40px !important;}\u00a0\u00bb][vc_row][vc_column][vc_column_text css=\u00a0\u00bb.vc_custom_1581345187976{margin-bottom: 30px !important;}\u00a0\u00bb]<\/p>\n<h2 style=\"text-align: center;\">Nos urnes fun\u00e9raires<\/h2>\n<p>[\/vc_column_text][\/vc_column][\/vc_row][vc_row content_placement=\u00a0\u00bbmiddle\u00a0\u00bb el_class=\u00a0\u00bbslide-content\u00a0\u00bb][vc_column width=\u00a0\u00bb1\/12&Prime;][vc_single_image image=\u00a0\u00bb20485&Prime; img_size=\u00a0\u00bbmedium\u00a0\u00bb alignment=\u00a0\u00bbcenter\u00a0\u00bb][vc_column_text]<\/p>\n<p style=\"text-align: center;\">Urne biod\u00e9gradable<\/p>\n<p>[\/vc_column_text][\/vc_column][vc_column width=\u00a0\u00bb1\/12&Prime;][vc_single_image image=\u00a0\u00bb20491&Prime; img_size=\u00a0\u00bbmedium\u00a0\u00bb alignment=\u00a0\u00bbcenter\u00a0\u00bb][vc_column_text]<\/p>\n<p style=\"text-align: center;\">Urne biod\u00e9gradable<\/p>\n<p>[\/vc_column_text][\/vc_column][vc_column width=\u00a0\u00bb1\/12&Prime;][vc_single_image image=\u00a0\u00bb20482&Prime; img_size=\u00a0\u00bbmedium\u00a0\u00bb alignment=\u00a0\u00bbcenter\u00a0\u00bb][vc_column_text]<\/p>\n<p style=\"text-align: center;\">Urne biod\u00e9gradable<\/p>\n<p>[\/vc_column_text][\/vc_column][vc_column width=\u00a0\u00bb1\/12&Prime;][vc_single_image image=\u00a0\u00bb20494&Prime; img_size=\u00a0\u00bbmedium\u00a0\u00bb alignment=\u00a0\u00bbcenter\u00a0\u00bb][vc_column_text]<\/p>\n<p style=\"text-align: center;\">Urne dispersion<\/p>\n<p>[\/vc_column_text][\/vc_column][vc_column width=\u00a0\u00bb1\/12&Prime;][vc_single_image image=\u00a0\u00bb20497&Prime; img_size=\u00a0\u00bbmedium\u00a0\u00bb alignment=\u00a0\u00bbcenter\u00a0\u00bb][vc_column_text]<\/p>\n<p style=\"text-align: center;\">Urne en m\u00e9tal<\/p>\n<p>[\/vc_column_text][\/vc_column][vc_column width=\u00a0\u00bb1\/12&Prime;][vc_single_image image=\u00a0\u00bb20500&Prime; img_size=\u00a0\u00bbmedium\u00a0\u00bb alignment=\u00a0\u00bbcenter\u00a0\u00bb][vc_column_text]<\/p>\n<p style=\"text-align: center;\">Urne en m\u00e9tal<\/p>\n<p>[\/vc_column_text][\/vc_column][vc_column width=\u00a0\u00bb1\/12&Prime;][vc_single_image image=\u00a0\u00bb20488&Prime; img_size=\u00a0\u00bbmedium\u00a0\u00bb alignment=\u00a0\u00bbcenter\u00a0\u00bb][vc_column_text]<\/p>\n<p style=\"text-align: center;\">Urne en m\u00e9tal<\/p>\n<p>[\/vc_column_text][\/vc_column][vc_column width=\u00a0\u00bb1\/12&Prime;][vc_single_image image=\u00a0\u00bb20503&Prime; img_size=\u00a0\u00bbmedium\u00a0\u00bb alignment=\u00a0\u00bbcenter\u00a0\u00bb][vc_column_text]<\/p>\n<p style=\"text-align: center;\">Urne en m\u00e9tal<\/p>\n<p>[\/vc_column_text][\/vc_column][\/vc_row][\/vc_section][vc_section s7upf_x_large_css=\u00a0\u00bb.vc_custom_1582187141420{background-color: #f2f5f5 !important;}\u00a0\u00bb el_class=\u00a0\u00bbno-color\u00a0\u00bb css=\u00a0\u00bb.vc_custom_1582187141418{margin-bottom: 60px !important;}\u00a0\u00bb][vc_row full_width=\u00a0\u00bbstretch_row\u00a0\u00bb equal_height=\u00a0\u00bbyes\u00a0\u00bb css=\u00a0\u00bb.vc_custom_1708954008598{padding-top: 50px !important;padding-bottom: 50px !important;background-color: #f6f4f2 !important;background-position: center !important;background-repeat: no-repeat !important;background-size: contain !important;}\u00a0\u00bb el_class=\u00a0\u00bbhome-shop-wrapper\u00a0\u00bb bb_tab_container=\u00a0\u00bb\u00a0\u00bb][vc_column][vc_column_text css=\u00a0\u00bb.vc_custom_1581006485131{margin-bottom: 30px !important;}\u00a0\u00bb]<\/p>\n<h2 style=\"text-align: center;\">Demander un Devis<\/h2>\n<p>[\/vc_column_text][vc_column_text]<\/p>\n<p style=\"text-align: center;\">Obtenez gratuitement un devis pour un d\u00e9c\u00e8s, une personne en fin de vie ou \u00e0 titre d&rsquo;information.<\/p>\n<p>[\/vc_column_text][vc_btn title=\u00a0\u00bbDemander un devis\u00a0\u00bb style=\u00a0\u00bbflat\u00a0\u00bb color=\u00a0\u00bbsuccess\u00a0\u00bb align=\u00a0\u00bbcenter\u00a0\u00bb el_class=\u00a0\u00bbpfs-cta-a small\u00a0\u00bb link=\u00a0\u00bburl:https%3A%2F%2Fwww.pompes-funebres-santilly.com%2Ffr%2Fdevis%2F|title:Collectivit%C3%A9s||\u00a0\u00bb][\/vc_column][vc_column bb_tab_container=\u00a0\u00bb\u00a0\u00bb el_class=\u00a0\u00bbhome-shop-visual\u00a0\u00bb][vc_single_image image=\u00a0\u00bb32763&Prime; img_size=\u00a0\u00bbfull\u00a0\u00bb alignment=\u00a0\u00bbright\u00a0\u00bb bb_tab_container=\u00a0\u00bb\u00a0\u00bb][\/vc_column][\/vc_row][\/vc_section][vc_section full_width=\u00a0\u00bbstretch_row\u00a0\u00bb el_id=\u00a0\u00bbfaq_embed\u00a0\u00bb css=\u00a0\u00bb.vc_custom_1603873070077{margin-top: 30px !important;background-color: #e1eced !important;}\u00a0\u00bb][vc_row][vc_column][vc_row_inner][vc_column_inner][vc_column_text]<\/p>\n<h2 style=\"text-align: center;\">Questions Fr\u00e9quentes<\/h2>\n<p>[\/vc_column_text][\/vc_column_inner][\/vc_row_inner][\/vc_column][\/vc_row][vc_row][vc_column][vc_column_text]\r\n    <div class=\"container-fluid to_moove\">\r\n\r\n        <div class=\"row\">\r\n    \r\n            <div class=\"col-md\">\r\n    \r\n            \r\n\r\n                <div class=\"card question\" data-cat=\"Ce qu'il faut savoir sur la cr\u00e9mation\">\r\n\r\n                <div class=\"container\">\r\n                    <div class=\"card-header spacer-card-faq arrow question_trigger\" data-toggle=\"collapse\" data-target=\"#collapse_0\" aria-expanded=\"false\" aria-controls=\"collapseExample\">\r\n                        <h3 class=\"card-title\">\r\n                            Que puis-je faire avec les cendres ?                        <\/h3>\r\n                        <img decoding=\"async\" class=\"arrow-icon\" src=\"https:\/\/www.pompes-funebres-santilly.com\/wp-content\/themes\/geschaft-child\/images\/Arrow.png\" width=\"30\" height=\"30\" alt=\"arrow bottom\" \/>\r\n\r\n\r\n                    <\/div>\r\n    \r\n                    <div class=\"content collapse card-body\" id=\"collapse_0\">\r\n                        <p><span style=\"font-weight: 400;\">Depuis 2008, conserver les cendres dans une urne \u00e0 domicile est interdit par la loi. De la m\u00eame fa\u00e7on, il n\u2019est pas possible de diviser les cendres du d\u00e9funt entre plusieurs personnes. Par contre, s\u2019il en avait \u00e9mis le souhait, il est possible de disperser les cendres du d\u00e9funt sur le site qu\u2019il avait indiqu\u00e9 de son vivant, avant de r\u00e9cup\u00e9rer l\u2019urne vide.<\/span><\/p>\n<p>Vous pouvez aussi inhumer l\u2019urne au m\u00eame titre qu\u2019un cercueil. Vous pouvez \u00e9galement l\u2019inhumer dans une s\u00e9pulture cin\u00e9raire con\u00e7ue \u00e0 cet effet. Vous pouvez aussi rendre l\u2019urne visible en la scellant sur un monument existant ou la placer dans la case qui lui est r\u00e9serv\u00e9e s\u2019il s\u2019agit d\u2019un monument mixte (d\u00e9di\u00e9 \u00e0 la cr\u00e9mation et \u00e0 l\u2019inhumation). Vous pouvez enfin choisir de placer l\u2019urne dans un columbarium, espace collectif r\u00e9serv\u00e9 aux urnes dans les cimeti\u00e8res.<\/p>\n                    <\/div>\r\n                <\/div>\r\n\r\n                <\/div>\r\n\r\n\r\n\r\n    \r\n            \r\n\r\n                <div class=\"card question\" data-cat=\"Ce qu'il faut savoir sur la cr\u00e9mation\">\r\n\r\n                <div class=\"container\">\r\n                    <div class=\"card-header spacer-card-faq arrow question_trigger\" data-toggle=\"collapse\" data-target=\"#collapse_1\" aria-expanded=\"false\" aria-controls=\"collapseExample\">\r\n                        <h3 class=\"card-title\">\r\n                            Qu\u2019est-ce qu\u2019une urne ?                        <\/h3>\r\n                        <img decoding=\"async\" class=\"arrow-icon\" src=\"https:\/\/www.pompes-funebres-santilly.com\/wp-content\/themes\/geschaft-child\/images\/Arrow.png\" width=\"30\" height=\"30\" alt=\"arrow bottom\" \/>\r\n\r\n\r\n                    <\/div>\r\n    \r\n                    <div class=\"content collapse card-body\" id=\"collapse_1\">\r\n                        <p>C\u2019est le r\u00e9ceptacle, souvent sous forme de vase ferm\u00e9, dans lequel on conserve les cendres du d\u00e9funt apr\u00e8s sa cr\u00e9mation. Ce vase est en g\u00e9n\u00e9ral en pierre, en bronze, en marbre, en alb\u00e2tre, en c\u00e9ramique, en verre ou m\u00eame en mat\u00e9riaux biod\u00e9gradables.<\/p>\n                    <\/div>\r\n                <\/div>\r\n\r\n                <\/div>\r\n\r\n\r\n\r\n    \r\n            \r\n\r\n                <div class=\"card question\" data-cat=\"Ce qu'il faut savoir sur la cr\u00e9mation\">\r\n\r\n                <div class=\"container\">\r\n                    <div class=\"card-header spacer-card-faq arrow question_trigger\" data-toggle=\"collapse\" data-target=\"#collapse_2\" aria-expanded=\"false\" aria-controls=\"collapseExample\">\r\n                        <h3 class=\"card-title\">\r\n                            Tout le monde peut-il avoir recours \u00e0 la cr\u00e9mation ?                        <\/h3>\r\n                        <img decoding=\"async\" class=\"arrow-icon\" src=\"https:\/\/www.pompes-funebres-santilly.com\/wp-content\/themes\/geschaft-child\/images\/Arrow.png\" width=\"30\" height=\"30\" alt=\"arrow bottom\" \/>\r\n\r\n\r\n                    <\/div>\r\n    \r\n                    <div class=\"content collapse card-body\" id=\"collapse_2\">\r\n                        <p>En principe, oui, sauf si la croyance de la personne l\u2019interdit (c\u2019est notamment le cas pour les religions juives et musulmanes). Depuis 1963, les catholiques l\u2019autorisent sous r\u00e9serve qu\u2019une c\u00e9r\u00e9monie soit donn\u00e9e avant la cr\u00e9mation et que l\u2019urne fun\u00e9raire soit d\u00e9pos\u00e9e dans un cimeti\u00e8re.<br \/>\nLes personnes qui suivent les rites du bouddhisme, de l\u2019hindouisme et du shinto\u00efsme sont tr\u00e8s favorables \u00e0 la cr\u00e9mation qu\u2019ils associent \u00e0 un rite de purification.<\/p>\n<p><a href=\"https:\/\/www.pompes-funebres-santilly.com\/fr\/devis\/\">Obtenir un devis gratuitement et sans engagement.<\/a><\/p>\n                    <\/div>\r\n                <\/div>\r\n\r\n                <\/div>\r\n\r\n\r\n\r\n                <div class=\"faq_navigation\">\r\n            <div class=\"next_posts\">\r\n                            <\/div>\r\n            <div class=\"prev_posts\">\r\n                 \r\n            <\/div>\r\n                    <\/div>\r\n        <\/div>\r\n    <\/div>\r\n[\/vc_column_text][vc_btn title=\u00a0\u00bbVOIR TOUT\u00a0\u00bb align=\u00a0\u00bbright\u00a0\u00bb el_id=\u00a0\u00bbfaq_btn\u00a0\u00bb link=\u00a0\u00bburl:https%3A%2F%2Fwww.pompes-funebres-santilly.com%2Ffr%2Fquestions-frequentes%2F|title:Questions%20fr%C3%A9quentes||\u00a0\u00bb][\/vc_column][\/vc_row][\/vc_section]<\/p>\n","protected":false},"excerpt":{"rendered":"<p>[vc_section el_id=\u00a0\u00bbcollectivite-service-section\u00a0\u00bb css=\u00a0\u00bb.vc_custom_1580376943631{margin-bottom: 40px !important;}\u00a0\u00bb][vc_row][vc_column width=\u00a0\u00bb1\/2&Prime;][vc_column_text] Une urne pour prot\u00e9ger les cendres [\/vc_column_text][vc_column_text css=\u00a0\u00bb.vc_custom_1581345053848{margin-bottom: 40px !important;}\u00a0\u00bb]L\u2019urne permet d\u2019accueillir\u00a0les cendres du d\u00e9funt. Pour les familles, il est possible de la personnaliser. Pour cela, il existe diff\u00e9rents mod\u00e8les utilisant divers mat\u00e9riaux.[\/vc_column_text][vc_btn title=\u00a0\u00bbDemander un devis\u00a0\u00bb style=\u00a0\u00bbflat\u00a0\u00bb color=\u00a0\u00bbsuccess\u00a0\u00bb align=\u00a0\u00bbcenter\u00a0\u00bb button_block=\u00a0\u00bbtrue\u00a0\u00bb el_class=\u00a0\u00bbpfs-cta-a small half\u00a0\u00bb link=\u00a0\u00bburl:https%3A%2F%2Fwww.pompes-funebres-santilly.com%2Ffr%2Fdevis%2F|title:Demander%20un%20devis||\u00a0\u00bb][\/vc_column][vc_column width=\u00a0\u00bb1\/2&Prime;][vc_single_image image=\u00a0\u00bb17730&Prime; img_size=\u00a0\u00bblarge\u00a0\u00bb alignment=\u00a0\u00bbright\u00a0\u00bb][\/vc_column][\/vc_row][\/vc_section][vc_section css=\u00a0\u00bb.vc_custom_1580376957876{margin-bottom: [&hellip;]<\/p>\n","protected":false},"author":1,"featured_media":0,"parent":996,"menu_order":6,"comment_status":"closed","ping_status":"closed","template":"","meta":{"_acf_changed":false,"footnotes":""},"class_list":["post-7454","page","type-page","status-publish","hentry"],"acf":false,"yoast_head":"<!-- This site is optimized with the Yoast SEO plugin v26.5 - https:\/\/yoast.com\/wordpress\/plugins\/seo\/ -->\n<title>Une urne pour prot\u00e9ger les cendres : Nos mod\u00e8les - Pompes Fun\u00e8bres Santilly<\/title>\n<meta name=\"description\" content=\"L&#039;urne fun\u00e9raire permet d&#039;accueillir les cendres du d\u00e9funt. Il en existe diff\u00e9rents mod\u00e8les. D\u00e9couvrez nos conseils pour faire le meilleur choix\" \/>\n<meta name=\"robots\" content=\"index, follow, max-snippet:-1, max-image-preview:large, max-video-preview:-1\" \/>\n<link rel=\"canonical\" href=\"https:\/\/www.pompes-funebres-santilly.com\/fr\/obseques\/une-urne-pour-proteger-les-cendres\/\" \/>\n<meta property=\"og:locale\" content=\"fr_FR\" \/>\n<meta property=\"og:type\" content=\"article\" \/>\n<meta property=\"og:title\" content=\"Une urne pour prot\u00e9ger les cendres : Nos mod\u00e8les - Pompes Fun\u00e8bres Santilly\" \/>\n<meta property=\"og:description\" content=\"L&#039;urne fun\u00e9raire permet d&#039;accueillir les cendres du d\u00e9funt. Il en existe diff\u00e9rents mod\u00e8les. D\u00e9couvrez nos conseils pour faire le meilleur choix\" \/>\n<meta property=\"og:url\" content=\"https:\/\/www.pompes-funebres-santilly.com\/fr\/obseques\/une-urne-pour-proteger-les-cendres\/\" \/>\n<meta property=\"og:site_name\" content=\"Pompes Fun\u00e8bres Santilly\" \/>\n<meta property=\"article:modified_time\" content=\"2024-02-26T13:27:42+00:00\" \/>\n<meta name=\"twitter:card\" content=\"summary_large_image\" \/>\n<meta name=\"twitter:label1\" content=\"Dur\u00e9e de lecture est.\" \/>\n\t<meta name=\"twitter:data1\" content=\"4 minutes\" \/>\n<script type=\"application\/ld+json\" class=\"yoast-schema-graph\">{\"@context\":\"https:\/\/schema.org\",\"@graph\":[{\"@type\":\"WebPage\",\"@id\":\"https:\/\/www.pompes-funebres-santilly.com\/fr\/obseques\/une-urne-pour-proteger-les-cendres\/\",\"url\":\"https:\/\/www.pompes-funebres-santilly.com\/fr\/obseques\/une-urne-pour-proteger-les-cendres\/\",\"name\":\"Une urne pour prot\u00e9ger les cendres : Nos mod\u00e8les - Pompes Fun\u00e8bres Santilly\",\"isPartOf\":{\"@id\":\"https:\/\/www.pompes-funebres-santilly.com\/fr\/#website\"},\"datePublished\":\"2020-02-06T16:32:19+00:00\",\"dateModified\":\"2024-02-26T13:27:42+00:00\",\"description\":\"L'urne fun\u00e9raire permet d'accueillir les cendres du d\u00e9funt. Il en existe diff\u00e9rents mod\u00e8les. D\u00e9couvrez nos conseils pour faire le meilleur choix\",\"breadcrumb\":{\"@id\":\"https:\/\/www.pompes-funebres-santilly.com\/fr\/obseques\/une-urne-pour-proteger-les-cendres\/#breadcrumb\"},\"inLanguage\":\"fr-FR\",\"potentialAction\":[{\"@type\":\"ReadAction\",\"target\":[\"https:\/\/www.pompes-funebres-santilly.com\/fr\/obseques\/une-urne-pour-proteger-les-cendres\/\"]}]},{\"@type\":\"BreadcrumbList\",\"@id\":\"https:\/\/www.pompes-funebres-santilly.com\/fr\/obseques\/une-urne-pour-proteger-les-cendres\/#breadcrumb\",\"itemListElement\":[{\"@type\":\"ListItem\",\"position\":1,\"name\":\"Accueil\",\"item\":\"https:\/\/www.pompes-funebres-santilly.com\/fr\/\"},{\"@type\":\"ListItem\",\"position\":2,\"name\":\"Obs\u00e8ques\",\"item\":\"https:\/\/www.pompes-funebres-santilly.com\/fr\/obseques\/\"},{\"@type\":\"ListItem\",\"position\":3,\"name\":\"Une urne pour prot\u00e9ger les cendres\"}]},{\"@type\":\"WebSite\",\"@id\":\"https:\/\/www.pompes-funebres-santilly.com\/fr\/#website\",\"url\":\"https:\/\/www.pompes-funebres-santilly.com\/fr\/\",\"name\":\"Pompes Fun\u00e8bres Santilly\",\"description\":\"\",\"publisher\":{\"@id\":\"https:\/\/www.pompes-funebres-santilly.com\/fr\/#organization\"},\"potentialAction\":[{\"@type\":\"SearchAction\",\"target\":{\"@type\":\"EntryPoint\",\"urlTemplate\":\"https:\/\/www.pompes-funebres-santilly.com\/fr\/?s={search_term_string}\"},\"query-input\":{\"@type\":\"PropertyValueSpecification\",\"valueRequired\":true,\"valueName\":\"search_term_string\"}}],\"inLanguage\":\"fr-FR\"},{\"@type\":\"Organization\",\"@id\":\"https:\/\/www.pompes-funebres-santilly.com\/fr\/#organization\",\"name\":\"LCF Santilly\",\"url\":\"https:\/\/www.pompes-funebres-santilly.com\/fr\/\",\"logo\":{\"@type\":\"ImageObject\",\"inLanguage\":\"fr-FR\",\"@id\":\"https:\/\/www.pompes-funebres-santilly.com\/fr\/#\/schema\/logo\/image\/\",\"url\":\"https:\/\/www.pompes-funebres-santilly.com\/wp-content\/uploads\/2019\/12\/logo-1.png\",\"contentUrl\":\"https:\/\/www.pompes-funebres-santilly.com\/wp-content\/uploads\/2019\/12\/logo-1.png\",\"width\":433,\"height\":115,\"caption\":\"LCF Santilly\"},\"image\":{\"@id\":\"https:\/\/www.pompes-funebres-santilly.com\/fr\/#\/schema\/logo\/image\/\"}}]}<\/script>\n<!-- \/ Yoast SEO plugin. -->","yoast_head_json":{"title":"Une urne pour prot\u00e9ger les cendres : Nos mod\u00e8les - Pompes Fun\u00e8bres Santilly","description":"L'urne fun\u00e9raire permet d'accueillir les cendres du d\u00e9funt. Il en existe diff\u00e9rents mod\u00e8les. D\u00e9couvrez nos conseils pour faire le meilleur choix","robots":{"index":"index","follow":"follow","max-snippet":"max-snippet:-1","max-image-preview":"max-image-preview:large","max-video-preview":"max-video-preview:-1"},"canonical":"https:\/\/www.pompes-funebres-santilly.com\/fr\/obseques\/une-urne-pour-proteger-les-cendres\/","og_locale":"fr_FR","og_type":"article","og_title":"Une urne pour prot\u00e9ger les cendres : Nos mod\u00e8les - Pompes Fun\u00e8bres Santilly","og_description":"L'urne fun\u00e9raire permet d'accueillir les cendres du d\u00e9funt. Il en existe diff\u00e9rents mod\u00e8les. D\u00e9couvrez nos conseils pour faire le meilleur choix","og_url":"https:\/\/www.pompes-funebres-santilly.com\/fr\/obseques\/une-urne-pour-proteger-les-cendres\/","og_site_name":"Pompes Fun\u00e8bres Santilly","article_modified_time":"2024-02-26T13:27:42+00:00","twitter_card":"summary_large_image","twitter_misc":{"Dur\u00e9e de lecture est.":"4 minutes"},"schema":{"@context":"https:\/\/schema.org","@graph":[{"@type":"WebPage","@id":"https:\/\/www.pompes-funebres-santilly.com\/fr\/obseques\/une-urne-pour-proteger-les-cendres\/","url":"https:\/\/www.pompes-funebres-santilly.com\/fr\/obseques\/une-urne-pour-proteger-les-cendres\/","name":"Une urne pour prot\u00e9ger les cendres : Nos mod\u00e8les - Pompes Fun\u00e8bres Santilly","isPartOf":{"@id":"https:\/\/www.pompes-funebres-santilly.com\/fr\/#website"},"datePublished":"2020-02-06T16:32:19+00:00","dateModified":"2024-02-26T13:27:42+00:00","description":"L'urne fun\u00e9raire permet d'accueillir les cendres du d\u00e9funt. Il en existe diff\u00e9rents mod\u00e8les. D\u00e9couvrez nos conseils pour faire le meilleur choix","breadcrumb":{"@id":"https:\/\/www.pompes-funebres-santilly.com\/fr\/obseques\/une-urne-pour-proteger-les-cendres\/#breadcrumb"},"inLanguage":"fr-FR","potentialAction":[{"@type":"ReadAction","target":["https:\/\/www.pompes-funebres-santilly.com\/fr\/obseques\/une-urne-pour-proteger-les-cendres\/"]}]},{"@type":"BreadcrumbList","@id":"https:\/\/www.pompes-funebres-santilly.com\/fr\/obseques\/une-urne-pour-proteger-les-cendres\/#breadcrumb","itemListElement":[{"@type":"ListItem","position":1,"name":"Accueil","item":"https:\/\/www.pompes-funebres-santilly.com\/fr\/"},{"@type":"ListItem","position":2,"name":"Obs\u00e8ques","item":"https:\/\/www.pompes-funebres-santilly.com\/fr\/obseques\/"},{"@type":"ListItem","position":3,"name":"Une urne pour prot\u00e9ger les cendres"}]},{"@type":"WebSite","@id":"https:\/\/www.pompes-funebres-santilly.com\/fr\/#website","url":"https:\/\/www.pompes-funebres-santilly.com\/fr\/","name":"Pompes Fun\u00e8bres Santilly","description":"","publisher":{"@id":"https:\/\/www.pompes-funebres-santilly.com\/fr\/#organization"},"potentialAction":[{"@type":"SearchAction","target":{"@type":"EntryPoint","urlTemplate":"https:\/\/www.pompes-funebres-santilly.com\/fr\/?s={search_term_string}"},"query-input":{"@type":"PropertyValueSpecification","valueRequired":true,"valueName":"search_term_string"}}],"inLanguage":"fr-FR"},{"@type":"Organization","@id":"https:\/\/www.pompes-funebres-santilly.com\/fr\/#organization","name":"LCF Santilly","url":"https:\/\/www.pompes-funebres-santilly.com\/fr\/","logo":{"@type":"ImageObject","inLanguage":"fr-FR","@id":"https:\/\/www.pompes-funebres-santilly.com\/fr\/#\/schema\/logo\/image\/","url":"https:\/\/www.pompes-funebres-santilly.com\/wp-content\/uploads\/2019\/12\/logo-1.png","contentUrl":"https:\/\/www.pompes-funebres-santilly.com\/wp-content\/uploads\/2019\/12\/logo-1.png","width":433,"height":115,"caption":"LCF Santilly"},"image":{"@id":"https:\/\/www.pompes-funebres-santilly.com\/fr\/#\/schema\/logo\/image\/"}}]}},"_links":{"self":[{"href":"https:\/\/www.pompes-funebres-santilly.com\/fr\/wp-json\/wp\/v2\/pages\/7454","targetHints":{"allow":["GET"]}}],"collection":[{"href":"https:\/\/www.pompes-funebres-santilly.com\/fr\/wp-json\/wp\/v2\/pages"}],"about":[{"href":"https:\/\/www.pompes-funebres-santilly.com\/fr\/wp-json\/wp\/v2\/types\/page"}],"author":[{"embeddable":true,"href":"https:\/\/www.pompes-funebres-santilly.com\/fr\/wp-json\/wp\/v2\/users\/1"}],"replies":[{"embeddable":true,"href":"https:\/\/www.pompes-funebres-santilly.com\/fr\/wp-json\/wp\/v2\/comments?post=7454"}],"version-history":[{"count":30,"href":"https:\/\/www.pompes-funebres-santilly.com\/fr\/wp-json\/wp\/v2\/pages\/7454\/revisions"}],"predecessor-version":[{"id":32788,"href":"https:\/\/www.pompes-funebres-santilly.com\/fr\/wp-json\/wp\/v2\/pages\/7454\/revisions\/32788"}],"up":[{"embeddable":true,"href":"https:\/\/www.pompes-funebres-santilly.com\/fr\/wp-json\/wp\/v2\/pages\/996"}],"wp:attachment":[{"href":"https:\/\/www.pompes-funebres-santilly.com\/fr\/wp-json\/wp\/v2\/media?parent=7454"}],"curies":[{"name":"wp","href":"https:\/\/api.w.org\/{rel}","templated":true}]}}