{"id":7450,"date":"2020-02-06T17:30:37","date_gmt":"2020-02-06T16:30:37","guid":{"rendered":"http:\/\/www.pompes-funebres-santilly.com\/fr\/?page_id=7450"},"modified":"2024-02-26T14:23:44","modified_gmt":"2024-02-26T13:23:44","slug":"cercueil","status":"publish","type":"page","link":"https:\/\/www.pompes-funebres-santilly.com\/fr\/obseques\/cercueil\/","title":{"rendered":"Cercueil"},"content":{"rendered":"<p>[vc_section css=\u00a0\u00bb.vc_custom_1580376957876{margin-bottom: 40px !important;}\u00a0\u00bb][vc_row css=\u00a0\u00bb.vc_custom_1582636431490{margin-bottom: 64px !important;}\u00a0\u00bb][vc_column width=\u00a0\u00bb1\/2&Prime;][vc_column_text css=\u00a0\u00bb.vc_custom_1581351761312{margin-bottom: 30px !important;}\u00a0\u00bb]<\/p>\n<h1>Comment choisir son cercueil ?<\/h1>\n<p>[\/vc_column_text][vc_column_text]<\/p>\n<p style=\"text-align: left;\">Choisir un cercueil est un acte d\u00e9licat pour lequel les \u00e9tablissements Santilly&nbsp;saurons vous conseiller au plus pr\u00e8s de vos attentes et de votre budget.<\/p>\n<p>[\/vc_column_text][\/vc_column][vc_column width=\u00a0\u00bb1\/2&Prime;][vc_single_image image=\u00a0\u00bb19301&Prime; img_size=\u00a0\u00bblarge\u00a0\u00bb alignment=\u00a0\u00bbright\u00a0\u00bb][\/vc_column][\/vc_row][\/vc_section][vc_section css=\u00a0\u00bb.vc_custom_1580376957876{margin-bottom: 40px !important;}\u00a0\u00bb][vc_row full_width=\u00a0\u00bbstretch_row\u00a0\u00bb css=\u00a0\u00bb.vc_custom_1708953715765{margin-bottom: 64px !important;background-color: #f6f4f2 !important;}\u00a0\u00bb el_class=\u00a0\u00bblarge-color\u00a0\u00bb bb_tab_container=\u00a0\u00bb\u00a0\u00bb][vc_column width=\u00a0\u00bb1\/2&Prime;][vc_single_image image=\u00a0\u00bb19307&Prime; img_size=\u00a0\u00bblarge\u00a0\u00bb][\/vc_column][vc_column width=\u00a0\u00bb1\/2&Prime;][vc_column_text css=\u00a0\u00bb.vc_custom_1581344280058{margin-bottom: 30px !important;}\u00a0\u00bb]<\/p>\n<h2>De quoi est-il compos\u00e9 ?<\/h2>\n<p>[\/vc_column_text][vc_column_text]En r\u00e8gle g\u00e9n\u00e9rale, le cercueil est compos\u00e9 de bois. Le ch\u00eane et le bois sont les plus utilis\u00e9s pour leur r\u00e9sistance. Par ailleurs, il doit \u00eatre \u00e9tanche et disposer d\u2019une \u00e9paisseur de 22 millim\u00e8tres.<\/p>\n<p>Pour une cr\u00e9mation, le cercueil va \u00eatre incin\u00e9rer. Pour cela, il est commun de trouver des mati\u00e8res du type en pin ou en carton.<\/p>\n<p>Le cercueil peut disposer de divers ornements&nbsp;:<\/p>\n<ul>\n<li>la plaque qui porte le pr\u00e9nom, le nom et la date de naissance du d\u00e9funt<\/li>\n<li>un signe religieux (ex&nbsp;: croix \u2026)<\/li>\n<li>un capiton pour recouvrir l\u2019int\u00e9rieur<\/li>\n<li>des poign\u00e9es sur les c\u00f4t\u00e9s<\/li>\n<\/ul>\n<p>Pour plus d\u2019informations, les conseillers fun\u00e9raires des \u00e9tablissements Santilly sont l\u00e0 pour vous guider.[\/vc_column_text][\/vc_column][\/vc_row][\/vc_section][vc_section css=\u00a0\u00bb.vc_custom_1580376957876{margin-bottom: 40px !important;}\u00a0\u00bb][vc_row content_placement=\u00a0\u00bbmiddle\u00a0\u00bb css=\u00a0\u00bb.vc_custom_1582636440151{margin-bottom: 64px !important;}\u00a0\u00bb][vc_column width=\u00a0\u00bb1\/2&Prime;][vc_column_text][\/vc_column_text][vc_column_text css=\u00a0\u00bb.vc_custom_1588670657524{margin-bottom: 30px !important;}\u00a0\u00bb]<\/p>\n<h2>Notre gamme de cercueils<\/h2>\n<p>[\/vc_column_text][vc_column_text]Les \u00e9tablissements Santilly vous proposent une gamme de cercueils compl\u00e8te. Des conseils d&rsquo;inhumation aux cercueils de cr\u00e9mation, en passant par les ornements, les pompes fun\u00e8bres Santilly disposent de produits vari\u00e9s.<\/p>\n<p>&nbsp;[\/vc_column_text][vc_column_text el_class=\u00a0\u00bbmore-link fhl\u00a0\u00bb css=\u00a0\u00bb.vc_custom_1708953748587{margin-top: 30px !important;}\u00a0\u00bb bb_tab_container=\u00a0\u00bb\u00a0\u00bb]<span style=\"color: #a9a699;\"><a style=\"color: #a9a699;\" href=\"https:\/\/www.pompes-funebres-santilly.com\/fr\/obseques\/gamme-de-cercueils\/\"><strong>En savoir plus<\/strong><\/a><\/span>[\/vc_column_text][\/vc_column][vc_column width=\u00a0\u00bb1\/2&Prime;][vc_single_image image=\u00a0\u00bb19304&Prime; img_size=\u00a0\u00bblarge\u00a0\u00bb][\/vc_column][\/vc_row][\/vc_section][vc_section s7upf_x_large_css=\u00a0\u00bb.vc_custom_1582187141420{background-color: #f2f5f5 !important;}\u00a0\u00bb el_class=\u00a0\u00bbno-color\u00a0\u00bb css=\u00a0\u00bb.vc_custom_1582187141418{margin-bottom: 60px !important;}\u00a0\u00bb][vc_row full_width=\u00a0\u00bbstretch_row\u00a0\u00bb equal_height=\u00a0\u00bbyes\u00a0\u00bb css=\u00a0\u00bb.vc_custom_1708953733865{padding-top: 50px !important;padding-bottom: 50px !important;background-color: #f6f4f2 !important;background-position: center !important;background-repeat: no-repeat !important;background-size: contain !important;}\u00a0\u00bb el_class=\u00a0\u00bbhome-shop-wrapper\u00a0\u00bb bb_tab_container=\u00a0\u00bb\u00a0\u00bb][vc_column][vc_column_text css=\u00a0\u00bb.vc_custom_1581006485131{margin-bottom: 30px !important;}\u00a0\u00bb]<\/p>\n<h2 style=\"text-align: center;\">Demander un Devis<\/h2>\n<p>[\/vc_column_text][vc_column_text]<\/p>\n<p style=\"text-align: center;\">Obtenez gratuitement un devis pour un d\u00e9c\u00e8s, une personne en fin de vie ou \u00e0 titre d&rsquo;information.<\/p>\n<p>&nbsp;[\/vc_column_text][vc_btn title=\u00a0\u00bbDemander un devis\u00a0\u00bb style=\u00a0\u00bbflat\u00a0\u00bb color=\u00a0\u00bbsuccess\u00a0\u00bb align=\u00a0\u00bbcenter\u00a0\u00bb el_class=\u00a0\u00bbpfs-cta-a small\u00a0\u00bb link=\u00a0\u00bburl:https%3A%2F%2Fwww.pompes-funebres-santilly.com%2Ffr%2Fdevis%2F|title:Collectivit%C3%A9s||\u00a0\u00bb][\/vc_column][vc_column bb_tab_container=\u00a0\u00bb\u00a0\u00bb el_class=\u00a0\u00bbhome-shop-visual\u00a0\u00bb][vc_single_image image=\u00a0\u00bb32763&Prime; img_size=\u00a0\u00bbfull\u00a0\u00bb alignment=\u00a0\u00bbright\u00a0\u00bb bb_tab_container=\u00a0\u00bb\u00a0\u00bb][\/vc_column][\/vc_row][\/vc_section][vc_section full_width=\u00a0\u00bbstretch_row\u00a0\u00bb el_id=\u00a0\u00bbfaq_embed\u00a0\u00bb css=\u00a0\u00bb.vc_custom_1603873053628{margin-top: 30px !important;background-color: #e1eced !important;}\u00a0\u00bb][vc_row][vc_column][vc_column_text]<\/p>\n<h2 style=\"text-align: center;\">Questions Fr\u00e9quentes<\/h2>\n<p>[\/vc_column_text][\/vc_column][\/vc_row][vc_row][vc_column][vc_column_text]\r\n    <div class=\"container-fluid to_moove\">\r\n\r\n        <div class=\"row\">\r\n    \r\n            <div class=\"col-md\">\r\n    \r\n            \r\n\r\n                <div class=\"card question\" data-cat=\"Ce qu'il faut savoir sur l'inhumation\">\r\n\r\n                <div class=\"container\">\r\n                    <div class=\"card-header spacer-card-faq arrow question_trigger\" data-toggle=\"collapse\" data-target=\"#collapse_0\" aria-expanded=\"false\" aria-controls=\"collapseExample\">\r\n                        <h3 class=\"card-title\">\r\n                            Quels sont les d\u00e9lais d\u2019inhumation ?                        <\/h3>\r\n                        <img decoding=\"async\" class=\"arrow-icon\" src=\"https:\/\/www.pompes-funebres-santilly.com\/wp-content\/themes\/geschaft-child\/images\/Arrow.png\" width=\"30\" height=\"30\" alt=\"arrow bottom\" \/>\r\n\r\n\r\n                    <\/div>\r\n    \r\n                    <div class=\"content collapse card-body\" id=\"collapse_0\">\r\n                        <p>La l\u00e9gislation (Art. R2213-33 du CGCT) stipule que l\u2019inhumation doit se faire au minimum 24 heures et au maximum 6 jour (hors dimanche et jours f\u00e9ri\u00e9s) apr\u00e8s le d\u00e9c\u00e8s. Si celui-ci s\u2019est produit hors France m\u00e9tropolitaine (\u00e0 l\u2019\u00e9tranger ou dans un territoire d\u2019outre-mer) les 6 jours sont comptabilis\u00e9s \u00e0 partir de l\u2019arriv\u00e9e du corps sur le sol fran\u00e7ais. Si besoin, une prolongation de d\u00e9lais peut \u00eatre demand\u00e9e aupr\u00e8s du pr\u00e9fet du d\u00e9partement du lieu d\u2019inhumation.<\/p>\n                    <\/div>\r\n                <\/div>\r\n\r\n                <\/div>\r\n\r\n\r\n\r\n    \r\n            \r\n\r\n                <div class=\"card question\" data-cat=\"Ce qu'il faut savoir sur l'inhumation\">\r\n\r\n                <div class=\"container\">\r\n                    <div class=\"card-header spacer-card-faq arrow question_trigger\" data-toggle=\"collapse\" data-target=\"#collapse_1\" aria-expanded=\"false\" aria-controls=\"collapseExample\">\r\n                        <h3 class=\"card-title\">\r\n                            Quels types de soins apporte-t-on aux d\u00e9funts ?                        <\/h3>\r\n                        <img decoding=\"async\" class=\"arrow-icon\" src=\"https:\/\/www.pompes-funebres-santilly.com\/wp-content\/themes\/geschaft-child\/images\/Arrow.png\" width=\"30\" height=\"30\" alt=\"arrow bottom\" \/>\r\n\r\n\r\n                    <\/div>\r\n    \r\n                    <div class=\"content collapse card-body\" id=\"collapse_1\">\r\n                        <p>Les soins varient en fonction des traditions et des coutumes religieuses. Pour les juifs et les musulmans, il s\u2019agit d\u2019un rite obligatoire qui incombe aux autorit\u00e9s religieuses. Dans les autres cas, les soins sont g\u00e9n\u00e9ralement assur\u00e9s par les professionnels de sant\u00e9 des pompes fun\u00e8bres. Une toilette mortuaire est effectu\u00e9e tandis qu\u2019un thanatopracteur s\u2019occupera des soins de pr\u00e9sentation et de conservation.<\/p>\n                    <\/div>\r\n                <\/div>\r\n\r\n                <\/div>\r\n\r\n\r\n\r\n    \r\n            \r\n\r\n                <div class=\"card question\" data-cat=\"Ce qu'il faut savoir sur la cr\u00e9mation\">\r\n\r\n                <div class=\"container\">\r\n                    <div class=\"card-header spacer-card-faq arrow question_trigger\" data-toggle=\"collapse\" data-target=\"#collapse_2\" aria-expanded=\"false\" aria-controls=\"collapseExample\">\r\n                        <h3 class=\"card-title\">\r\n                            Dois-je choisir un cercueil sp\u00e9cial pour la cr\u00e9mation ?                        <\/h3>\r\n                        <img decoding=\"async\" class=\"arrow-icon\" src=\"https:\/\/www.pompes-funebres-santilly.com\/wp-content\/themes\/geschaft-child\/images\/Arrow.png\" width=\"30\" height=\"30\" alt=\"arrow bottom\" \/>\r\n\r\n\r\n                    <\/div>\r\n    \r\n                    <div class=\"content collapse card-body\" id=\"collapse_2\">\r\n                        <p><span style=\"font-weight: 400;\">Tous les cercueils propos\u00e9s par les \u00c9tablissements Santilly peuvent \u00eatre destin\u00e9s \u00e0 la cr\u00e9mation. Toutefois, un cercueil de moindre \u00e9paisseur (18 mm) sera plus adapt\u00e9, car moins long \u00e0 incin\u00e9rer. Les cercueils de 22 mm sont g\u00e9n\u00e9ralement choisis pour l\u2019inhumation.<\/span><\/p>\n<p><span style=\"font-weight: 400;\">Le choix du cercueil a une importance particuli\u00e8re. Il est d\u2019usage de le choisir en pensant \u00e0 la personnalit\u00e9 du d\u00e9funt. C\u2019est en effet la derni\u00e8re image qu\u2019il laisse \u00e0 ses proches pendant la c\u00e9r\u00e9monie et lors de la cr\u00e9mation. Les \u00c9ts Santilly vous conseillent au mieux pour choisir le cercueil le plus adapt\u00e9, tout en respectant votre budget.<\/span><\/p>\n<p>&nbsp;<\/p>\n                    <\/div>\r\n                <\/div>\r\n\r\n                <\/div>\r\n\r\n\r\n\r\n                <div class=\"faq_navigation\">\r\n            <div class=\"next_posts\">\r\n                            <\/div>\r\n            <div class=\"prev_posts\">\r\n                 \r\n            <\/div>\r\n                    <\/div>\r\n        <\/div>\r\n    <\/div>\r\n[\/vc_column_text][vc_btn title=\u00a0\u00bbVOIR TOUT\u00a0\u00bb align=\u00a0\u00bbright\u00a0\u00bb el_id=\u00a0\u00bbfaq_btn\u00a0\u00bb link=\u00a0\u00bburl:https%3A%2F%2Fwww.pompes-funebres-santilly.com%2Ffr%2Fquestions-frequentes%2F|title:Questions%20fr%C3%A9quentes||\u00a0\u00bb][\/vc_column][\/vc_row][\/vc_section]<\/p>\n","protected":false},"excerpt":{"rendered":"<p>[vc_section css=\u00a0\u00bb.vc_custom_1580376957876{margin-bottom: 40px !important;}\u00a0\u00bb][vc_row css=\u00a0\u00bb.vc_custom_1582636431490{margin-bottom: 64px !important;}\u00a0\u00bb][vc_column width=\u00a0\u00bb1\/2&Prime;][vc_column_text css=\u00a0\u00bb.vc_custom_1581351761312{margin-bottom: 30px !important;}\u00a0\u00bb] Comment choisir son cercueil ? [\/vc_column_text][vc_column_text] Choisir un cercueil est un acte d\u00e9licat pour lequel les \u00e9tablissements Santilly&nbsp;saurons vous conseiller au plus pr\u00e8s de vos attentes et de votre budget. [\/vc_column_text][\/vc_column][vc_column width=\u00a0\u00bb1\/2&Prime;][vc_single_image image=\u00a0\u00bb19301&Prime; img_size=\u00a0\u00bblarge\u00a0\u00bb alignment=\u00a0\u00bbright\u00a0\u00bb][\/vc_column][\/vc_row][\/vc_section][vc_section css=\u00a0\u00bb.vc_custom_1580376957876{margin-bottom: 40px !important;}\u00a0\u00bb][vc_row full_width=\u00a0\u00bbstretch_row\u00a0\u00bb css=\u00a0\u00bb.vc_custom_1708953715765{margin-bottom: 64px !important;background-color: #f6f4f2 !important;}\u00a0\u00bb [&hellip;]<\/p>\n","protected":false},"author":1,"featured_media":0,"parent":996,"menu_order":4,"comment_status":"closed","ping_status":"closed","template":"","meta":{"_acf_changed":false,"footnotes":""},"class_list":["post-7450","page","type-page","status-publish","hentry"],"acf":false,"yoast_head":"<!-- This site is optimized with the Yoast SEO plugin v26.5 - https:\/\/yoast.com\/wordpress\/plugins\/seo\/ -->\n<title>Comment choisir son cercueil ? | Pompes Fun\u00e8bres Santilly<\/title>\n<meta name=\"description\" content=\"Choisir un cercueil est un acte d\u00e9licat pour lequel les \u00e9tablissements Santilly saurons vous conseiller au plus pr\u00e8s de vos attentes et de votre budget.\" \/>\n<meta name=\"robots\" content=\"index, follow, max-snippet:-1, max-image-preview:large, max-video-preview:-1\" \/>\n<link rel=\"canonical\" href=\"https:\/\/www.pompes-funebres-santilly.com\/fr\/obseques\/cercueil\/\" \/>\n<meta property=\"og:locale\" content=\"fr_FR\" \/>\n<meta property=\"og:type\" content=\"article\" \/>\n<meta property=\"og:title\" content=\"Comment choisir son cercueil ? | Pompes Fun\u00e8bres Santilly\" \/>\n<meta property=\"og:description\" content=\"Choisir un cercueil est un acte d\u00e9licat pour lequel les \u00e9tablissements Santilly saurons vous conseiller au plus pr\u00e8s de vos attentes et de votre budget.\" \/>\n<meta property=\"og:url\" content=\"https:\/\/www.pompes-funebres-santilly.com\/fr\/obseques\/cercueil\/\" \/>\n<meta property=\"og:site_name\" content=\"Pompes Fun\u00e8bres Santilly\" \/>\n<meta property=\"article:modified_time\" content=\"2024-02-26T13:23:44+00:00\" \/>\n<meta name=\"twitter:card\" content=\"summary_large_image\" \/>\n<meta name=\"twitter:label1\" content=\"Dur\u00e9e de lecture est.\" \/>\n\t<meta name=\"twitter:data1\" content=\"3 minutes\" \/>\n<script type=\"application\/ld+json\" class=\"yoast-schema-graph\">{\"@context\":\"https:\/\/schema.org\",\"@graph\":[{\"@type\":\"WebPage\",\"@id\":\"https:\/\/www.pompes-funebres-santilly.com\/fr\/obseques\/cercueil\/\",\"url\":\"https:\/\/www.pompes-funebres-santilly.com\/fr\/obseques\/cercueil\/\",\"name\":\"Comment choisir son cercueil ? | Pompes Fun\u00e8bres Santilly\",\"isPartOf\":{\"@id\":\"https:\/\/www.pompes-funebres-santilly.com\/fr\/#website\"},\"datePublished\":\"2020-02-06T16:30:37+00:00\",\"dateModified\":\"2024-02-26T13:23:44+00:00\",\"description\":\"Choisir un cercueil est un acte d\u00e9licat pour lequel les \u00e9tablissements Santilly saurons vous conseiller au plus pr\u00e8s de vos attentes et de votre budget.\",\"breadcrumb\":{\"@id\":\"https:\/\/www.pompes-funebres-santilly.com\/fr\/obseques\/cercueil\/#breadcrumb\"},\"inLanguage\":\"fr-FR\",\"potentialAction\":[{\"@type\":\"ReadAction\",\"target\":[\"https:\/\/www.pompes-funebres-santilly.com\/fr\/obseques\/cercueil\/\"]}]},{\"@type\":\"BreadcrumbList\",\"@id\":\"https:\/\/www.pompes-funebres-santilly.com\/fr\/obseques\/cercueil\/#breadcrumb\",\"itemListElement\":[{\"@type\":\"ListItem\",\"position\":1,\"name\":\"Accueil\",\"item\":\"https:\/\/www.pompes-funebres-santilly.com\/fr\/\"},{\"@type\":\"ListItem\",\"position\":2,\"name\":\"Obs\u00e8ques\",\"item\":\"https:\/\/www.pompes-funebres-santilly.com\/fr\/obseques\/\"},{\"@type\":\"ListItem\",\"position\":3,\"name\":\"Cercueil\"}]},{\"@type\":\"WebSite\",\"@id\":\"https:\/\/www.pompes-funebres-santilly.com\/fr\/#website\",\"url\":\"https:\/\/www.pompes-funebres-santilly.com\/fr\/\",\"name\":\"Pompes Fun\u00e8bres Santilly\",\"description\":\"\",\"publisher\":{\"@id\":\"https:\/\/www.pompes-funebres-santilly.com\/fr\/#organization\"},\"potentialAction\":[{\"@type\":\"SearchAction\",\"target\":{\"@type\":\"EntryPoint\",\"urlTemplate\":\"https:\/\/www.pompes-funebres-santilly.com\/fr\/?s={search_term_string}\"},\"query-input\":{\"@type\":\"PropertyValueSpecification\",\"valueRequired\":true,\"valueName\":\"search_term_string\"}}],\"inLanguage\":\"fr-FR\"},{\"@type\":\"Organization\",\"@id\":\"https:\/\/www.pompes-funebres-santilly.com\/fr\/#organization\",\"name\":\"LCF Santilly\",\"url\":\"https:\/\/www.pompes-funebres-santilly.com\/fr\/\",\"logo\":{\"@type\":\"ImageObject\",\"inLanguage\":\"fr-FR\",\"@id\":\"https:\/\/www.pompes-funebres-santilly.com\/fr\/#\/schema\/logo\/image\/\",\"url\":\"https:\/\/www.pompes-funebres-santilly.com\/wp-content\/uploads\/2019\/12\/logo-1.png\",\"contentUrl\":\"https:\/\/www.pompes-funebres-santilly.com\/wp-content\/uploads\/2019\/12\/logo-1.png\",\"width\":433,\"height\":115,\"caption\":\"LCF Santilly\"},\"image\":{\"@id\":\"https:\/\/www.pompes-funebres-santilly.com\/fr\/#\/schema\/logo\/image\/\"}}]}<\/script>\n<!-- \/ Yoast SEO plugin. -->","yoast_head_json":{"title":"Comment choisir son cercueil ? | Pompes Fun\u00e8bres Santilly","description":"Choisir un cercueil est un acte d\u00e9licat pour lequel les \u00e9tablissements Santilly saurons vous conseiller au plus pr\u00e8s de vos attentes et de votre budget.","robots":{"index":"index","follow":"follow","max-snippet":"max-snippet:-1","max-image-preview":"max-image-preview:large","max-video-preview":"max-video-preview:-1"},"canonical":"https:\/\/www.pompes-funebres-santilly.com\/fr\/obseques\/cercueil\/","og_locale":"fr_FR","og_type":"article","og_title":"Comment choisir son cercueil ? | Pompes Fun\u00e8bres Santilly","og_description":"Choisir un cercueil est un acte d\u00e9licat pour lequel les \u00e9tablissements Santilly saurons vous conseiller au plus pr\u00e8s de vos attentes et de votre budget.","og_url":"https:\/\/www.pompes-funebres-santilly.com\/fr\/obseques\/cercueil\/","og_site_name":"Pompes Fun\u00e8bres Santilly","article_modified_time":"2024-02-26T13:23:44+00:00","twitter_card":"summary_large_image","twitter_misc":{"Dur\u00e9e de lecture est.":"3 minutes"},"schema":{"@context":"https:\/\/schema.org","@graph":[{"@type":"WebPage","@id":"https:\/\/www.pompes-funebres-santilly.com\/fr\/obseques\/cercueil\/","url":"https:\/\/www.pompes-funebres-santilly.com\/fr\/obseques\/cercueil\/","name":"Comment choisir son cercueil ? | Pompes Fun\u00e8bres Santilly","isPartOf":{"@id":"https:\/\/www.pompes-funebres-santilly.com\/fr\/#website"},"datePublished":"2020-02-06T16:30:37+00:00","dateModified":"2024-02-26T13:23:44+00:00","description":"Choisir un cercueil est un acte d\u00e9licat pour lequel les \u00e9tablissements Santilly saurons vous conseiller au plus pr\u00e8s de vos attentes et de votre budget.","breadcrumb":{"@id":"https:\/\/www.pompes-funebres-santilly.com\/fr\/obseques\/cercueil\/#breadcrumb"},"inLanguage":"fr-FR","potentialAction":[{"@type":"ReadAction","target":["https:\/\/www.pompes-funebres-santilly.com\/fr\/obseques\/cercueil\/"]}]},{"@type":"BreadcrumbList","@id":"https:\/\/www.pompes-funebres-santilly.com\/fr\/obseques\/cercueil\/#breadcrumb","itemListElement":[{"@type":"ListItem","position":1,"name":"Accueil","item":"https:\/\/www.pompes-funebres-santilly.com\/fr\/"},{"@type":"ListItem","position":2,"name":"Obs\u00e8ques","item":"https:\/\/www.pompes-funebres-santilly.com\/fr\/obseques\/"},{"@type":"ListItem","position":3,"name":"Cercueil"}]},{"@type":"WebSite","@id":"https:\/\/www.pompes-funebres-santilly.com\/fr\/#website","url":"https:\/\/www.pompes-funebres-santilly.com\/fr\/","name":"Pompes Fun\u00e8bres Santilly","description":"","publisher":{"@id":"https:\/\/www.pompes-funebres-santilly.com\/fr\/#organization"},"potentialAction":[{"@type":"SearchAction","target":{"@type":"EntryPoint","urlTemplate":"https:\/\/www.pompes-funebres-santilly.com\/fr\/?s={search_term_string}"},"query-input":{"@type":"PropertyValueSpecification","valueRequired":true,"valueName":"search_term_string"}}],"inLanguage":"fr-FR"},{"@type":"Organization","@id":"https:\/\/www.pompes-funebres-santilly.com\/fr\/#organization","name":"LCF Santilly","url":"https:\/\/www.pompes-funebres-santilly.com\/fr\/","logo":{"@type":"ImageObject","inLanguage":"fr-FR","@id":"https:\/\/www.pompes-funebres-santilly.com\/fr\/#\/schema\/logo\/image\/","url":"https:\/\/www.pompes-funebres-santilly.com\/wp-content\/uploads\/2019\/12\/logo-1.png","contentUrl":"https:\/\/www.pompes-funebres-santilly.com\/wp-content\/uploads\/2019\/12\/logo-1.png","width":433,"height":115,"caption":"LCF Santilly"},"image":{"@id":"https:\/\/www.pompes-funebres-santilly.com\/fr\/#\/schema\/logo\/image\/"}}]}},"_links":{"self":[{"href":"https:\/\/www.pompes-funebres-santilly.com\/fr\/wp-json\/wp\/v2\/pages\/7450","targetHints":{"allow":["GET"]}}],"collection":[{"href":"https:\/\/www.pompes-funebres-santilly.com\/fr\/wp-json\/wp\/v2\/pages"}],"about":[{"href":"https:\/\/www.pompes-funebres-santilly.com\/fr\/wp-json\/wp\/v2\/types\/page"}],"author":[{"embeddable":true,"href":"https:\/\/www.pompes-funebres-santilly.com\/fr\/wp-json\/wp\/v2\/users\/1"}],"replies":[{"embeddable":true,"href":"https:\/\/www.pompes-funebres-santilly.com\/fr\/wp-json\/wp\/v2\/comments?post=7450"}],"version-history":[{"count":16,"href":"https:\/\/www.pompes-funebres-santilly.com\/fr\/wp-json\/wp\/v2\/pages\/7450\/revisions"}],"predecessor-version":[{"id":32786,"href":"https:\/\/www.pompes-funebres-santilly.com\/fr\/wp-json\/wp\/v2\/pages\/7450\/revisions\/32786"}],"up":[{"embeddable":true,"href":"https:\/\/www.pompes-funebres-santilly.com\/fr\/wp-json\/wp\/v2\/pages\/996"}],"wp:attachment":[{"href":"https:\/\/www.pompes-funebres-santilly.com\/fr\/wp-json\/wp\/v2\/media?parent=7450"}],"curies":[{"name":"wp","href":"https:\/\/api.w.org\/{rel}","templated":true}]}}