{"id":7422,"date":"2020-02-06T16:30:14","date_gmt":"2020-02-06T15:30:14","guid":{"rendered":"http:\/\/www.pompes-funebres-santilly.com\/fr\/?page_id=7422"},"modified":"2024-02-26T14:15:42","modified_gmt":"2024-02-26T13:15:42","slug":"cremation","status":"publish","type":"page","link":"https:\/\/www.pompes-funebres-santilly.com\/fr\/obseques\/cremation\/","title":{"rendered":"Cr\u00e9mation"},"content":{"rendered":"<p>[vc_row full_width=\u00a0\u00bbstretch_row\u00a0\u00bb content_placement=\u00a0\u00bbmiddle\u00a0\u00bb css=\u00a0\u00bb.vc_custom_1708953272225{margin-bottom: 64px !important;background-color: #f6f4f2 !important;}\u00a0\u00bb el_class=\u00a0\u00bblarge-color\u00a0\u00bb bb_tab_container=\u00a0\u00bb\u00a0\u00bb][vc_column width=\u00a0\u00bb1\/2&Prime;][vc_column_text]<!-- \/wp:post-content --><\/p>\n<p><!-- wp:shortcode --><br \/>\n[vc_section el_id=\u00a0\u00bbcollectivite-service-section\u00a0\u00bb css=\u00a0\u00bb.vc_custom_1580376943631{margin-bottom: 40px !important;}\u00a0\u00bb][vc_row][vc_column][vc_column_text bb_tab_container=\u00a0\u00bb\u00a0\u00bb]<\/p>\n<h1>Comment se d\u00e9roule la cr\u00e9mation ?<\/h1>\n<p>[\/vc_column_text][vc_column_text css=\u00a0\u00bb.vc_custom_1581331946309{margin-bottom: 40px !important;}\u00a0\u00bb]Au\u00adpa\u00adra\u00advant mi\u00adno\u00adri\u00adtaire, ce mode de fu\u00adn\u00e9\u00adrailles est d\u00e9\u00adsor\u00admais entr\u00e9 dans les m\u0153urs. C\u2019est pour\u00adquoi nous pro\u00adpo\u00adsons un pro\u00adto\u00adcole sp\u00e9\u00adci\u00adfique qui ac\u00adcom\u00adpagne les\u00a0<strong>c\u00e9\u00adr\u00e9\u00admo\u00adnies d\u2019ob\u00ads\u00e8ques au cr\u00e9\u00adma\u00adto\u00adrium<\/strong>.<\/p>\n<p>Ces pres\u00adta\u00adtions peuvent \u00eatre per\u00adson\u00adna\u00adli\u00ads\u00e9es\u00a0en pr\u00e9\u00adser\u00advant la di\u00admen\u00adsion hu\u00admaine et so\u00adlen\u00adnelle de ce mo\u00adment d\u00e9di\u00e9 \u00e0 la m\u00e9\u00admoire du d\u00e9\u00adfunt.[\/vc_column_text][vc_btn title=\u00a0\u00bbDemander un devis\u00a0\u00bb style=\u00a0\u00bbflat\u00a0\u00bb color=\u00a0\u00bbsuccess\u00a0\u00bb align=\u00a0\u00bbcenter\u00a0\u00bb button_block=\u00a0\u00bbtrue\u00a0\u00bb el_class=\u00a0\u00bbpfs-cta-a small half\u00a0\u00bb link=\u00a0\u00bburl:https%3A%2F%2Fwww.pompes-funebres-santilly.com%2Ffr%2Fdevis%2F|title:Demander%20un%20devis||\u00a0\u00bb][\/vc_column][vc_column width=\u00a0\u00bb1\/2&Prime;][vc_single_image image=\u00a0\u00bb17718&Prime; img_size=\u00a0\u00bblarge\u00a0\u00bb alignment=\u00a0\u00bbright\u00a0\u00bb][\/vc_column][\/vc_row][vc_section el_id=\u00a0\u00bbcollectivite-reprise-section\u00a0\u00bb css=\u00a0\u00bb.vc_custom_1580376950216{margin-bottom: 40px !important;}\u00a0\u00bb][vc_row css=\u00a0\u00bb.vc_custom_1582636004379{margin-bottom: 64px !important;}\u00a0\u00bb][vc_column width=\u00a0\u00bb1\/2&Prime;][vc_single_image image=\u00a0\u00bb19232&Prime; img_size=\u00a0\u00bblarge\u00a0\u00bb][\/vc_column][vc_column width=\u00a0\u00bb1\/2&Prime;][vc_column_text css=\u00a0\u00bb.vc_custom_1661956698710{margin-bottom: 30px !important;}\u00a0\u00bb]<\/p>\n<h2>Le \u00e9tapes de la cr\u00e9mation<\/h2>\n<p>[\/vc_column_text][vc_column_text]Avant la cr\u00e9mation, une c\u00e9r\u00e9monie civile ou religieuse peut avoir lieu. Elle se d\u00e9compose en g\u00e9n\u00e9ral de la fa\u00e7on suivante\u00a0: un temps de parole, une \u00e9loge fun\u00e8bre puis un temps de recueillement.<\/p>\n<p><span style=\"font-weight: 400;\">Ensuite, vient le temps de la cr\u00e9mation, d\u2019une dur\u00e9e d\u2019environ 1h30. Elle consiste \u00e0 br\u00fbler le corps du d\u00e9funt, pr\u00e9alablement plac\u00e9 dans un cercueil. Les cendres sont d\u00e9pos\u00e9es dans un \u00ab cendrier \u00bb, qui sera lui-m\u00eame mis dans l\u2019urne pr\u00e9alablement choisie.<\/span>[\/vc_column_text][\/vc_column][\/vc_row][vc_row][\/vc_row][vc_column][\/vc_column][\/vc_section][vc_section el_id=\u00a0\u00bbcollectivite-espaces-section\u00a0\u00bb][vc_row full_width=\u00a0\u00bbstretch_row\u00a0\u00bb css=\u00a0\u00bb.vc_custom_1708953283444{background-color: #f6f4f2 !important;}\u00a0\u00bb el_class=\u00a0\u00bblarge-color\u00a0\u00bb bb_tab_container=\u00a0\u00bb\u00a0\u00bb][vc_column width=\u00a0\u00bb1\/2&Prime;][vc_column_text css=\u00a0\u00bb.vc_custom_1581331997402{margin-bottom: 30px !important;}\u00a0\u00bb]<\/p>\n<h2>Le devenir des cendres<\/h2>\n<p>[\/vc_column_text][vc_column_text]Il existe plusieurs lieux de repos pour les cendres.<\/p>\n<ul>\n<li>L\u2019urne cin\u00e9raire peut \u00eatre plac\u00e9e dans <strong>un<\/strong> <strong>columbarium<\/strong> (\u00e9difice comportant plusieurs cases qui permettent de placer l\u2019urne) ou dans un monument cin\u00e9raire<\/li>\n<li>L\u2019urne peut \u00eatre aussi enterr\u00e9e dans<strong> une pro\u00adpri\u00e9t\u00e9 pri\u00adv\u00e9e\u00a0<\/strong>si elle est si\u00adtu\u00e9e hors zone ur\u00adbaine avec une au\u00adto\u00adri\u00adsa\u00adtion pr\u00e9\u00adfec\u00adto\u00adrale<\/li>\n<li>Les cendres peuvent \u00eatre dispers\u00e9es soit dans le \u00ab\u00a0Jardin du souvenir\u00a0\u00bb, espace pr\u00e9vu dans les cimeti\u00e8res pour disperser les cendres, soit<strong> en pleine na\u00adture\u00a0<\/strong>(mais hors voie pu\u00adblique).<\/li>\n<\/ul>\n<p><em><strong><i>\u00c0\u00a0<\/i>noter\u00a0:<\/strong><\/em><\/p>\n<ul>\n<li>Les com\u00admunes de plus de 2000 ha\u00adbi\u00adtants sont te\u00adnues d\u2019in\u00adt\u00e9\u00adgrer \u00e0 leur ci\u00adme\u00adti\u00e8re un es\u00adpace am\u00e9\u00adnag\u00e9 pour la dis\u00adper\u00adsion des cendres.<\/li>\n<li>La <strong>taxe de cr\u00e9\u00adma\u00adtion\u00a0<\/strong>qui vous sera de\u00adman\u00add\u00e9e est com\u00admu\u00adnale et ne d\u00e9\u00adpend pas du pres\u00adta\u00adtaire fu\u00adn\u00e9\u00adraire.<\/li>\n<\/ul>\n<p>[\/vc_column_text][\/vc_column][vc_column width=\u00a0\u00bb1\/2&Prime;][vc_single_image image=\u00a0\u00bb888&Prime; img_size=\u00a0\u00bbmedium\u00a0\u00bb alignment=\u00a0\u00bbright\u00a0\u00bb][vc_single_image image=\u00a0\u00bb19284&Prime; img_size=\u00a0\u00bblarge\u00a0\u00bb][\/vc_column][\/vc_row][vc_row][\/vc_row][\/vc_section][vc_section el_id=\u00a0\u00bbcollectivite-seo-section\u00a0\u00bb css=\u00a0\u00bb.vc_custom_1600088629217{margin-top: 20px !important;}\u00a0\u00bb][vc_row css=\u00a0\u00bb.vc_custom_1600087841340{margin-bottom: 64px !important;}\u00a0\u00bb][vc_column][vc_column_text css=\u00a0\u00bb.vc_custom_1592558958963{margin-bottom: 30px !important;}\u00a0\u00bb]<\/p>\n<h2>Comprendre un devis de Pompes Fun\u00e8bres<\/h2>\n<p>[\/vc_column_text][vc_video link=\u00a0\u00bbhttps:\/\/youtu.be\/E47Q7xV-Tyc\u00a0\u00bb][\/vc_column][\/vc_row][vc_row][\/vc_row][vc_column][\/vc_column][vc_column_text][\/vc_column_text][\/vc_section][vc_section s7upf_x_large_css=\u00a0\u00bb.vc_custom_1582187141420{background-color: #f2f5f5 !important;}\u00a0\u00bb el_class=\u00a0\u00bbno-color\u00a0\u00bb css=\u00a0\u00bb.vc_custom_1582187141418{margin-bottom: 60px !important;}\u00a0\u00bb][vc_row full_width=\u00a0\u00bbstretch_row\u00a0\u00bb equal_height=\u00a0\u00bbyes\u00a0\u00bb css=\u00a0\u00bb.vc_custom_1708953297289{padding-top: 50px !important;padding-bottom: 50px !important;background-color: #f6f4f2 !important;background-position: center !important;background-repeat: no-repeat !important;background-size: contain !important;}\u00a0\u00bb el_class=\u00a0\u00bbhome-shop-wrapper\u00a0\u00bb bb_tab_container=\u00a0\u00bb\u00a0\u00bb][vc_column][vc_column_text css=\u00a0\u00bb.vc_custom_1581006485131{margin-bottom: 30px !important;}\u00a0\u00bb]<\/p>\n<h2 style=\"text-align: center;\">Demander un Devis<\/h2>\n<p>[\/vc_column_text][vc_column_text]<\/p>\n<p style=\"text-align: center;\">Lorem ipsum dolor sit amet, consectetur adipiscing elit. Sed et volutpat leo, ut accumsan lorem. Sed consectetur velit et justo varius sodales. Integer erat diam, blandit vitae velit nec, maximus pellentesque ante.<\/p>\n<p>[\/vc_column_text][vc_btn title=\u00a0\u00bbDemander un devis\u00a0\u00bb style=\u00a0\u00bbflat\u00a0\u00bb color=\u00a0\u00bbsuccess\u00a0\u00bb align=\u00a0\u00bbcenter\u00a0\u00bb el_class=\u00a0\u00bbpfs-cta-a small\u00a0\u00bb link=\u00a0\u00bburl:http%3A%2F%2Fwww.pompes-funebres-santilly.com%2Ffr%2Fdevis%2F|title:Collectivit%C3%A9s||\u00a0\u00bb][\/vc_column][vc_column bb_tab_container=\u00a0\u00bb\u00a0\u00bb el_class=\u00a0\u00bbhome-shop-visual\u00a0\u00bb][vc_single_image image=\u00a0\u00bb32763&Prime; img_size=\u00a0\u00bbfull\u00a0\u00bb alignment=\u00a0\u00bbright\u00a0\u00bb bb_tab_container=\u00a0\u00bb\u00a0\u00bb][\/vc_column][\/vc_row][\/vc_section][vc_section full_width=\u00a0\u00bbstretch_row\u00a0\u00bb el_id=\u00a0\u00bbfaq_embed\u00a0\u00bb css=\u00a0\u00bb.vc_custom_1603872769601{margin-top: 30px !important;background-color: #e1eced !important;}\u00a0\u00bb][vc_row][vc_column][vc_column_text]<\/p>\n<h2 style=\"text-align: center;\">Questions Fr\u00e9quentes<\/h2>\n<p>[\/vc_column_text][\/vc_column][\/vc_row][vc_row][vc_column][vc_column_text]\r\n    <div class=\"container-fluid to_moove\">\r\n\r\n        <div class=\"row\">\r\n    \r\n            <div class=\"col-md\">\r\n    \r\n            \r\n\r\n                <div class=\"card question\" data-cat=\"Je dois organiser des obs\u00e8ques\">\r\n\r\n                <div class=\"container\">\r\n                    <div class=\"card-header spacer-card-faq arrow question_trigger\" data-toggle=\"collapse\" data-target=\"#collapse_0\" aria-expanded=\"false\" aria-controls=\"collapseExample\">\r\n                        <h3 class=\"card-title\">\r\n                            Qui choisit entre l\u2019inhumation ou la cr\u00e9mation ?                        <\/h3>\r\n                        <img decoding=\"async\" class=\"arrow-icon\" src=\"https:\/\/www.pompes-funebres-santilly.com\/wp-content\/themes\/geschaft-child\/images\/Arrow.png\" width=\"30\" height=\"30\" alt=\"arrow bottom\" \/>\r\n\r\n\r\n                    <\/div>\r\n    \r\n                    <div class=\"content collapse card-body\" id=\"collapse_0\">\r\n                        Ce choix s\u2019op\u00e8re par chaque personne de son vivant, en exprimant clairement cette volont\u00e9 \u00e0 ses proches. Si aucune consigne n\u2019a \u00e9t\u00e9 donn\u00e9e, les traditions ou les convictions religieuses guideront la d\u00e9cision de la famille.\r\n<a href=\"https:\/\/www.pompes-funebres-santilly.com\/fr\/nos-agences\/\">Rechercher votre agence. <\/a>                    <\/div>\r\n                <\/div>\r\n\r\n                <\/div>\r\n\r\n\r\n\r\n    \r\n            \r\n\r\n                <div class=\"card question\" data-cat=\"Ce qu'il faut savoir sur la cr\u00e9mation\">\r\n\r\n                <div class=\"container\">\r\n                    <div class=\"card-header spacer-card-faq arrow question_trigger\" data-toggle=\"collapse\" data-target=\"#collapse_1\" aria-expanded=\"false\" aria-controls=\"collapseExample\">\r\n                        <h3 class=\"card-title\">\r\n                            Dois-je choisir un cercueil sp\u00e9cial pour la cr\u00e9mation ?                        <\/h3>\r\n                        <img decoding=\"async\" class=\"arrow-icon\" src=\"https:\/\/www.pompes-funebres-santilly.com\/wp-content\/themes\/geschaft-child\/images\/Arrow.png\" width=\"30\" height=\"30\" alt=\"arrow bottom\" \/>\r\n\r\n\r\n                    <\/div>\r\n    \r\n                    <div class=\"content collapse card-body\" id=\"collapse_1\">\r\n                        <p><span style=\"font-weight: 400;\">Tous les cercueils propos\u00e9s par les \u00c9tablissements Santilly peuvent \u00eatre destin\u00e9s \u00e0 la cr\u00e9mation. Toutefois, un cercueil de moindre \u00e9paisseur (18 mm) sera plus adapt\u00e9, car moins long \u00e0 incin\u00e9rer. Les cercueils de 22 mm sont g\u00e9n\u00e9ralement choisis pour l\u2019inhumation.<\/span><\/p>\n<p><span style=\"font-weight: 400;\">Le choix du cercueil a une importance particuli\u00e8re. Il est d\u2019usage de le choisir en pensant \u00e0 la personnalit\u00e9 du d\u00e9funt. C\u2019est en effet la derni\u00e8re image qu\u2019il laisse \u00e0 ses proches pendant la c\u00e9r\u00e9monie et lors de la cr\u00e9mation. Les \u00c9ts Santilly vous conseillent au mieux pour choisir le cercueil le plus adapt\u00e9, tout en respectant votre budget.<\/span><\/p>\n<p>&nbsp;<\/p>\n                    <\/div>\r\n                <\/div>\r\n\r\n                <\/div>\r\n\r\n\r\n\r\n    \r\n            \r\n\r\n                <div class=\"card question\" data-cat=\"Ce qu'il faut savoir sur la cr\u00e9mation\">\r\n\r\n                <div class=\"container\">\r\n                    <div class=\"card-header spacer-card-faq arrow question_trigger\" data-toggle=\"collapse\" data-target=\"#collapse_2\" aria-expanded=\"false\" aria-controls=\"collapseExample\">\r\n                        <h3 class=\"card-title\">\r\n                            Que puis-je faire avec les cendres ?                        <\/h3>\r\n                        <img decoding=\"async\" class=\"arrow-icon\" src=\"https:\/\/www.pompes-funebres-santilly.com\/wp-content\/themes\/geschaft-child\/images\/Arrow.png\" width=\"30\" height=\"30\" alt=\"arrow bottom\" \/>\r\n\r\n\r\n                    <\/div>\r\n    \r\n                    <div class=\"content collapse card-body\" id=\"collapse_2\">\r\n                        <p><span style=\"font-weight: 400;\">Depuis 2008, conserver les cendres dans une urne \u00e0 domicile est interdit par la loi. De la m\u00eame fa\u00e7on, il n\u2019est pas possible de diviser les cendres du d\u00e9funt entre plusieurs personnes. Par contre, s\u2019il en avait \u00e9mis le souhait, il est possible de disperser les cendres du d\u00e9funt sur le site qu\u2019il avait indiqu\u00e9 de son vivant, avant de r\u00e9cup\u00e9rer l\u2019urne vide.<\/span><\/p>\n<p>Vous pouvez aussi inhumer l\u2019urne au m\u00eame titre qu\u2019un cercueil. Vous pouvez \u00e9galement l\u2019inhumer dans une s\u00e9pulture cin\u00e9raire con\u00e7ue \u00e0 cet effet. Vous pouvez aussi rendre l\u2019urne visible en la scellant sur un monument existant ou la placer dans la case qui lui est r\u00e9serv\u00e9e s\u2019il s\u2019agit d\u2019un monument mixte (d\u00e9di\u00e9 \u00e0 la cr\u00e9mation et \u00e0 l\u2019inhumation). Vous pouvez enfin choisir de placer l\u2019urne dans un columbarium, espace collectif r\u00e9serv\u00e9 aux urnes dans les cimeti\u00e8res.<\/p>\n                    <\/div>\r\n                <\/div>\r\n\r\n                <\/div>\r\n\r\n\r\n\r\n    \r\n            \r\n\r\n                <div class=\"card question\" data-cat=\"Ce qu'il faut savoir sur la cr\u00e9mation\">\r\n\r\n                <div class=\"container\">\r\n                    <div class=\"card-header spacer-card-faq arrow question_trigger\" data-toggle=\"collapse\" data-target=\"#collapse_3\" aria-expanded=\"false\" aria-controls=\"collapseExample\">\r\n                        <h3 class=\"card-title\">\r\n                            Tout le monde peut-il avoir recours \u00e0 la cr\u00e9mation ?                        <\/h3>\r\n                        <img decoding=\"async\" class=\"arrow-icon\" src=\"https:\/\/www.pompes-funebres-santilly.com\/wp-content\/themes\/geschaft-child\/images\/Arrow.png\" width=\"30\" height=\"30\" alt=\"arrow bottom\" \/>\r\n\r\n\r\n                    <\/div>\r\n    \r\n                    <div class=\"content collapse card-body\" id=\"collapse_3\">\r\n                        <p>En principe, oui, sauf si la croyance de la personne l\u2019interdit (c\u2019est notamment le cas pour les religions juives et musulmanes). Depuis 1963, les catholiques l\u2019autorisent sous r\u00e9serve qu\u2019une c\u00e9r\u00e9monie soit donn\u00e9e avant la cr\u00e9mation et que l\u2019urne fun\u00e9raire soit d\u00e9pos\u00e9e dans un cimeti\u00e8re.<br \/>\nLes personnes qui suivent les rites du bouddhisme, de l\u2019hindouisme et du shinto\u00efsme sont tr\u00e8s favorables \u00e0 la cr\u00e9mation qu\u2019ils associent \u00e0 un rite de purification.<\/p>\n<p><a href=\"https:\/\/www.pompes-funebres-santilly.com\/fr\/devis\/\">Obtenir un devis gratuitement et sans engagement.<\/a><\/p>\n                    <\/div>\r\n                <\/div>\r\n\r\n                <\/div>\r\n\r\n\r\n\r\n                <div class=\"faq_navigation\">\r\n            <div class=\"next_posts\">\r\n                            <\/div>\r\n            <div class=\"prev_posts\">\r\n                 \r\n            <\/div>\r\n                    <\/div>\r\n        <\/div>\r\n    <\/div>\r\n[\/vc_column_text][vc_btn title=\u00a0\u00bbVOIR TOUT\u00a0\u00bb align=\u00a0\u00bbright\u00a0\u00bb el_id=\u00a0\u00bbfaq_btn\u00a0\u00bb link=\u00a0\u00bburl:https%3A%2F%2Fwww.pompes-funebres-santilly.com%2Ffr%2Fquestions-frequentes%2F|title:Questions%20fr%C3%A9quentes||\u00a0\u00bb][\/vc_column][\/vc_row][\/vc_section]<\/p>\n","protected":false},"excerpt":{"rendered":"<p>[vc_row full_width=\u00a0\u00bbstretch_row\u00a0\u00bb content_placement=\u00a0\u00bbmiddle\u00a0\u00bb css=\u00a0\u00bb.vc_custom_1708953272225{margin-bottom: 64px !important;background-color: #f6f4f2 !important;}\u00a0\u00bb el_class=\u00a0\u00bblarge-color\u00a0\u00bb bb_tab_container=\u00a0\u00bb\u00a0\u00bb][vc_column width=\u00a0\u00bb1\/2&Prime;][vc_column_text] [vc_section el_id=\u00a0\u00bbcollectivite-service-section\u00a0\u00bb css=\u00a0\u00bb.vc_custom_1580376943631{margin-bottom: 40px !important;}\u00a0\u00bb][vc_row][vc_column][vc_column_text bb_tab_container=\u00a0\u00bb\u00a0\u00bb] Comment se d\u00e9roule la cr\u00e9mation ? [\/vc_column_text][vc_column_text css=\u00a0\u00bb.vc_custom_1581331946309{margin-bottom: 40px !important;}\u00a0\u00bb]Au\u00adpa\u00adra\u00advant mi\u00adno\u00adri\u00adtaire, ce mode de fu\u00adn\u00e9\u00adrailles est d\u00e9\u00adsor\u00admais entr\u00e9 dans les m\u0153urs. C\u2019est pour\u00adquoi nous pro\u00adpo\u00adsons un pro\u00adto\u00adcole sp\u00e9\u00adci\u00adfique qui ac\u00adcom\u00adpagne les\u00a0c\u00e9\u00adr\u00e9\u00admo\u00adnies d\u2019ob\u00ads\u00e8ques au cr\u00e9\u00adma\u00adto\u00adrium. Ces pres\u00adta\u00adtions peuvent \u00eatre [&hellip;]<\/p>\n","protected":false},"author":1,"featured_media":0,"parent":996,"menu_order":2,"comment_status":"closed","ping_status":"closed","template":"","meta":{"_acf_changed":false,"footnotes":""},"class_list":["post-7422","page","type-page","status-publish","hentry"],"acf":false,"yoast_head":"<!-- This site is optimized with the Yoast SEO plugin v26.5 - https:\/\/yoast.com\/wordpress\/plugins\/seo\/ -->\n<title>Comment se d\u00e9roule la cr\u00e9mation ? Etapes, co\u00fbt, prix - Pompes Fun\u00e8bres Santilly<\/title>\n<meta name=\"description\" content=\"Les prestations propos\u00e9es par les \u00e9tablissements Santilly peuvent \u00eatre personnalis\u00e9es en pr\u00e9servant la dimension humaine et solennelle de ce moment d\u00e9di\u00e9 \u00e0 la m\u00e9moire du d\u00e9funt.\" \/>\n<meta name=\"robots\" content=\"index, follow, max-snippet:-1, max-image-preview:large, max-video-preview:-1\" \/>\n<link rel=\"canonical\" href=\"https:\/\/www.pompes-funebres-santilly.com\/fr\/obseques\/cremation\/\" \/>\n<meta property=\"og:locale\" content=\"fr_FR\" \/>\n<meta property=\"og:type\" content=\"article\" \/>\n<meta property=\"og:title\" content=\"Comment se d\u00e9roule la cr\u00e9mation ? Etapes, co\u00fbt, prix - Pompes Fun\u00e8bres Santilly\" \/>\n<meta property=\"og:description\" content=\"Les prestations propos\u00e9es par les \u00e9tablissements Santilly peuvent \u00eatre personnalis\u00e9es en pr\u00e9servant la dimension humaine et solennelle de ce moment d\u00e9di\u00e9 \u00e0 la m\u00e9moire du d\u00e9funt.\" \/>\n<meta property=\"og:url\" content=\"https:\/\/www.pompes-funebres-santilly.com\/fr\/obseques\/cremation\/\" \/>\n<meta property=\"og:site_name\" content=\"Pompes Fun\u00e8bres Santilly\" \/>\n<meta property=\"article:modified_time\" content=\"2024-02-26T13:15:42+00:00\" \/>\n<meta name=\"twitter:card\" content=\"summary_large_image\" \/>\n<meta name=\"twitter:label1\" content=\"Dur\u00e9e de lecture est.\" \/>\n\t<meta name=\"twitter:data1\" content=\"5 minutes\" \/>\n<script type=\"application\/ld+json\" class=\"yoast-schema-graph\">{\"@context\":\"https:\/\/schema.org\",\"@graph\":[{\"@type\":\"WebPage\",\"@id\":\"https:\/\/www.pompes-funebres-santilly.com\/fr\/obseques\/cremation\/\",\"url\":\"https:\/\/www.pompes-funebres-santilly.com\/fr\/obseques\/cremation\/\",\"name\":\"Comment se d\u00e9roule la cr\u00e9mation ? Etapes, co\u00fbt, prix - Pompes Fun\u00e8bres Santilly\",\"isPartOf\":{\"@id\":\"https:\/\/www.pompes-funebres-santilly.com\/fr\/#website\"},\"datePublished\":\"2020-02-06T15:30:14+00:00\",\"dateModified\":\"2024-02-26T13:15:42+00:00\",\"description\":\"Les prestations propos\u00e9es par les \u00e9tablissements Santilly peuvent \u00eatre personnalis\u00e9es en pr\u00e9servant la dimension humaine et solennelle de ce moment d\u00e9di\u00e9 \u00e0 la m\u00e9moire du d\u00e9funt.\",\"breadcrumb\":{\"@id\":\"https:\/\/www.pompes-funebres-santilly.com\/fr\/obseques\/cremation\/#breadcrumb\"},\"inLanguage\":\"fr-FR\",\"potentialAction\":[{\"@type\":\"ReadAction\",\"target\":[\"https:\/\/www.pompes-funebres-santilly.com\/fr\/obseques\/cremation\/\"]}]},{\"@type\":\"BreadcrumbList\",\"@id\":\"https:\/\/www.pompes-funebres-santilly.com\/fr\/obseques\/cremation\/#breadcrumb\",\"itemListElement\":[{\"@type\":\"ListItem\",\"position\":1,\"name\":\"Accueil\",\"item\":\"https:\/\/www.pompes-funebres-santilly.com\/fr\/\"},{\"@type\":\"ListItem\",\"position\":2,\"name\":\"Obs\u00e8ques\",\"item\":\"https:\/\/www.pompes-funebres-santilly.com\/fr\/obseques\/\"},{\"@type\":\"ListItem\",\"position\":3,\"name\":\"Cr\u00e9mation\"}]},{\"@type\":\"WebSite\",\"@id\":\"https:\/\/www.pompes-funebres-santilly.com\/fr\/#website\",\"url\":\"https:\/\/www.pompes-funebres-santilly.com\/fr\/\",\"name\":\"Pompes Fun\u00e8bres Santilly\",\"description\":\"\",\"publisher\":{\"@id\":\"https:\/\/www.pompes-funebres-santilly.com\/fr\/#organization\"},\"potentialAction\":[{\"@type\":\"SearchAction\",\"target\":{\"@type\":\"EntryPoint\",\"urlTemplate\":\"https:\/\/www.pompes-funebres-santilly.com\/fr\/?s={search_term_string}\"},\"query-input\":{\"@type\":\"PropertyValueSpecification\",\"valueRequired\":true,\"valueName\":\"search_term_string\"}}],\"inLanguage\":\"fr-FR\"},{\"@type\":\"Organization\",\"@id\":\"https:\/\/www.pompes-funebres-santilly.com\/fr\/#organization\",\"name\":\"LCF Santilly\",\"url\":\"https:\/\/www.pompes-funebres-santilly.com\/fr\/\",\"logo\":{\"@type\":\"ImageObject\",\"inLanguage\":\"fr-FR\",\"@id\":\"https:\/\/www.pompes-funebres-santilly.com\/fr\/#\/schema\/logo\/image\/\",\"url\":\"https:\/\/www.pompes-funebres-santilly.com\/wp-content\/uploads\/2019\/12\/logo-1.png\",\"contentUrl\":\"https:\/\/www.pompes-funebres-santilly.com\/wp-content\/uploads\/2019\/12\/logo-1.png\",\"width\":433,\"height\":115,\"caption\":\"LCF Santilly\"},\"image\":{\"@id\":\"https:\/\/www.pompes-funebres-santilly.com\/fr\/#\/schema\/logo\/image\/\"}}]}<\/script>\n<!-- \/ Yoast SEO plugin. -->","yoast_head_json":{"title":"Comment se d\u00e9roule la cr\u00e9mation ? Etapes, co\u00fbt, prix - Pompes Fun\u00e8bres Santilly","description":"Les prestations propos\u00e9es par les \u00e9tablissements Santilly peuvent \u00eatre personnalis\u00e9es en pr\u00e9servant la dimension humaine et solennelle de ce moment d\u00e9di\u00e9 \u00e0 la m\u00e9moire du d\u00e9funt.","robots":{"index":"index","follow":"follow","max-snippet":"max-snippet:-1","max-image-preview":"max-image-preview:large","max-video-preview":"max-video-preview:-1"},"canonical":"https:\/\/www.pompes-funebres-santilly.com\/fr\/obseques\/cremation\/","og_locale":"fr_FR","og_type":"article","og_title":"Comment se d\u00e9roule la cr\u00e9mation ? Etapes, co\u00fbt, prix - Pompes Fun\u00e8bres Santilly","og_description":"Les prestations propos\u00e9es par les \u00e9tablissements Santilly peuvent \u00eatre personnalis\u00e9es en pr\u00e9servant la dimension humaine et solennelle de ce moment d\u00e9di\u00e9 \u00e0 la m\u00e9moire du d\u00e9funt.","og_url":"https:\/\/www.pompes-funebres-santilly.com\/fr\/obseques\/cremation\/","og_site_name":"Pompes Fun\u00e8bres Santilly","article_modified_time":"2024-02-26T13:15:42+00:00","twitter_card":"summary_large_image","twitter_misc":{"Dur\u00e9e de lecture est.":"5 minutes"},"schema":{"@context":"https:\/\/schema.org","@graph":[{"@type":"WebPage","@id":"https:\/\/www.pompes-funebres-santilly.com\/fr\/obseques\/cremation\/","url":"https:\/\/www.pompes-funebres-santilly.com\/fr\/obseques\/cremation\/","name":"Comment se d\u00e9roule la cr\u00e9mation ? Etapes, co\u00fbt, prix - Pompes Fun\u00e8bres Santilly","isPartOf":{"@id":"https:\/\/www.pompes-funebres-santilly.com\/fr\/#website"},"datePublished":"2020-02-06T15:30:14+00:00","dateModified":"2024-02-26T13:15:42+00:00","description":"Les prestations propos\u00e9es par les \u00e9tablissements Santilly peuvent \u00eatre personnalis\u00e9es en pr\u00e9servant la dimension humaine et solennelle de ce moment d\u00e9di\u00e9 \u00e0 la m\u00e9moire du d\u00e9funt.","breadcrumb":{"@id":"https:\/\/www.pompes-funebres-santilly.com\/fr\/obseques\/cremation\/#breadcrumb"},"inLanguage":"fr-FR","potentialAction":[{"@type":"ReadAction","target":["https:\/\/www.pompes-funebres-santilly.com\/fr\/obseques\/cremation\/"]}]},{"@type":"BreadcrumbList","@id":"https:\/\/www.pompes-funebres-santilly.com\/fr\/obseques\/cremation\/#breadcrumb","itemListElement":[{"@type":"ListItem","position":1,"name":"Accueil","item":"https:\/\/www.pompes-funebres-santilly.com\/fr\/"},{"@type":"ListItem","position":2,"name":"Obs\u00e8ques","item":"https:\/\/www.pompes-funebres-santilly.com\/fr\/obseques\/"},{"@type":"ListItem","position":3,"name":"Cr\u00e9mation"}]},{"@type":"WebSite","@id":"https:\/\/www.pompes-funebres-santilly.com\/fr\/#website","url":"https:\/\/www.pompes-funebres-santilly.com\/fr\/","name":"Pompes Fun\u00e8bres Santilly","description":"","publisher":{"@id":"https:\/\/www.pompes-funebres-santilly.com\/fr\/#organization"},"potentialAction":[{"@type":"SearchAction","target":{"@type":"EntryPoint","urlTemplate":"https:\/\/www.pompes-funebres-santilly.com\/fr\/?s={search_term_string}"},"query-input":{"@type":"PropertyValueSpecification","valueRequired":true,"valueName":"search_term_string"}}],"inLanguage":"fr-FR"},{"@type":"Organization","@id":"https:\/\/www.pompes-funebres-santilly.com\/fr\/#organization","name":"LCF Santilly","url":"https:\/\/www.pompes-funebres-santilly.com\/fr\/","logo":{"@type":"ImageObject","inLanguage":"fr-FR","@id":"https:\/\/www.pompes-funebres-santilly.com\/fr\/#\/schema\/logo\/image\/","url":"https:\/\/www.pompes-funebres-santilly.com\/wp-content\/uploads\/2019\/12\/logo-1.png","contentUrl":"https:\/\/www.pompes-funebres-santilly.com\/wp-content\/uploads\/2019\/12\/logo-1.png","width":433,"height":115,"caption":"LCF Santilly"},"image":{"@id":"https:\/\/www.pompes-funebres-santilly.com\/fr\/#\/schema\/logo\/image\/"}}]}},"_links":{"self":[{"href":"https:\/\/www.pompes-funebres-santilly.com\/fr\/wp-json\/wp\/v2\/pages\/7422","targetHints":{"allow":["GET"]}}],"collection":[{"href":"https:\/\/www.pompes-funebres-santilly.com\/fr\/wp-json\/wp\/v2\/pages"}],"about":[{"href":"https:\/\/www.pompes-funebres-santilly.com\/fr\/wp-json\/wp\/v2\/types\/page"}],"author":[{"embeddable":true,"href":"https:\/\/www.pompes-funebres-santilly.com\/fr\/wp-json\/wp\/v2\/users\/1"}],"replies":[{"embeddable":true,"href":"https:\/\/www.pompes-funebres-santilly.com\/fr\/wp-json\/wp\/v2\/comments?post=7422"}],"version-history":[{"count":17,"href":"https:\/\/www.pompes-funebres-santilly.com\/fr\/wp-json\/wp\/v2\/pages\/7422\/revisions"}],"predecessor-version":[{"id":32782,"href":"https:\/\/www.pompes-funebres-santilly.com\/fr\/wp-json\/wp\/v2\/pages\/7422\/revisions\/32782"}],"up":[{"embeddable":true,"href":"https:\/\/www.pompes-funebres-santilly.com\/fr\/wp-json\/wp\/v2\/pages\/996"}],"wp:attachment":[{"href":"https:\/\/www.pompes-funebres-santilly.com\/fr\/wp-json\/wp\/v2\/media?parent=7422"}],"curies":[{"name":"wp","href":"https:\/\/api.w.org\/{rel}","templated":true}]}}