{"id":29501,"date":"2021-11-24T14:11:39","date_gmt":"2021-11-24T13:11:39","guid":{"rendered":"https:\/\/www.pompes-funebres-santilly.com\/?page_id=29501"},"modified":"2022-04-01T11:06:23","modified_gmt":"2022-04-01T09:06:23","slug":"crematorium-villetaneuse","status":"publish","type":"page","link":"https:\/\/www.pompes-funebres-santilly.com\/fr\/les-crematoriums\/crematorium-villetaneuse\/","title":{"rendered":"Cr\u00e9matorium \u00e0 Villetaneuse"},"content":{"rendered":"\n<h1 class=\"wp-block-heading\">Cr\u00e9matorium Villetaneuse (93)<\/h1>\n\n\n\n<h2 class=\"wp-block-heading\">Les obs\u00e8ques au cr\u00e9matorium de Villetaneuse avec les pompes fun\u00e8bres Santilly<\/h2>\n\n\n\n<p>Entreprises de pompes fun\u00e8bres de p\u00e8re en fils depuis 80 ans, les \u00e9tablissements Santilly vous aident \u00e0 organiser des obs\u00e8ques au cr\u00e9matorium de Villetaneuse avec beaucoup de professionnalisme et de bienveillance. Des d\u00e9marches administratives au d\u00e9roulement de la c\u00e9r\u00e9monie pr\u00e9c\u00e9dant la cr\u00e9mation, du choix des articles fun\u00e9raires \u00e0 la dispersion des cendres, nos \u00e9quipes se montrent d\u2019une disponibilit\u00e9 et d\u2019une rigueur exemplaires.<\/p>\n\n\n\n<h3 class=\"wp-block-heading\">La c\u00e9r\u00e9monie au cr\u00e9matorium de Villetaneuse<\/h3>\n\n\n\n<p>Les conseillers fun\u00e9raires Santilly aident les familles endeuill\u00e9es \u00e0 organiser la c\u00e9r\u00e9monie pr\u00e9c\u00e9dant le temps de cr\u00e9mation. \u00c0 l\u2019\u00e9coute et respectueux de vos convictions et de vos souhaits, ils vous permettent d\u2019\u00e9laborer un dernier hommage qui correspond en tous points \u00e0 vos attentes et \u00e0 la personnalit\u00e9 du d\u00e9funt. De l\u2019\u00e9loge fun\u00e8bre \u00e0 la disposition des compositions florales, ils ne laissent rien au hasard afin que vous puissiez vous concentrer sur l\u2019essentiel et dire au revoir \u00e0 votre proche en toute s\u00e9r\u00e9nit\u00e9.<\/p>\n\n\n\n<h3 class=\"wp-block-heading\">Le devenir des cendres<\/h3>\n\n\n\n<p>Depuis 2008, la loi interdit de garder les cendres d\u2019un d\u00e9funt \u00e0 la maison, toutefois, plusieurs possibilit\u00e9s s\u2019ouvrent \u00e0 vous. Vous pouvez par exemple opter pour une dispersion des cendres en pleine nature ou dans un jardin du souvenir ou d\u00e9cider de placer l\u2019urne dans un columbarium. Sous certaines conditions, celle-ci peut aussi \u00eatre enterr\u00e9e dans une propri\u00e9t\u00e9 priv\u00e9e. Nos conseillers fun\u00e9raires vous d\u00e9livrent toutes les informations utiles sur la r\u00e9glementation fun\u00e9raire afin que vous puissiez r\u00e9aliser un choix \u00e9clair\u00e9. Si vous avez besoin d\u2019un temps de r\u00e9flexion, sachez que le cr\u00e9matorium de Villetaneuse peut conserver l\u2019urne pendant un an si vous en faites la demande.<\/p>\n\n\n\n<h3 class=\"wp-block-heading\">La cr\u00e9mation avec Santilly<\/h3>\n\n\n\n<p>De nombreuses personnes exprimant aujourd\u2019hui leur choix pour ce mode de fun\u00e9railles, les pompes fun\u00e8bres Santilly ont mis en place un protocole sp\u00e9cifique pour les obs\u00e8ques au cr\u00e9matorium de Villetaneuse. Conseillers fun\u00e9raires, porteurs, ma\u00eetre de c\u00e9r\u00e9monie\u2026 nos professionnels vous assurent un parfait d\u00e9roulement des fun\u00e9railles et vous offrent un soutien pr\u00e9cieux pour vous aider \u00e0 faire face \u00e0 ce moment \u00e9prouvant. Pour en savoir plus sur nos services et <a href=\"https:\/\/www.pompes-funebres-santilly.com\/fr\/obseques\/cremation\/\" target=\"_blank\" rel=\"noreferrer noopener\">l\u2019organisation d\u2019obs\u00e8ques au cr\u00e9matorium avec Santilly<\/a>, n\u2019h\u00e9sitez pas \u00e0 nous contacter au 0 801\u2009300\u2009200 (appel et devis gratuit).<\/p>\n\n\n\n<h2 class=\"wp-block-heading\">Le cr\u00e9matorium de Villetaneuse (93)<\/h2>\n\n\n\n<p>Le cr\u00e9matorium de Villetaneuse appartient \u00e0 l\u2019ensemble fun\u00e9raire intercommunal des Joncherolles, con\u00e7u par l\u2019architecte Robert Auzelle. Il se trouve au c\u0153ur d\u2019un espace paysager exceptionnel de dix-sept hectares, au nord-ouest du d\u00e9partement de Seine\u2013Saint-Denis. C\u2019est l\u2019un des trois cr\u00e9matoriums d\u2019\u00cele-de-France avec celui de Montfermeil et celui de Tremblay-en-France.<\/p>\n\n\n\n<p><strong>Cr\u00e9matorium des Joncherolles \u00e0 Villetaneuse<br><\/strong>95 rue Marcel Sembat<br>93430 Villetaneuse<\/p>\n\n\n\n<p><strong>T\u00e9l : 01 49 71 20 98<\/strong>        24 h\/24<\/p>\n\n\n\n<p><strong>Horaires d\u2019ouverture du cr\u00e9matorium de Montfermeil<\/strong><\/p>\n\n\n\n<p><strong>Du 1<sup>er<\/sup> avril au 1<sup>er<\/sup> novembre : 8h15 \u2013 18h00<br>Du 2 novembre au 31 mars : 8h15 \u2013 17h00<\/strong><\/p>\n\n\n\n<p>Le cr\u00e9matorium de Villetaneuse est l\u2019un des plus importants de la r\u00e9gion, il d\u00e9voile deux grandes salles de c\u00e9r\u00e9monie : la salle Les Hesp\u00e9rides et la salle Les N\u00e9r\u00e9ides. Celles-ci vous offrent un cadre agr\u00e9able et soign\u00e9, o\u00f9 vous recueillir et rendre un hommage au d\u00e9funt, quelles que soient vos convictions et vos envies. Elles disposent d\u2019une sonorisation et d\u2019un \u00e9cran vid\u00e9o afin que vous puissiez personnaliser librement la c\u00e9r\u00e9monie. L\u2019ensemble fun\u00e9raire des Joncherolles comporte aussi un jardin du souvenir, un columbarium et un cimeti\u00e8re.<\/p>\n\n\n\n<p>Vous venez de perdre l\u2019un de vos proches et vous souhaitez obtenir des informations sur le cr\u00e9matorium de Villetaneuse, sur les \u00e9quipements \u00e0 disposition ou sur les tarifs de cr\u00e9mation\u2009? Vous voulez en savoir plus sur l\u2019organisation des fun\u00e9railles ou sur la l\u00e9gislation concernant la dispersion des cendres\u2009? Vous pouvez rencontrer les \u00e9quipes des pompes fun\u00e8bres Santilly dans nos agences du 93, ou contactez-les par t\u00e9l\u00e9phone ou par l\u2019interm\u00e9diaire de notre formulaire. Vous pouvez aussi demander \u00e0 \u00eatre rappel\u00e9 par l\u2019un de nos conseillers fun\u00e9raires. <\/p>\n\n\n\n<h2 class=\"wp-block-heading\">Les services fun\u00e9raires des \u00e9tablissements Santilly \u00e0 Villetaneuse<\/h2>\n\n\n\n<p>Les pompes fun\u00e8bres Santilly aident les familles endeuill\u00e9es \u00e0 organiser des obs\u00e8ques au cr\u00e9matorium de Villetaneuse. Disposant d\u2019agences de proximit\u00e9 et de fun\u00e9rariums, elles proposent un accompagnement personnalis\u00e9, une pr\u00e9sence de tous les instants et des services fun\u00e9raires de qualit\u00e9.<\/p>\n\n\n\n<h3 class=\"wp-block-heading\">Les services fun\u00e9raires Santilly en Seine\u2013Saint-Denis<\/h3>\n\n\n\n<p>Nos conseillers fun\u00e9raires vous soulagent en s\u2019occupant de toutes les d\u00e9marches administratives. Disponibles, ils restent \u00e0 vos c\u00f4t\u00e9s pour toutes les \u00e9tapes de la prise en charge des obs\u00e8ques au cr\u00e9matorium de Villetaneuse. Choix du cercueil pour la cr\u00e9mation, de l\u2019urne, des compositions florales, pr\u00e9paration et animation de la c\u00e9r\u00e9monie, formalit\u00e9s apr\u00e8s obs\u00e8ques\u2026 ils offrent le meilleur d\u2019eux-m\u00eames pour vous apporter r\u00e9confort et s\u00e9r\u00e9nit\u00e9 dans ces moments \u00e9prouvants.<\/p>\n\n\n\n<h3 class=\"wp-block-heading\">Votre agence Santilly \u00e0 proximit\u00e9 de Villetaneuse<\/h3>\n\n\n\n<p>Pour l\u2019organisation d\u2019obs\u00e8ques au cr\u00e9matorium des Joncherolles, vous pouvez vous rendre dans notre agence de Villeneuve-La-Garenne, situ\u00e9e dans les Hauts-de-Seine, \u00e0 moins de cinq kilom\u00e8tres de Villetaneuse. Facile d\u2019acc\u00e8s, celle-ci se trouve juste \u00e0 c\u00f4t\u00e9 du nouveau cimeti\u00e8re de la commune, au sud du parc des Chanteraines. <\/p>\n\n\n<p><strong>Agence de Villeneuve-la-Garenne<\/strong><br>52, av du Mar\u00e9chal Leclerc<br>92390 Villeneuve-la-Garenne<br><strong><br>T\u00e9l : 01 47 98 24 14 24h\/24<\/strong><\/p>\n<p><!-- \/wp:post-content --><\/p>\n<p><!-- wp:paragraph --><strong>villeneuve@santilly.com<\/strong><\/p>\n<p><!-- \/wp:paragraph --><\/p>\n<p><!-- wp:paragraph -->Lundi \u2014 Samedi : 9h \u2013 12h30 \/ 14h \u2013 18h<br>Dimanche : Ferm\u00e9<\/p>\n<p><!-- \/wp:paragraph --><\/p>\n<p><!-- wp:heading {\"level\":3} --><\/p>\n<h3>Votre fun\u00e9rarium \u00e0 proximit\u00e9 de Villetaneuse<\/h3>\n<p><!-- \/wp:heading --><\/p>\n<p><!-- wp:paragraph --><\/p>\n<p>Si vous cherchez un lieu propice au recueillement o\u00f9 veiller votre proche avant les obs\u00e8ques au cr\u00e9matorium de Villetaneuse, sachez que les pompes fun\u00e8bres Santilly disposent de deux salons de pr\u00e9sentation climatis\u00e9s dans leur fun\u00e9rarium d\u2019Aubervilliers. Situ\u00e9 \u00e0 7 kilom\u00e8tres du cr\u00e9matorium, \u00e0 l\u2019entr\u00e9e du cimeti\u00e8re de la commune, il permet aux familles de rendre un dernier hommage apais\u00e9 au d\u00e9funt dans un cadre adapt\u00e9 et r\u00e9confortant.<\/p>\n<p><!-- \/wp:paragraph --><\/p>\n<p><!-- wp:paragraph --><\/p>\n<p><strong>Fun\u00e9rarium d\u2019Aubervilliers<br><\/strong>48 rue Charles Tillon<br>93300 Aubervilliers<\/p>\n<p><!-- \/wp:paragraph --><\/p>\n<p><!-- wp:paragraph --><\/p>\n<p><strong>T\u00e9l : 01 43 52 01 47<\/strong> 24 h\/24<\/p>\n<p><!-- \/wp:paragraph --><\/p>\n<p><!-- wp:paragraph --><\/p>\n<p>aubervilliers@santilly.com<\/p>\n<p><!-- \/wp:paragraph --><\/p>\n<p><!-- wp:paragraph --><\/p>\n<p>Lundi \u2014 Samedi | 8h30 \u2013 12h30\/14h \u2013 17h30<br>Dimanche | Ferm\u00e9<\/p>\n<p><!-- \/wp:paragraph --><\/p>\n<p><!-- wp:columns {\"verticalAlignment\":null} --><\/p>\n<div class=\"wp-block-columns\"><!-- wp:column --><p><\/p>\n<div class=\"wp-block-column\"><\/div>\n<p><!-- \/wp:column --><\/p>\n<p><!-- wp:column --><\/p>\n<div class=\"wp-block-column\"><\/div>\n<p><!-- \/wp:column --><\/p><\/div>\n<p><!-- \/wp:columns --><\/p>","protected":false},"excerpt":{"rendered":"<p>Cr\u00e9matorium Villetaneuse (93) Les obs\u00e8ques au cr\u00e9matorium de Villetaneuse avec les pompes fun\u00e8bres Santilly Entreprises de pompes fun\u00e8bres de p\u00e8re en fils depuis 80 ans, les \u00e9tablissements Santilly vous aident \u00e0 organiser des obs\u00e8ques au cr\u00e9matorium de Villetaneuse avec beaucoup de professionnalisme et de bienveillance. Des d\u00e9marches administratives au d\u00e9roulement de la c\u00e9r\u00e9monie pr\u00e9c\u00e9dant la [&hellip;]<\/p>\n","protected":false},"author":3,"featured_media":0,"parent":22184,"menu_order":0,"comment_status":"closed","ping_status":"closed","template":"","meta":{"_acf_changed":false,"footnotes":""},"class_list":["post-29501","page","type-page","status-publish","hentry"],"acf":false,"yoast_head":"<!-- This site is optimized with the Yoast SEO plugin v26.5 - https:\/\/yoast.com\/wordpress\/plugins\/seo\/ -->\n<title>Cr\u00e9matorium Villetaneuse | Santilly<\/title>\n<meta name=\"description\" content=\"\u27a1\ufe0f Santilly vous oriente vers le cr\u00e9matorium de Villetaneuse pour votre cr\u00e9mation ou celles de vos proches\u2713 Obs\u00e8ques \u2713Inhumation\u2713 Marbrerie\" \/>\n<meta name=\"robots\" content=\"index, follow, max-snippet:-1, max-image-preview:large, max-video-preview:-1\" \/>\n<link rel=\"canonical\" href=\"https:\/\/www.pompes-funebres-santilly.com\/fr\/les-crematoriums\/crematorium-villetaneuse\/\" \/>\n<meta property=\"og:locale\" content=\"fr_FR\" \/>\n<meta property=\"og:type\" content=\"article\" \/>\n<meta property=\"og:title\" content=\"Cr\u00e9matorium Villetaneuse | Santilly\" \/>\n<meta property=\"og:description\" content=\"\u27a1\ufe0f Santilly vous oriente vers le cr\u00e9matorium de Villetaneuse pour votre cr\u00e9mation ou celles de vos proches\u2713 Obs\u00e8ques \u2713Inhumation\u2713 Marbrerie\" \/>\n<meta property=\"og:url\" content=\"https:\/\/www.pompes-funebres-santilly.com\/fr\/les-crematoriums\/crematorium-villetaneuse\/\" \/>\n<meta property=\"og:site_name\" content=\"Pompes Fun\u00e8bres Santilly\" \/>\n<meta property=\"article:modified_time\" content=\"2022-04-01T09:06:23+00:00\" \/>\n<meta name=\"twitter:card\" content=\"summary_large_image\" \/>\n<meta name=\"twitter:label1\" content=\"Dur\u00e9e de lecture est.\" \/>\n\t<meta name=\"twitter:data1\" content=\"5 minutes\" \/>\n<script type=\"application\/ld+json\" class=\"yoast-schema-graph\">{\"@context\":\"https:\/\/schema.org\",\"@graph\":[{\"@type\":\"WebPage\",\"@id\":\"https:\/\/www.pompes-funebres-santilly.com\/fr\/les-crematoriums\/crematorium-villetaneuse\/\",\"url\":\"https:\/\/www.pompes-funebres-santilly.com\/fr\/les-crematoriums\/crematorium-villetaneuse\/\",\"name\":\"Cr\u00e9matorium Villetaneuse | Santilly\",\"isPartOf\":{\"@id\":\"https:\/\/www.pompes-funebres-santilly.com\/fr\/#website\"},\"datePublished\":\"2021-11-24T13:11:39+00:00\",\"dateModified\":\"2022-04-01T09:06:23+00:00\",\"description\":\"\u27a1\ufe0f Santilly vous oriente vers le cr\u00e9matorium de Villetaneuse pour votre cr\u00e9mation ou celles de vos proches\u2713 Obs\u00e8ques \u2713Inhumation\u2713 Marbrerie\",\"breadcrumb\":{\"@id\":\"https:\/\/www.pompes-funebres-santilly.com\/fr\/les-crematoriums\/crematorium-villetaneuse\/#breadcrumb\"},\"inLanguage\":\"fr-FR\",\"potentialAction\":[{\"@type\":\"ReadAction\",\"target\":[\"https:\/\/www.pompes-funebres-santilly.com\/fr\/les-crematoriums\/crematorium-villetaneuse\/\"]}]},{\"@type\":\"BreadcrumbList\",\"@id\":\"https:\/\/www.pompes-funebres-santilly.com\/fr\/les-crematoriums\/crematorium-villetaneuse\/#breadcrumb\",\"itemListElement\":[{\"@type\":\"ListItem\",\"position\":1,\"name\":\"Accueil\",\"item\":\"https:\/\/www.pompes-funebres-santilly.com\/fr\/\"},{\"@type\":\"ListItem\",\"position\":2,\"name\":\"Les Cr\u00e9matoriums\",\"item\":\"https:\/\/www.pompes-funebres-santilly.com\/fr\/les-crematoriums\/\"},{\"@type\":\"ListItem\",\"position\":3,\"name\":\"Cr\u00e9matorium \u00e0 Villetaneuse\"}]},{\"@type\":\"WebSite\",\"@id\":\"https:\/\/www.pompes-funebres-santilly.com\/fr\/#website\",\"url\":\"https:\/\/www.pompes-funebres-santilly.com\/fr\/\",\"name\":\"Pompes Fun\u00e8bres Santilly\",\"description\":\"\",\"publisher\":{\"@id\":\"https:\/\/www.pompes-funebres-santilly.com\/fr\/#organization\"},\"potentialAction\":[{\"@type\":\"SearchAction\",\"target\":{\"@type\":\"EntryPoint\",\"urlTemplate\":\"https:\/\/www.pompes-funebres-santilly.com\/fr\/?s={search_term_string}\"},\"query-input\":{\"@type\":\"PropertyValueSpecification\",\"valueRequired\":true,\"valueName\":\"search_term_string\"}}],\"inLanguage\":\"fr-FR\"},{\"@type\":\"Organization\",\"@id\":\"https:\/\/www.pompes-funebres-santilly.com\/fr\/#organization\",\"name\":\"LCF Santilly\",\"url\":\"https:\/\/www.pompes-funebres-santilly.com\/fr\/\",\"logo\":{\"@type\":\"ImageObject\",\"inLanguage\":\"fr-FR\",\"@id\":\"https:\/\/www.pompes-funebres-santilly.com\/fr\/#\/schema\/logo\/image\/\",\"url\":\"https:\/\/www.pompes-funebres-santilly.com\/wp-content\/uploads\/2019\/12\/logo-1.png\",\"contentUrl\":\"https:\/\/www.pompes-funebres-santilly.com\/wp-content\/uploads\/2019\/12\/logo-1.png\",\"width\":433,\"height\":115,\"caption\":\"LCF Santilly\"},\"image\":{\"@id\":\"https:\/\/www.pompes-funebres-santilly.com\/fr\/#\/schema\/logo\/image\/\"}}]}<\/script>\n<!-- \/ Yoast SEO plugin. -->","yoast_head_json":{"title":"Cr\u00e9matorium Villetaneuse | Santilly","description":"\u27a1\ufe0f Santilly vous oriente vers le cr\u00e9matorium de Villetaneuse pour votre cr\u00e9mation ou celles de vos proches\u2713 Obs\u00e8ques \u2713Inhumation\u2713 Marbrerie","robots":{"index":"index","follow":"follow","max-snippet":"max-snippet:-1","max-image-preview":"max-image-preview:large","max-video-preview":"max-video-preview:-1"},"canonical":"https:\/\/www.pompes-funebres-santilly.com\/fr\/les-crematoriums\/crematorium-villetaneuse\/","og_locale":"fr_FR","og_type":"article","og_title":"Cr\u00e9matorium Villetaneuse | Santilly","og_description":"\u27a1\ufe0f Santilly vous oriente vers le cr\u00e9matorium de Villetaneuse pour votre cr\u00e9mation ou celles de vos proches\u2713 Obs\u00e8ques \u2713Inhumation\u2713 Marbrerie","og_url":"https:\/\/www.pompes-funebres-santilly.com\/fr\/les-crematoriums\/crematorium-villetaneuse\/","og_site_name":"Pompes Fun\u00e8bres Santilly","article_modified_time":"2022-04-01T09:06:23+00:00","twitter_card":"summary_large_image","twitter_misc":{"Dur\u00e9e de lecture est.":"5 minutes"},"schema":{"@context":"https:\/\/schema.org","@graph":[{"@type":"WebPage","@id":"https:\/\/www.pompes-funebres-santilly.com\/fr\/les-crematoriums\/crematorium-villetaneuse\/","url":"https:\/\/www.pompes-funebres-santilly.com\/fr\/les-crematoriums\/crematorium-villetaneuse\/","name":"Cr\u00e9matorium Villetaneuse | Santilly","isPartOf":{"@id":"https:\/\/www.pompes-funebres-santilly.com\/fr\/#website"},"datePublished":"2021-11-24T13:11:39+00:00","dateModified":"2022-04-01T09:06:23+00:00","description":"\u27a1\ufe0f Santilly vous oriente vers le cr\u00e9matorium de Villetaneuse pour votre cr\u00e9mation ou celles de vos proches\u2713 Obs\u00e8ques \u2713Inhumation\u2713 Marbrerie","breadcrumb":{"@id":"https:\/\/www.pompes-funebres-santilly.com\/fr\/les-crematoriums\/crematorium-villetaneuse\/#breadcrumb"},"inLanguage":"fr-FR","potentialAction":[{"@type":"ReadAction","target":["https:\/\/www.pompes-funebres-santilly.com\/fr\/les-crematoriums\/crematorium-villetaneuse\/"]}]},{"@type":"BreadcrumbList","@id":"https:\/\/www.pompes-funebres-santilly.com\/fr\/les-crematoriums\/crematorium-villetaneuse\/#breadcrumb","itemListElement":[{"@type":"ListItem","position":1,"name":"Accueil","item":"https:\/\/www.pompes-funebres-santilly.com\/fr\/"},{"@type":"ListItem","position":2,"name":"Les Cr\u00e9matoriums","item":"https:\/\/www.pompes-funebres-santilly.com\/fr\/les-crematoriums\/"},{"@type":"ListItem","position":3,"name":"Cr\u00e9matorium \u00e0 Villetaneuse"}]},{"@type":"WebSite","@id":"https:\/\/www.pompes-funebres-santilly.com\/fr\/#website","url":"https:\/\/www.pompes-funebres-santilly.com\/fr\/","name":"Pompes Fun\u00e8bres Santilly","description":"","publisher":{"@id":"https:\/\/www.pompes-funebres-santilly.com\/fr\/#organization"},"potentialAction":[{"@type":"SearchAction","target":{"@type":"EntryPoint","urlTemplate":"https:\/\/www.pompes-funebres-santilly.com\/fr\/?s={search_term_string}"},"query-input":{"@type":"PropertyValueSpecification","valueRequired":true,"valueName":"search_term_string"}}],"inLanguage":"fr-FR"},{"@type":"Organization","@id":"https:\/\/www.pompes-funebres-santilly.com\/fr\/#organization","name":"LCF Santilly","url":"https:\/\/www.pompes-funebres-santilly.com\/fr\/","logo":{"@type":"ImageObject","inLanguage":"fr-FR","@id":"https:\/\/www.pompes-funebres-santilly.com\/fr\/#\/schema\/logo\/image\/","url":"https:\/\/www.pompes-funebres-santilly.com\/wp-content\/uploads\/2019\/12\/logo-1.png","contentUrl":"https:\/\/www.pompes-funebres-santilly.com\/wp-content\/uploads\/2019\/12\/logo-1.png","width":433,"height":115,"caption":"LCF Santilly"},"image":{"@id":"https:\/\/www.pompes-funebres-santilly.com\/fr\/#\/schema\/logo\/image\/"}}]}},"_links":{"self":[{"href":"https:\/\/www.pompes-funebres-santilly.com\/fr\/wp-json\/wp\/v2\/pages\/29501","targetHints":{"allow":["GET"]}}],"collection":[{"href":"https:\/\/www.pompes-funebres-santilly.com\/fr\/wp-json\/wp\/v2\/pages"}],"about":[{"href":"https:\/\/www.pompes-funebres-santilly.com\/fr\/wp-json\/wp\/v2\/types\/page"}],"author":[{"embeddable":true,"href":"https:\/\/www.pompes-funebres-santilly.com\/fr\/wp-json\/wp\/v2\/users\/3"}],"replies":[{"embeddable":true,"href":"https:\/\/www.pompes-funebres-santilly.com\/fr\/wp-json\/wp\/v2\/comments?post=29501"}],"version-history":[{"count":2,"href":"https:\/\/www.pompes-funebres-santilly.com\/fr\/wp-json\/wp\/v2\/pages\/29501\/revisions"}],"predecessor-version":[{"id":30051,"href":"https:\/\/www.pompes-funebres-santilly.com\/fr\/wp-json\/wp\/v2\/pages\/29501\/revisions\/30051"}],"up":[{"embeddable":true,"href":"https:\/\/www.pompes-funebres-santilly.com\/fr\/wp-json\/wp\/v2\/pages\/22184"}],"wp:attachment":[{"href":"https:\/\/www.pompes-funebres-santilly.com\/fr\/wp-json\/wp\/v2\/media?parent=29501"}],"curies":[{"name":"wp","href":"https:\/\/api.w.org\/{rel}","templated":true}]}}