{"id":29496,"date":"2021-11-24T13:48:52","date_gmt":"2021-11-24T12:48:52","guid":{"rendered":"https:\/\/www.pompes-funebres-santilly.com\/?page_id=29496"},"modified":"2022-04-01T11:06:46","modified_gmt":"2022-04-01T09:06:46","slug":"crematorium-saint-ouen-laumone","status":"publish","type":"page","link":"https:\/\/www.pompes-funebres-santilly.com\/fr\/les-crematoriums\/crematorium-saint-ouen-laumone\/","title":{"rendered":"Cr\u00e9matorium \u00e0 Saint Ouen l&rsquo;Aumone"},"content":{"rendered":"<p>[vc_row][vc_column][vc_column_text bb_tab_container=\u00a0\u00bb\u00a0\u00bb]<\/p>\n\n\n<\/p>\n<h1 class=\"wp-block-heading\">Cr\u00e9matorium Saint-Ouen-l\u2019Aum\u00f4ne (95)<\/h1>\n\n\n<p><\/p>\n\n\n<h2 class=\"wp-block-heading\">Organiser des obs\u00e8ques au cr\u00e9matorium de Saint-Ouen-l\u2019Aum\u00f4ne avec les pompes fun\u00e8bres Santilly<\/h2>\n\n\n\n<p>Vous vivez dans le Val-d\u2019Oise et vous \u00eates face au d\u00e9c\u00e8s de l\u2019un de vos proches qui a fait conna\u00eetre son choix pour la cr\u00e9mation\u2009? Vous cherchez une entreprise de pompes fun\u00e8bres capable de vous guider dans l\u2019organisation d\u2019obs\u00e8ques au cr\u00e9matorium de Saint-Ouen-l\u2019Aum\u00f4ne et de vous soutenir dans ces moments douloureux\u2009? Les conseillers fun\u00e9raires Santilly mettent leur exp\u00e9rience et leur professionnalisme \u00e0 votre service pour vous offrir un accompagnement humain et efficace.<\/p>\n\n\n\n<h3 class=\"wp-block-heading\">La cr\u00e9mation et le devenir des cendres<\/h3>\n\n\n\n<p>Le choix entre l\u2019inhumation ou la cr\u00e9mation doit \u00eatre effectu\u00e9 par la personne de son vivant. Si celle-ci n\u2019a donn\u00e9 aucune consigne, ce sont souvent les convictions de la famille qui guident leur d\u00e9cision. Une c\u00e9r\u00e9monie civile ou religieuse peut avoir lieu avant le temps de cr\u00e9mation. Pendant ce dernier, le cercueil est mis en flamme, puis les cendres sont rassembl\u00e9es dans un cendrier qui sera introduit dans l\u2019urne avant d\u2019\u00eatre remis aux proches ou aux pompes fun\u00e8bres. L\u2019urne peut alors \u00eatre plac\u00e9e dans un columbarium, un monument cin\u00e9raire ou dans une concession d\u00e9j\u00e0 existante. Il est aussi possible d\u2019opter pour une dispersion des cendres dans un jardin du souvenir ou en pleine nature. Les conseillers Santilly vous donnent toutes les informations utiles sur le fonctionnement du cr\u00e9matorium de Saint-Ouen-l\u2019Aum\u00f4ne et sur la l\u00e9gislation fun\u00e9raire relative \u00e0 la pratique de la cr\u00e9mation.<\/p>\n\n\n\n<h3 class=\"wp-block-heading\">Santilly : une \u00e9coute et une pr\u00e9sence de tous les instants<\/h3>\n\n\n\n<p>Au sein des \u00e9tablissements Santilly, vous b\u00e9n\u00e9ficiez d\u2019un protocole sp\u00e9cifique et d\u2019un accompagnement personnalis\u00e9 pour les obs\u00e8ques au cr\u00e9matorium de Saint-Ouen-l\u2019Aum\u00f4ne. Respectueux des usages, rites, et souhaits de chacun, nos conseillers vous offrent une \u00e9coute bienveillante et vous aident \u00e0 organiser des fun\u00e9railles parfaitement en lien avec vos attentes. De la disposition des compositions florales \u00e0 la c\u00e9r\u00e9monie, nous ne laissons rien au hasard pour vous permettre de dire au revoir \u00e0 votre proche disparu dans les meilleures conditions possibles. Nos \u00e9quipes sont \u00e0 vos c\u00f4t\u00e9s en amont et pendant tout le d\u00e9roulement des obs\u00e8ques au cr\u00e9matorium de Saint-Ouen-l\u2019Aum\u00f4ne.<\/p>\n\n\n\n<h2 class=\"wp-block-heading\">Le cr\u00e9matorium de Saint-Ouen-l\u2019Aum\u00f4ne (95)<\/h2>\n\n\n<p><\/p>\n\n\nLe cr\u00e9matorium et le Parc M\u00e9morial du Val-d\u2019Oise se trouvent \u00e0 proximit\u00e9 du cimeti\u00e8re de Saint-Ouen-l\u2019Aum\u00f4ne, une commune situ\u00e9e \u00e0 c\u00f4t\u00e9 de Pontoise et de Cergy. Plac\u00e9s sur l\u2019axe de l\u2019autoroute A15, ils offrent un acc\u00e8s tr\u00e8s facile depuis de nombreuses villes, comme Paris, Magny-en-Vexin ou encore Rouen.<\/p>\n<p>\n\n\n<p><b>Cr\u00e9matorium de Saint-Ouen<\/b><b>-l&rsquo;Aum\u00f4ne<\/b><br>35 av de Verdun<br>95310 Saint-Ouen-l&rsquo;Aum\u00f4ne<br><strong><br>T\u00e9l : 01 30 37 87 87<\/strong><\/p>\n<p><!-- \/wp:post-content --><b>Horaire d&rsquo;ouverture du cr\u00e9matorium de Saint-Ouen-l&rsquo;Aum\u00f4ne<\/b><\/p>\n<p><!-- \/wp:paragraph --><\/p>\n<p><!-- wp:paragraph -->Lundi \u2014 Vendredi : 9h \u2013 12h30 \/ 14h \u2013 17h<br>Samedi et Dimanche : Ferm\u00e9<\/p>\n<p><b>Sur r\u00e9servation<\/b><\/p>\n<p><!-- \/wp:paragraph --><\/p>\n<p><!-- wp:paragraph -->Lundi \u2014 Vendredi : 8h30 \u2013 9h00 \/ 12h30 \u2013 14h \/ 17h \u2013 19h<br>Samedi : 09h00 \u2013 17h00<\/p>\n<div class=\"wp-block-group\">\n<div class=\"wp-block-group__inner-container\">\n<!-- \/wp:columns -->\n<\/div>\n<\/div>\n<p><!-- \/wp:group --><\/p>\n<p><!-- wp:paragraph -->Le Parc M\u00e9morial est accessible pendant les jours d\u2019ouverture du cr\u00e9matorium de Saint-Ouen-l\u2019Aum\u00f4ne, mais aussi le week-end et les jours f\u00e9ri\u00e9s en passant par le cimeti\u00e8re.<\/p>\n<p><!-- \/wp:paragraph --><\/p>\n<p><!-- wp:paragraph -->Le cr\u00e9matorium du Val-d\u2019Oise se situe dans un espace privil\u00e9gi\u00e9 et d\u00e9voile des locaux am\u00e9nag\u00e9s avec soin pour vous permettre d\u2019honorer dignement votre proche disparu. Il dispose d\u2019une spacieuse et agr\u00e9able salle de c\u00e9r\u00e9monie avec vue sur le jardin et la pi\u00e8ce d\u2019eau et d\u2019un salon d\u2019attente dans lequel la famille peut se recueillir avant l\u2019hommage rendu au d\u00e9funt. L\u2019\u00e9tablissement poss\u00e8de \u00e9galement tous les \u00e9quipements n\u00e9cessaires pour personnaliser la c\u00e9r\u00e9monie, diffuser de la musique et projeter des photos, diaporamas ou vid\u00e9os.<\/p>\n<p><!-- \/wp:paragraph --><br>\n<!-- wp:paragraph -->Vous voulez en savoir plus sur les tarifs du cr\u00e9matorium de Saint-Ouen-l\u2019Aum\u00f4ne, sur la l\u00e9gislation fun\u00e9raire, les formalit\u00e9s \u00e0 accomplir ou la dispersion des cendres\u2009? Les conseillers Santilly sont l\u00e0 pour r\u00e9pondre \u00e0 toutes vos questions et vous aider \u00e0 chaque \u00e9tape de l\u2019organisation des obs\u00e8ques.<!-- \/wp:paragraph --><br>\n<!-- wp:heading --><\/p>\n<h2>Les services fun\u00e9raires des \u00e9tablissements Santilly<\/h2>\n<p><!-- \/wp:heading --><br>\n<!-- wp:paragraph -->L\u2019entreprise Santilly dispose d\u2019agences de proximit\u00e9 dans plusieurs d\u00e9partements d\u2019\u00cele-de-France et dans l\u2019Oise, pour vous permettre d\u2019organiser facilement des obs\u00e8ques au cr\u00e9matorium de Saint-Ouen-l\u2019Aum\u00f4ne.<!-- \/wp:paragraph --><br>\n<!-- wp:heading {\"level\":3} --><\/p>\n<h3>Nos agences fun\u00e9raires Santilly proches de Saint-Ouen-l\u2019Aum\u00f4ne (95)<\/h3>\n<p><!-- \/wp:heading --><\/p>\n<p><!-- wp:paragraph -->Nos conseillers sont disponibles par t\u00e9l\u00e9phone \u00e0 toute heure du jour et de la nuit. Ils vous donneront toutes les informations sur les produits et services et tarifs relatifs \u00e0 <a href=\"https:\/\/www.pompes-funebres-santilly.com\/fr\/obseques\/cremation\/\">l\u2019organisation d\u2019obs\u00e8ques au cr\u00e9matorium avec les \u00e9tablissements Santilly<\/a>. Pour les rencontrer, vous pouvez vous rendre dans notre agence du Val-d\u2019Oise \u00e0 Goussainville, qui se situe face au cimeti\u00e8re de la commune.<\/p>\n<p><!-- \/wp:paragraph --><strong>Agence de Goussainville<\/strong><br>27, route de Roissy<br>95190 Goussainville<br><strong><br>T\u00e9l : 01 39 88 47 26&nbsp; &nbsp; &nbsp; &nbsp; &nbsp; 24h\/24<\/strong><\/p>\n<p><!-- \/wp:paragraph --><strong>goussainville@santilly.com<\/strong><\/p>\n<p><!-- \/wp:paragraph --><\/p>\n<p><!-- wp:paragraph -->Lundi \u2014 Samedi : 9h \u2013 12h30 \/ 14h \u2013 18h<br>Dimanche : Ferm\u00e9<\/p>\n<p><!-- wp:paragraph -->Sur place, vous trouverez aussi un fun\u00e9rarium avec trois salons de pr\u00e9sentation climatis\u00e9s et \u00e9quip\u00e9s d\u2019une sonorisation, dans lesquels vous pourrez veiller vos proches dans une atmosph\u00e8re propice au recueillement.<\/p>\n<p><!-- \/wp:paragraph --><\/p>\n<p><!-- wp:paragraph -->Vous pouvez \u00e9galement opter pour notre agence de Villeneuve-La-Garenne qui se situe dans les Hauts-de-Seine \u00e0 vingt minutes environ de Saint-Ouen-l\u2019Aum\u00f4ne par l\u2019autoroute A15. Celle-ci dispose d\u2019un large choix d\u2019articles fun\u00e9raires expos\u00e9s sur 100 m\u00b2.<\/p>\n<p><!-- \/wp:paragraph --><strong>Agence de Villeneuve-la-Garenne<\/strong><br>52, av du Mar\u00e9chal Leclerc<br>92390 Villeneuve-la-Garenne<br><strong><br>T\u00e9l : 01 47 98 24 14&nbsp; &nbsp; &nbsp; &nbsp; &nbsp; &nbsp; &nbsp; &nbsp;24h\/24<\/strong><\/p>\n<p><!-- \/wp:paragraph --><\/p>\n<p><!-- wp:paragraph --><strong>villeneuve@santilly.com<\/strong><\/p>\n<p><!-- \/wp:paragraph --><\/p>\n<p><!-- wp:paragraph -->Lundi \u2014 Samedi : 9h \u2013 12h30 \/ 14h \u2013 18h<br>Dimanche : Ferm\u00e9<\/p>\n<p><!-- wp:heading {\"level\":3} --><\/p>\n<h3>Nos services fun\u00e9raires<\/h3>\n<p><!-- \/wp:heading --><\/p>\n<p><!-- wp:paragraph -->Au sein des pompes fun\u00e8bres Santilly, nous mettons un point d\u2019honneur \u00e0 rester au plus pr\u00e8s des familles. Nos conseillers vous soutiennent et vous guident \u00e0 chaque moment : choix du cercueil, de l\u2019urne, des ornements, de la gravure, des compositions florales, r\u00e9alisation d\u2019un monument cin\u00e9raire, d\u00e9marches apr\u00e8s obs\u00e8ques\u2026 En plus de vous aider \u00e0 organiser des fun\u00e9railles en accord avec les convictions du d\u00e9funt et vos souhaits, nos \u00e9quipes assurent \u00e9galement la prise en charge de toutes les formalit\u00e9s administratives. Si n\u00e9cessaire, nous vous permettons aussi de b\u00e9n\u00e9ficier d\u2019un service fun\u00e9raire in\u00e9dit, au travers d\u2019une collecte participative pour financer les obs\u00e8ques de votre proche au cr\u00e9matorium de Saint-Ouen-l\u2019Aum\u00f4ne.<\/p>\n<p>[\/vc_column_text][\/vc_column][\/vc_row]<\/p>","protected":false},"excerpt":{"rendered":"<p>[vc_row][vc_column][vc_column_text bb_tab_container=\u00a0\u00bb\u00a0\u00bb] Cr\u00e9matorium Saint-Ouen-l\u2019Aum\u00f4ne (95) Organiser des obs\u00e8ques au cr\u00e9matorium de Saint-Ouen-l\u2019Aum\u00f4ne avec les pompes fun\u00e8bres Santilly Vous vivez dans le Val-d\u2019Oise et vous \u00eates face au d\u00e9c\u00e8s de l\u2019un de vos proches qui a fait conna\u00eetre son choix pour la cr\u00e9mation\u2009? Vous cherchez une entreprise de pompes fun\u00e8bres capable de vous guider dans l\u2019organisation [&hellip;]<\/p>\n","protected":false},"author":3,"featured_media":0,"parent":22184,"menu_order":0,"comment_status":"closed","ping_status":"closed","template":"","meta":{"_acf_changed":false,"footnotes":""},"class_list":["post-29496","page","type-page","status-publish","hentry"],"acf":false,"yoast_head":"<!-- This site is optimized with the Yoast SEO plugin v26.5 - https:\/\/yoast.com\/wordpress\/plugins\/seo\/ -->\n<title>Cr\u00e9matorium Saint Ouen l&#039;Aum\u00f4ne | Santilly<\/title>\n<meta name=\"description\" content=\"\u27a1\ufe0f Santilly vous oriente vers le cr\u00e9matorium de Saint-Ouen l&#039;Aum\u00f4ne pour votre cr\u00e9mation ou celles de vos proches\u2713 Obs\u00e8ques \u2713Inhumation\u2713 Marbrerie\" \/>\n<meta name=\"robots\" content=\"index, follow, max-snippet:-1, max-image-preview:large, max-video-preview:-1\" \/>\n<link rel=\"canonical\" href=\"https:\/\/www.pompes-funebres-santilly.com\/fr\/les-crematoriums\/crematorium-saint-ouen-laumone\/\" \/>\n<meta property=\"og:locale\" content=\"fr_FR\" \/>\n<meta property=\"og:type\" content=\"article\" \/>\n<meta property=\"og:title\" content=\"Cr\u00e9matorium Saint Ouen l&#039;Aum\u00f4ne | Santilly\" \/>\n<meta property=\"og:description\" content=\"\u27a1\ufe0f Santilly vous oriente vers le cr\u00e9matorium de Saint-Ouen l&#039;Aum\u00f4ne pour votre cr\u00e9mation ou celles de vos proches\u2713 Obs\u00e8ques \u2713Inhumation\u2713 Marbrerie\" \/>\n<meta property=\"og:url\" content=\"https:\/\/www.pompes-funebres-santilly.com\/fr\/les-crematoriums\/crematorium-saint-ouen-laumone\/\" \/>\n<meta property=\"og:site_name\" content=\"Pompes Fun\u00e8bres Santilly\" \/>\n<meta property=\"article:modified_time\" content=\"2022-04-01T09:06:46+00:00\" \/>\n<meta name=\"twitter:card\" content=\"summary_large_image\" \/>\n<meta name=\"twitter:label1\" content=\"Dur\u00e9e de lecture est.\" \/>\n\t<meta name=\"twitter:data1\" content=\"5 minutes\" \/>\n<script type=\"application\/ld+json\" class=\"yoast-schema-graph\">{\"@context\":\"https:\/\/schema.org\",\"@graph\":[{\"@type\":\"WebPage\",\"@id\":\"https:\/\/www.pompes-funebres-santilly.com\/fr\/les-crematoriums\/crematorium-saint-ouen-laumone\/\",\"url\":\"https:\/\/www.pompes-funebres-santilly.com\/fr\/les-crematoriums\/crematorium-saint-ouen-laumone\/\",\"name\":\"Cr\u00e9matorium Saint Ouen l'Aum\u00f4ne | Santilly\",\"isPartOf\":{\"@id\":\"https:\/\/www.pompes-funebres-santilly.com\/fr\/#website\"},\"datePublished\":\"2021-11-24T12:48:52+00:00\",\"dateModified\":\"2022-04-01T09:06:46+00:00\",\"description\":\"\u27a1\ufe0f Santilly vous oriente vers le cr\u00e9matorium de Saint-Ouen l'Aum\u00f4ne pour votre cr\u00e9mation ou celles de vos proches\u2713 Obs\u00e8ques \u2713Inhumation\u2713 Marbrerie\",\"breadcrumb\":{\"@id\":\"https:\/\/www.pompes-funebres-santilly.com\/fr\/les-crematoriums\/crematorium-saint-ouen-laumone\/#breadcrumb\"},\"inLanguage\":\"fr-FR\",\"potentialAction\":[{\"@type\":\"ReadAction\",\"target\":[\"https:\/\/www.pompes-funebres-santilly.com\/fr\/les-crematoriums\/crematorium-saint-ouen-laumone\/\"]}]},{\"@type\":\"BreadcrumbList\",\"@id\":\"https:\/\/www.pompes-funebres-santilly.com\/fr\/les-crematoriums\/crematorium-saint-ouen-laumone\/#breadcrumb\",\"itemListElement\":[{\"@type\":\"ListItem\",\"position\":1,\"name\":\"Accueil\",\"item\":\"https:\/\/www.pompes-funebres-santilly.com\/fr\/\"},{\"@type\":\"ListItem\",\"position\":2,\"name\":\"Les Cr\u00e9matoriums\",\"item\":\"https:\/\/www.pompes-funebres-santilly.com\/fr\/les-crematoriums\/\"},{\"@type\":\"ListItem\",\"position\":3,\"name\":\"Cr\u00e9matorium \u00e0 Saint Ouen l&rsquo;Aumone\"}]},{\"@type\":\"WebSite\",\"@id\":\"https:\/\/www.pompes-funebres-santilly.com\/fr\/#website\",\"url\":\"https:\/\/www.pompes-funebres-santilly.com\/fr\/\",\"name\":\"Pompes Fun\u00e8bres Santilly\",\"description\":\"\",\"publisher\":{\"@id\":\"https:\/\/www.pompes-funebres-santilly.com\/fr\/#organization\"},\"potentialAction\":[{\"@type\":\"SearchAction\",\"target\":{\"@type\":\"EntryPoint\",\"urlTemplate\":\"https:\/\/www.pompes-funebres-santilly.com\/fr\/?s={search_term_string}\"},\"query-input\":{\"@type\":\"PropertyValueSpecification\",\"valueRequired\":true,\"valueName\":\"search_term_string\"}}],\"inLanguage\":\"fr-FR\"},{\"@type\":\"Organization\",\"@id\":\"https:\/\/www.pompes-funebres-santilly.com\/fr\/#organization\",\"name\":\"LCF Santilly\",\"url\":\"https:\/\/www.pompes-funebres-santilly.com\/fr\/\",\"logo\":{\"@type\":\"ImageObject\",\"inLanguage\":\"fr-FR\",\"@id\":\"https:\/\/www.pompes-funebres-santilly.com\/fr\/#\/schema\/logo\/image\/\",\"url\":\"https:\/\/www.pompes-funebres-santilly.com\/wp-content\/uploads\/2019\/12\/logo-1.png\",\"contentUrl\":\"https:\/\/www.pompes-funebres-santilly.com\/wp-content\/uploads\/2019\/12\/logo-1.png\",\"width\":433,\"height\":115,\"caption\":\"LCF Santilly\"},\"image\":{\"@id\":\"https:\/\/www.pompes-funebres-santilly.com\/fr\/#\/schema\/logo\/image\/\"}}]}<\/script>\n<!-- \/ Yoast SEO plugin. -->","yoast_head_json":{"title":"Cr\u00e9matorium Saint Ouen l'Aum\u00f4ne | Santilly","description":"\u27a1\ufe0f Santilly vous oriente vers le cr\u00e9matorium de Saint-Ouen l'Aum\u00f4ne pour votre cr\u00e9mation ou celles de vos proches\u2713 Obs\u00e8ques \u2713Inhumation\u2713 Marbrerie","robots":{"index":"index","follow":"follow","max-snippet":"max-snippet:-1","max-image-preview":"max-image-preview:large","max-video-preview":"max-video-preview:-1"},"canonical":"https:\/\/www.pompes-funebres-santilly.com\/fr\/les-crematoriums\/crematorium-saint-ouen-laumone\/","og_locale":"fr_FR","og_type":"article","og_title":"Cr\u00e9matorium Saint Ouen l'Aum\u00f4ne | Santilly","og_description":"\u27a1\ufe0f Santilly vous oriente vers le cr\u00e9matorium de Saint-Ouen l'Aum\u00f4ne pour votre cr\u00e9mation ou celles de vos proches\u2713 Obs\u00e8ques \u2713Inhumation\u2713 Marbrerie","og_url":"https:\/\/www.pompes-funebres-santilly.com\/fr\/les-crematoriums\/crematorium-saint-ouen-laumone\/","og_site_name":"Pompes Fun\u00e8bres Santilly","article_modified_time":"2022-04-01T09:06:46+00:00","twitter_card":"summary_large_image","twitter_misc":{"Dur\u00e9e de lecture est.":"5 minutes"},"schema":{"@context":"https:\/\/schema.org","@graph":[{"@type":"WebPage","@id":"https:\/\/www.pompes-funebres-santilly.com\/fr\/les-crematoriums\/crematorium-saint-ouen-laumone\/","url":"https:\/\/www.pompes-funebres-santilly.com\/fr\/les-crematoriums\/crematorium-saint-ouen-laumone\/","name":"Cr\u00e9matorium Saint Ouen l'Aum\u00f4ne | Santilly","isPartOf":{"@id":"https:\/\/www.pompes-funebres-santilly.com\/fr\/#website"},"datePublished":"2021-11-24T12:48:52+00:00","dateModified":"2022-04-01T09:06:46+00:00","description":"\u27a1\ufe0f Santilly vous oriente vers le cr\u00e9matorium de Saint-Ouen l'Aum\u00f4ne pour votre cr\u00e9mation ou celles de vos proches\u2713 Obs\u00e8ques \u2713Inhumation\u2713 Marbrerie","breadcrumb":{"@id":"https:\/\/www.pompes-funebres-santilly.com\/fr\/les-crematoriums\/crematorium-saint-ouen-laumone\/#breadcrumb"},"inLanguage":"fr-FR","potentialAction":[{"@type":"ReadAction","target":["https:\/\/www.pompes-funebres-santilly.com\/fr\/les-crematoriums\/crematorium-saint-ouen-laumone\/"]}]},{"@type":"BreadcrumbList","@id":"https:\/\/www.pompes-funebres-santilly.com\/fr\/les-crematoriums\/crematorium-saint-ouen-laumone\/#breadcrumb","itemListElement":[{"@type":"ListItem","position":1,"name":"Accueil","item":"https:\/\/www.pompes-funebres-santilly.com\/fr\/"},{"@type":"ListItem","position":2,"name":"Les Cr\u00e9matoriums","item":"https:\/\/www.pompes-funebres-santilly.com\/fr\/les-crematoriums\/"},{"@type":"ListItem","position":3,"name":"Cr\u00e9matorium \u00e0 Saint Ouen l&rsquo;Aumone"}]},{"@type":"WebSite","@id":"https:\/\/www.pompes-funebres-santilly.com\/fr\/#website","url":"https:\/\/www.pompes-funebres-santilly.com\/fr\/","name":"Pompes Fun\u00e8bres Santilly","description":"","publisher":{"@id":"https:\/\/www.pompes-funebres-santilly.com\/fr\/#organization"},"potentialAction":[{"@type":"SearchAction","target":{"@type":"EntryPoint","urlTemplate":"https:\/\/www.pompes-funebres-santilly.com\/fr\/?s={search_term_string}"},"query-input":{"@type":"PropertyValueSpecification","valueRequired":true,"valueName":"search_term_string"}}],"inLanguage":"fr-FR"},{"@type":"Organization","@id":"https:\/\/www.pompes-funebres-santilly.com\/fr\/#organization","name":"LCF Santilly","url":"https:\/\/www.pompes-funebres-santilly.com\/fr\/","logo":{"@type":"ImageObject","inLanguage":"fr-FR","@id":"https:\/\/www.pompes-funebres-santilly.com\/fr\/#\/schema\/logo\/image\/","url":"https:\/\/www.pompes-funebres-santilly.com\/wp-content\/uploads\/2019\/12\/logo-1.png","contentUrl":"https:\/\/www.pompes-funebres-santilly.com\/wp-content\/uploads\/2019\/12\/logo-1.png","width":433,"height":115,"caption":"LCF Santilly"},"image":{"@id":"https:\/\/www.pompes-funebres-santilly.com\/fr\/#\/schema\/logo\/image\/"}}]}},"_links":{"self":[{"href":"https:\/\/www.pompes-funebres-santilly.com\/fr\/wp-json\/wp\/v2\/pages\/29496","targetHints":{"allow":["GET"]}}],"collection":[{"href":"https:\/\/www.pompes-funebres-santilly.com\/fr\/wp-json\/wp\/v2\/pages"}],"about":[{"href":"https:\/\/www.pompes-funebres-santilly.com\/fr\/wp-json\/wp\/v2\/types\/page"}],"author":[{"embeddable":true,"href":"https:\/\/www.pompes-funebres-santilly.com\/fr\/wp-json\/wp\/v2\/users\/3"}],"replies":[{"embeddable":true,"href":"https:\/\/www.pompes-funebres-santilly.com\/fr\/wp-json\/wp\/v2\/comments?post=29496"}],"version-history":[{"count":5,"href":"https:\/\/www.pompes-funebres-santilly.com\/fr\/wp-json\/wp\/v2\/pages\/29496\/revisions"}],"predecessor-version":[{"id":30052,"href":"https:\/\/www.pompes-funebres-santilly.com\/fr\/wp-json\/wp\/v2\/pages\/29496\/revisions\/30052"}],"up":[{"embeddable":true,"href":"https:\/\/www.pompes-funebres-santilly.com\/fr\/wp-json\/wp\/v2\/pages\/22184"}],"wp:attachment":[{"href":"https:\/\/www.pompes-funebres-santilly.com\/fr\/wp-json\/wp\/v2\/media?parent=29496"}],"curies":[{"name":"wp","href":"https:\/\/api.w.org\/{rel}","templated":true}]}}