{"id":29488,"date":"2021-11-24T13:08:56","date_gmt":"2021-11-24T12:08:56","guid":{"rendered":"https:\/\/www.pompes-funebres-santilly.com\/?page_id=29488"},"modified":"2025-12-29T12:26:56","modified_gmt":"2025-12-29T11:26:56","slug":"crematorium-nanterre-92","status":"publish","type":"page","link":"https:\/\/www.pompes-funebres-santilly.com\/fr\/les-crematoriums\/crematorium-nanterre-92\/","title":{"rendered":"Cr\u00e9matorium Nanterre"},"content":{"rendered":"<p>[vc_row][vc_column][vc_column_text bb_tab_container=\u00a0\u00bb\u00a0\u00bb]<\/p>\n\n\n<\/p>\n<h1 class=\"wp-block-heading\">Cr\u00e9matorium Nanterre (92)<\/h1>\n\n\n\n<h2 class=\"wp-block-heading\">Les obs\u00e8ques au cr\u00e9matorium de Nanterre avec les pompes fun\u00e8bres Santilly<\/h2>\n\n\n<p><\/p>\n\n\nL\u2019entreprise familiale Santilly est pr\u00e9sente \u00e0 vos c\u00f4t\u00e9s lors de la disparition de l\u2019un de vos proches. Nos \u00e9quipes vous soutiennent et vous guident pendant ce moment douloureux et vous permettent d\u2019organiser des obs\u00e8ques en accord avec les souhaits du d\u00e9funt et vos attentes. Dans nos \u00e9tablissements, nous avons mis en place un protocole sp\u00e9cifique pour les c\u00e9r\u00e9monies au cr\u00e9matorium de Nanterre et des prestations personnalis\u00e9es pour r\u00e9pondre efficacement \u00e0 tous vos besoins, vos envies et vos convictions.<\/p>\n\n\n\n<h3 class=\"wp-block-heading\">La c\u00e9r\u00e9monie pr\u00e9c\u00e9dant la cr\u00e9mation<\/h3>\n\n\n<p><\/p>\n\n\nAvec les pompes fun\u00e8bres Santilly, vous b\u00e9n\u00e9ficiez d\u2019un service d\u2019accompagnement d\u00e9di\u00e9 aux familles et d\u2019un interlocuteur privil\u00e9gi\u00e9, qui vous guidera dans toutes les d\u00e9marches et vous aidera \u00e0 mettre en place la c\u00e9r\u00e9monie religieuse ou civile. \u00c0 l\u2019\u00e9coute, bienveillantes et fortes d\u2019une longue exp\u00e9rience, nos \u00e9quipes vous soulagent dans ces moments difficiles. Elles vous permettent de pr\u00e9voir le d\u00e9roulement de la c\u00e9r\u00e9monie dans les moindres d\u00e9tails, du temps de parole au recueillement en passant par l\u2019\u00e9loge fun\u00e8bre. La c\u00e9r\u00e9monie peut avoir lieu au cr\u00e9matorium de Nanterre juste avant la cr\u00e9mation.<\/p>\n\n\n\n<h3 class=\"wp-block-heading\">Le d\u00e9roulement de la cr\u00e9mation<\/h3>\n\n\n<p><\/p>\n\n\nGr\u00e2ce \u00e0 nos corbillards \u00e9quip\u00e9s et nos porteurs, nous assurons le transport du corps jusqu\u2019au cr\u00e9matorium de Nanterre. Nous nous occupons ensuite de la pr\u00e9sentation du cercueil et de l\u2019urne. Si vous faites appel \u00e0 l\u2019un de nos ma\u00eetres de c\u00e9r\u00e9monie, celui-ci animera cette derni\u00e8re avec professionnalisme et veillera \u00e0 ce qu\u2019elle se d\u00e9roule de mani\u00e8re irr\u00e9prochable. \u00c0 l\u2019issue de la cr\u00e9mation, nos \u00e9quipes peuvent transporter l\u2019urne au columbarium, au lieu d\u2019inhumation ou de dispersion des cendres. Vous voulez en savoir plus sur le fonctionnement de l\u2019\u00e9tablissement de Nanterre, sur les d\u00e9marches \u00e0 entreprendre ou sur <a href=\"https:\/\/www.pompes-funebres-santilly.com\/fr\/obseques\/cremation\/\" target=\"_blank\" rel=\"noreferrer noopener\">l\u2019organisation d\u2019obs\u00e8ques au cr\u00e9matorium avec les \u00e9tablissements Santilly<\/a>\u2009? Nos conseillers se tiennent \u00e0 votre disposition dans nos agences ou par t\u00e9l\u00e9phone au 0 801\u2009300\u2009200 (num\u00e9ro gratuit).<\/p>\n\n\n\n<h2 class=\"wp-block-heading\">Le cr\u00e9matorium du Mont-Val\u00e9rien \u00e0 Nanterre (92)<\/h2>\n\n\n<p><\/p>\n\n\nSi vous vivez \u00e0 Nanterre ou dans des localit\u00e9s environnantes, comme Courbevoie, Rueil-Malmaison ou Puteaux, vous vous trouvez non loin du cr\u00e9matorium du Mont-Val\u00e9rien, situ\u00e9 \u00e0 c\u00f4t\u00e9 du cimeti\u00e8re de Nanterre, en plein c\u0153ur de la commune.<\/p>\n\n\n\n<p><p id=\"block-85ee5136-1b46-4953-a5b1-a53a045e8480\"><strong>Cr\u00e9matorium du Mont-Val\u00e9rien<\/strong><br>Rue du Calvaire<br>9200 Nanterre<br><strong><br>T\u00e9l : 01 47 72 45 74<\/strong><\/p>\n<p><strong>Horaire d&rsquo;ouverture du cr\u00e9matorium de Nanterre<br><\/strong> Lundi \u2014 Vendredi : 8h \u2013 17h<br>Samedi : 8h \u2014 12h<br>Dimanche : Ferm\u00e9<br><strong>Horaires de cr\u00e9mation<\/strong><br>Lundi \u2014 Vendredi : 8h30 \u2013 16h15<br>Samedi : 8h30 et 10h30<\/p><\/p>\n\n\n<p><\/p>\n\n\nLe cr\u00e9matorium de Nanterre d\u00e9voile des locaux sobres, fonctionnels et soign\u00e9s. Cet \u00e9tablissement de 486 m<sup>2 <\/sup>dispose d\u2019un grand nombre d\u2019\u00e9quipements pour l\u2019\u00e9coute de musique, la diffusion de vid\u00e9os, de diaporamas ou de photographies et la lecture de textes. Il poss\u00e8de \u00e9galement un jardin du souvenir dans lequel vous pouvez disperser les cendres du d\u00e9funt \u00e0 l\u2019issue de la c\u00e9r\u00e9monie et de la cr\u00e9mation si tel est votre souhait.<\/p>\n\n\n<p><\/p>\n\n\nLes tarifs de cr\u00e9mation au cr\u00e9matorium de Nanterre d\u00e9pendent de votre lieu de r\u00e9sidence. Il sera moins \u00e9lev\u00e9 pour les familles domicili\u00e9es dans l\u2019une des communes du Syndicat Intercommunal Fun\u00e9raire de la R\u00e9gion Parisienne (SIFUREP).<\/p>\n\n\n\n<ul class=\"wp-block-list\"><li>Cr\u00e9mation d\u2019un d\u00e9funt adulte \u2014 collectivit\u00e9s non adh\u00e9rentes au SIFUREP : 614,42 \u20ac<\/li><li>Cr\u00e9mation d\u2019un adulte \u2014 collectivit\u00e9s adh\u00e9rentes au SIFUREP : 528,12 \u20ac<\/li><\/ul>\n\n\n<p><\/p>\n\n\nNos \u00e9quipes restent \u00e0 votre disposition pour r\u00e9pondre \u00e0 toutes vos questions que vous pouvez vous poser : d\u00e9marches \u00e0 entreprendre, tarifs, choix du cercueil et de l\u2019urne, dispersion des cendres\u2026 Dans les Hauts-de-Seine, vous pouvez choisir d\u2019organiser les obs\u00e8ques au cr\u00e9matorium de Nanterre ou dans l\u2019autre centre du d\u00e9partement : le Cr\u00e9matorium du Parc \u00e0 Clamart.<\/p>\n\n\n\n<h2 class=\"wp-block-heading\">Organisation d\u2019obs\u00e8ques avec les pompes fun\u00e8bres Santilly \u00e0 Nanterre<\/h2>\n\n\n<p><\/p>\n\n\nQue le d\u00e9funt ait opt\u00e9 pour une cr\u00e9mation ou une inhumation dans le cimeti\u00e8re de sa commune ou de celle o\u00f9 il est d\u00e9c\u00e9d\u00e9, nos \u00e9quipes font leur maximum pour vous offrir plus de s\u00e9r\u00e9nit\u00e9 dans ces moments douloureux.<\/p>\n\n\n\n<h3 class=\"wp-block-heading\">Notre agence des Hauts-de-Seine<\/h3>\n\n\n<p><\/p>\n\n\nSi vous vivez dans le 92 et que vous voulez rencontrer nos \u00e9quipes en vue d\u2019une cr\u00e9mation au cr\u00e9matorium de Nanterre, vous pouvez vous rendre dans notre agence de Villeneuve-La-Garenne. Celle-ci est situ\u00e9e \u00e0 deux pas du nouveau cimeti\u00e8re de la commune, au sud du Parc des Chanteraines.<\/p>\n\n\n<p><\/p>\n\n\n<strong>Agence de Villeneuve-la-Garenne<\/strong><br \/>52, av du Mar\u00e9chal Leclerc<br \/>92390 Villeneuve-la-Garenne<br \/><strong><br \/>T\u00e9l : 01 47 98 24 14\u00a0 \u00a0 \u00a0 \u00a0 \u00a0 \u00a0 \u00a0 \u00a0 \u00a0 \u00a0 24h\/24<\/strong><\/p>\n\n\n<p><\/p>\n\n\n<strong>villeneuve@santilly.com<\/strong><\/p>\n\n\n<p><\/p>\n\n\nLundi \u2014 Samedi : 9h \u2013 12h30 \/ 14h \u2013 18h<br \/>Dimanche : Ferm\u00e9<\/p>\n\n\n<p><\/p>\n\n\nL\u2019entreprise de pompes fun\u00e8bres Santilly Le Choix Fun\u00e9raire poss\u00e8de aussi d\u2019agences \u00e0 Paris, en Seine\u2013Saint-Denis, dans le Val-d\u2019Oise et l\u2019Oise. Elle met \u00e9galement \u00e0 disposition des familles quatre fun\u00e9rariums pour leur permettre de se recueillir dans des salons de pr\u00e9sentation agr\u00e9ables et apaisants en toute intimit\u00e9, \u00e0 Aubervilliers, Goussainville, Lamorlaye et Pantin.<\/p>\n\n\n\n<h3 class=\"wp-block-heading\">Un accompagnement personnalis\u00e9<\/h3>\n\n\n<p><\/p>\n\n\nNos \u00e9quipes se montrent tr\u00e8s respectueuses des usages et rites de chacun et vous aident \u00e0 organiser des obs\u00e8ques en accord avec vos attentes ou celles du d\u00e9funt, gr\u00e2ce \u00e0 un accompagnement efficace et humain. Nous vous aidons dans le choix de la marbrerie fun\u00e9raire, du cercueil, de l\u2019urne, des compositions florales\u2026 Nous nous adaptons toujours \u00e0 vos envies et votre budget et nous vous offrons la possibilit\u00e9 de cr\u00e9er une collecte pour financer les obs\u00e8ques. Vous pouvez compter sur les pompes fun\u00e8bres Santilly pour vous guider et vous soulager des d\u00e9marches administratives, afin que vous puissiez vous consacrer sur l\u2019essentiel. Nos \u00e9quipes peuvent \u00e9galement accompagner les familles apr\u00e8s les obs\u00e8ques pour r\u00e9gler les formalit\u00e9s aupr\u00e8s des diff\u00e9rents organismes auxquels \u00e9tait affili\u00e9 le d\u00e9funt.<\/p>\n\n\n<p><\/p>\n\n\nVous voulez anticiper l\u2019organisation de vos obs\u00e8ques pour d\u00e9charger vos proches\u2009? Nos conseillers peuvent aussi r\u00e9pondre \u00e0 vos attentes avec nos contrats obs\u00e8ques. Gr\u00e2ce \u00e0 ceux-ci, vous pouvez opter pour des versements r\u00e9guliers et tr\u00e8s accessibles pour financer vos fun\u00e9railles et faire part de vos derni\u00e8res volont\u00e9s, par exemple indiquer votre pr\u00e9f\u00e9rence pour le cr\u00e9matorium de Nanterre et une c\u00e9r\u00e9monie la\u00efque.<\/p>\n\n\n<p>&nbsp;<\/p>\n<p>[\/vc_column_text][\/vc_column][\/vc_row]<\/p>","protected":false},"excerpt":{"rendered":"<p>[vc_row][vc_column][vc_column_text bb_tab_container=\u00a0\u00bb\u00a0\u00bb] Cr\u00e9matorium Nanterre (92) Les obs\u00e8ques au cr\u00e9matorium de Nanterre avec les pompes fun\u00e8bres Santilly L\u2019entreprise familiale Santilly est pr\u00e9sente \u00e0 vos c\u00f4t\u00e9s lors de la disparition de l\u2019un de vos proches. Nos \u00e9quipes vous soutiennent et vous guident pendant ce moment douloureux et vous permettent d\u2019organiser des obs\u00e8ques en accord avec les souhaits [&hellip;]<\/p>\n","protected":false},"author":3,"featured_media":0,"parent":22184,"menu_order":0,"comment_status":"closed","ping_status":"closed","template":"","meta":{"_acf_changed":false,"footnotes":""},"class_list":["post-29488","page","type-page","status-publish","hentry"],"acf":false,"yoast_head":"<!-- This site is optimized with the Yoast SEO plugin v26.5 - https:\/\/yoast.com\/wordpress\/plugins\/seo\/ -->\n<title>Cr\u00e9matorium Nanterre | Santilly<\/title>\n<meta name=\"description\" content=\"\u27a1\ufe0f Santilly vous oriente vers le cr\u00e9matorium de Nanterre pour votre cr\u00e9mation ou celles de vos proches\u2713 Obs\u00e8ques \u2713Inhumation\u2713 Marbrerie\" \/>\n<meta name=\"robots\" content=\"index, follow, max-snippet:-1, max-image-preview:large, max-video-preview:-1\" \/>\n<link rel=\"canonical\" href=\"https:\/\/www.pompes-funebres-santilly.com\/fr\/les-crematoriums\/crematorium-nanterre-92\/\" \/>\n<meta property=\"og:locale\" content=\"fr_FR\" \/>\n<meta property=\"og:type\" content=\"article\" \/>\n<meta property=\"og:title\" content=\"Cr\u00e9matorium Nanterre | Santilly\" \/>\n<meta property=\"og:description\" content=\"\u27a1\ufe0f Santilly vous oriente vers le cr\u00e9matorium de Nanterre pour votre cr\u00e9mation ou celles de vos proches\u2713 Obs\u00e8ques \u2713Inhumation\u2713 Marbrerie\" \/>\n<meta property=\"og:url\" content=\"https:\/\/www.pompes-funebres-santilly.com\/fr\/les-crematoriums\/crematorium-nanterre-92\/\" \/>\n<meta property=\"og:site_name\" content=\"Pompes Fun\u00e8bres Santilly\" \/>\n<meta property=\"article:modified_time\" content=\"2025-12-29T11:26:56+00:00\" \/>\n<meta name=\"twitter:card\" content=\"summary_large_image\" \/>\n<meta name=\"twitter:label1\" content=\"Dur\u00e9e de lecture est.\" \/>\n\t<meta name=\"twitter:data1\" content=\"5 minutes\" \/>\n<script type=\"application\/ld+json\" class=\"yoast-schema-graph\">{\"@context\":\"https:\/\/schema.org\",\"@graph\":[{\"@type\":\"WebPage\",\"@id\":\"https:\/\/www.pompes-funebres-santilly.com\/fr\/les-crematoriums\/crematorium-nanterre-92\/\",\"url\":\"https:\/\/www.pompes-funebres-santilly.com\/fr\/les-crematoriums\/crematorium-nanterre-92\/\",\"name\":\"Cr\u00e9matorium Nanterre | Santilly\",\"isPartOf\":{\"@id\":\"https:\/\/www.pompes-funebres-santilly.com\/fr\/#website\"},\"datePublished\":\"2021-11-24T12:08:56+00:00\",\"dateModified\":\"2025-12-29T11:26:56+00:00\",\"description\":\"\u27a1\ufe0f Santilly vous oriente vers le cr\u00e9matorium de Nanterre pour votre cr\u00e9mation ou celles de vos proches\u2713 Obs\u00e8ques \u2713Inhumation\u2713 Marbrerie\",\"breadcrumb\":{\"@id\":\"https:\/\/www.pompes-funebres-santilly.com\/fr\/les-crematoriums\/crematorium-nanterre-92\/#breadcrumb\"},\"inLanguage\":\"fr-FR\",\"potentialAction\":[{\"@type\":\"ReadAction\",\"target\":[\"https:\/\/www.pompes-funebres-santilly.com\/fr\/les-crematoriums\/crematorium-nanterre-92\/\"]}]},{\"@type\":\"BreadcrumbList\",\"@id\":\"https:\/\/www.pompes-funebres-santilly.com\/fr\/les-crematoriums\/crematorium-nanterre-92\/#breadcrumb\",\"itemListElement\":[{\"@type\":\"ListItem\",\"position\":1,\"name\":\"Accueil\",\"item\":\"https:\/\/www.pompes-funebres-santilly.com\/fr\/\"},{\"@type\":\"ListItem\",\"position\":2,\"name\":\"Les Cr\u00e9matoriums\",\"item\":\"https:\/\/www.pompes-funebres-santilly.com\/fr\/les-crematoriums\/\"},{\"@type\":\"ListItem\",\"position\":3,\"name\":\"Cr\u00e9matorium Nanterre\"}]},{\"@type\":\"WebSite\",\"@id\":\"https:\/\/www.pompes-funebres-santilly.com\/fr\/#website\",\"url\":\"https:\/\/www.pompes-funebres-santilly.com\/fr\/\",\"name\":\"Pompes Fun\u00e8bres Santilly\",\"description\":\"\",\"publisher\":{\"@id\":\"https:\/\/www.pompes-funebres-santilly.com\/fr\/#organization\"},\"potentialAction\":[{\"@type\":\"SearchAction\",\"target\":{\"@type\":\"EntryPoint\",\"urlTemplate\":\"https:\/\/www.pompes-funebres-santilly.com\/fr\/?s={search_term_string}\"},\"query-input\":{\"@type\":\"PropertyValueSpecification\",\"valueRequired\":true,\"valueName\":\"search_term_string\"}}],\"inLanguage\":\"fr-FR\"},{\"@type\":\"Organization\",\"@id\":\"https:\/\/www.pompes-funebres-santilly.com\/fr\/#organization\",\"name\":\"LCF Santilly\",\"url\":\"https:\/\/www.pompes-funebres-santilly.com\/fr\/\",\"logo\":{\"@type\":\"ImageObject\",\"inLanguage\":\"fr-FR\",\"@id\":\"https:\/\/www.pompes-funebres-santilly.com\/fr\/#\/schema\/logo\/image\/\",\"url\":\"https:\/\/www.pompes-funebres-santilly.com\/wp-content\/uploads\/2019\/12\/logo-1.png\",\"contentUrl\":\"https:\/\/www.pompes-funebres-santilly.com\/wp-content\/uploads\/2019\/12\/logo-1.png\",\"width\":433,\"height\":115,\"caption\":\"LCF Santilly\"},\"image\":{\"@id\":\"https:\/\/www.pompes-funebres-santilly.com\/fr\/#\/schema\/logo\/image\/\"}}]}<\/script>\n<!-- \/ Yoast SEO plugin. -->","yoast_head_json":{"title":"Cr\u00e9matorium Nanterre | Santilly","description":"\u27a1\ufe0f Santilly vous oriente vers le cr\u00e9matorium de Nanterre pour votre cr\u00e9mation ou celles de vos proches\u2713 Obs\u00e8ques \u2713Inhumation\u2713 Marbrerie","robots":{"index":"index","follow":"follow","max-snippet":"max-snippet:-1","max-image-preview":"max-image-preview:large","max-video-preview":"max-video-preview:-1"},"canonical":"https:\/\/www.pompes-funebres-santilly.com\/fr\/les-crematoriums\/crematorium-nanterre-92\/","og_locale":"fr_FR","og_type":"article","og_title":"Cr\u00e9matorium Nanterre | Santilly","og_description":"\u27a1\ufe0f Santilly vous oriente vers le cr\u00e9matorium de Nanterre pour votre cr\u00e9mation ou celles de vos proches\u2713 Obs\u00e8ques \u2713Inhumation\u2713 Marbrerie","og_url":"https:\/\/www.pompes-funebres-santilly.com\/fr\/les-crematoriums\/crematorium-nanterre-92\/","og_site_name":"Pompes Fun\u00e8bres Santilly","article_modified_time":"2025-12-29T11:26:56+00:00","twitter_card":"summary_large_image","twitter_misc":{"Dur\u00e9e de lecture est.":"5 minutes"},"schema":{"@context":"https:\/\/schema.org","@graph":[{"@type":"WebPage","@id":"https:\/\/www.pompes-funebres-santilly.com\/fr\/les-crematoriums\/crematorium-nanterre-92\/","url":"https:\/\/www.pompes-funebres-santilly.com\/fr\/les-crematoriums\/crematorium-nanterre-92\/","name":"Cr\u00e9matorium Nanterre | Santilly","isPartOf":{"@id":"https:\/\/www.pompes-funebres-santilly.com\/fr\/#website"},"datePublished":"2021-11-24T12:08:56+00:00","dateModified":"2025-12-29T11:26:56+00:00","description":"\u27a1\ufe0f Santilly vous oriente vers le cr\u00e9matorium de Nanterre pour votre cr\u00e9mation ou celles de vos proches\u2713 Obs\u00e8ques \u2713Inhumation\u2713 Marbrerie","breadcrumb":{"@id":"https:\/\/www.pompes-funebres-santilly.com\/fr\/les-crematoriums\/crematorium-nanterre-92\/#breadcrumb"},"inLanguage":"fr-FR","potentialAction":[{"@type":"ReadAction","target":["https:\/\/www.pompes-funebres-santilly.com\/fr\/les-crematoriums\/crematorium-nanterre-92\/"]}]},{"@type":"BreadcrumbList","@id":"https:\/\/www.pompes-funebres-santilly.com\/fr\/les-crematoriums\/crematorium-nanterre-92\/#breadcrumb","itemListElement":[{"@type":"ListItem","position":1,"name":"Accueil","item":"https:\/\/www.pompes-funebres-santilly.com\/fr\/"},{"@type":"ListItem","position":2,"name":"Les Cr\u00e9matoriums","item":"https:\/\/www.pompes-funebres-santilly.com\/fr\/les-crematoriums\/"},{"@type":"ListItem","position":3,"name":"Cr\u00e9matorium Nanterre"}]},{"@type":"WebSite","@id":"https:\/\/www.pompes-funebres-santilly.com\/fr\/#website","url":"https:\/\/www.pompes-funebres-santilly.com\/fr\/","name":"Pompes Fun\u00e8bres Santilly","description":"","publisher":{"@id":"https:\/\/www.pompes-funebres-santilly.com\/fr\/#organization"},"potentialAction":[{"@type":"SearchAction","target":{"@type":"EntryPoint","urlTemplate":"https:\/\/www.pompes-funebres-santilly.com\/fr\/?s={search_term_string}"},"query-input":{"@type":"PropertyValueSpecification","valueRequired":true,"valueName":"search_term_string"}}],"inLanguage":"fr-FR"},{"@type":"Organization","@id":"https:\/\/www.pompes-funebres-santilly.com\/fr\/#organization","name":"LCF Santilly","url":"https:\/\/www.pompes-funebres-santilly.com\/fr\/","logo":{"@type":"ImageObject","inLanguage":"fr-FR","@id":"https:\/\/www.pompes-funebres-santilly.com\/fr\/#\/schema\/logo\/image\/","url":"https:\/\/www.pompes-funebres-santilly.com\/wp-content\/uploads\/2019\/12\/logo-1.png","contentUrl":"https:\/\/www.pompes-funebres-santilly.com\/wp-content\/uploads\/2019\/12\/logo-1.png","width":433,"height":115,"caption":"LCF Santilly"},"image":{"@id":"https:\/\/www.pompes-funebres-santilly.com\/fr\/#\/schema\/logo\/image\/"}}]}},"_links":{"self":[{"href":"https:\/\/www.pompes-funebres-santilly.com\/fr\/wp-json\/wp\/v2\/pages\/29488","targetHints":{"allow":["GET"]}}],"collection":[{"href":"https:\/\/www.pompes-funebres-santilly.com\/fr\/wp-json\/wp\/v2\/pages"}],"about":[{"href":"https:\/\/www.pompes-funebres-santilly.com\/fr\/wp-json\/wp\/v2\/types\/page"}],"author":[{"embeddable":true,"href":"https:\/\/www.pompes-funebres-santilly.com\/fr\/wp-json\/wp\/v2\/users\/3"}],"replies":[{"embeddable":true,"href":"https:\/\/www.pompes-funebres-santilly.com\/fr\/wp-json\/wp\/v2\/comments?post=29488"}],"version-history":[{"count":3,"href":"https:\/\/www.pompes-funebres-santilly.com\/fr\/wp-json\/wp\/v2\/pages\/29488\/revisions"}],"predecessor-version":[{"id":37266,"href":"https:\/\/www.pompes-funebres-santilly.com\/fr\/wp-json\/wp\/v2\/pages\/29488\/revisions\/37266"}],"up":[{"embeddable":true,"href":"https:\/\/www.pompes-funebres-santilly.com\/fr\/wp-json\/wp\/v2\/pages\/22184"}],"wp:attachment":[{"href":"https:\/\/www.pompes-funebres-santilly.com\/fr\/wp-json\/wp\/v2\/media?parent=29488"}],"curies":[{"name":"wp","href":"https:\/\/api.w.org\/{rel}","templated":true}]}}