{"id":22184,"date":"2020-06-25T14:17:41","date_gmt":"2020-06-25T12:17:41","guid":{"rendered":"https:\/\/www.pompes-funebres-santilly.com\/?page_id=22184"},"modified":"2022-04-01T11:32:47","modified_gmt":"2022-04-01T09:32:47","slug":"les-crematoriums","status":"publish","type":"page","link":"https:\/\/www.pompes-funebres-santilly.com\/fr\/les-crematoriums\/","title":{"rendered":"Les Cr\u00e9matoriums"},"content":{"rendered":"<p>[vc_section css=\u00a0\u00bb.vc_custom_1593088087541{margin-bottom: 40px !important;}\u00a0\u00bb][vc_row full_width=\u00a0\u00bbstretch_row\u00a0\u00bb css=\u00a0\u00bb.vc_custom_1593422446630{background-image: url(https:\/\/www.pompes-funebres-santilly.com\/wp-content\/uploads\/2020\/03\/pompes-funebres-santilly-visuel-accueil-1.jpg?id=17187) !important;background-position: center !important;background-repeat: no-repeat !important;background-size: cover !important;}\u00a0\u00bb el_class=\u00a0\u00bbsite-heading-section\u00a0\u00bb][vc_column width=\u00a0\u00bb1\/2&Prime; el_class=\u00a0\u00bbsite-banner\u00a0\u00bb css=\u00a0\u00bb.vc_custom_1593092826624{padding-top: 100px !important;padding-bottom: 100px !important;}\u00a0\u00bb][vc_column_text el_class=\u00a0\u00bbbanner-content\u00a0\u00bb]<\/p>\n<h1>Cr\u00e9matoriums aux alentours<\/h1>\n<p>[\/vc_column_text][vc_column_text css=\u00a0\u00bb.vc_custom_1593417942221{margin-bottom: 20px !important;}\u00a0\u00bb]Si votre proche d\u00e9funt souhaitait une cr\u00e9mation, vous avez plusieurs cr\u00e9matorium \u00e0 proximit\u00e9 selon la ville o\u00f9 vous r\u00e9sidez.<br \/>\nRetrouvez ci-dessous la liste de cr\u00e9matoriums et leur tarifs.[\/vc_column_text][vc_btn title=\u00a0\u00bbDemander un devis\u00a0\u00bb style=\u00a0\u00bbflat\u00a0\u00bb color=\u00a0\u00bbwhite\u00a0\u00bb link=\u00a0\u00bburl:http%3A%2F%2Fwww.pompes-funebres-santilly.com%2Ffr%2Fdevis%2F|title:Devis||\u00a0\u00bb el_class=\u00a0\u00bbbanner-content pfs-cta-a\u00a0\u00bb][\/vc_column][vc_column width=\u00a0\u00bb1\/2&Prime;][\/vc_column][vc_column el_class=\u00a0\u00bbsite-heading-visual\u00a0\u00bb][vc_single_image image=\u00a0\u00bb13310&Prime; img_size=\u00a0\u00bbfull\u00a0\u00bb][\/vc_column][\/vc_row][\/vc_section][vc_section full_width=\u00a0\u00bbstretch_row\u00a0\u00bb css=\u00a0\u00bb.vc_custom_1593435425946{padding-bottom: 40px !important;}\u00a0\u00bb bb_tab_container=\u00a0\u00bb\u00a0\u00bb][vc_row gap=\u00a0\u00bb35&Prime;][vc_column width=\u00a0\u00bb1\/2&Prime;][\/vc_column][vc_column width=\u00a0\u00bb1\/2&Prime;][\/vc_column][\/vc_row][vc_row gap=\u00a0\u00bb35&Prime;][vc_column width=\u00a0\u00bb1\/6&Prime; bb_tab_container=\u00a0\u00bb\u00a0\u00bb][\/vc_column][vc_column width=\u00a0\u00bb1\/3&Prime; bb_tab_container=\u00a0\u00bb\u00a0\u00bb][vc_single_image image=\u00a0\u00bb21265&Prime; img_size=\u00a0\u00bblarge\u00a0\u00bb add_caption=\u00a0\u00bbyes\u00a0\u00bb alignment=\u00a0\u00bbcenter\u00a0\u00bb][vc_column_text]<\/p>\n<h3 style=\"text-align: left;\">Cr\u00e9matorium de Mont-Val\u00e9rien<\/h3>\n<p>[\/vc_column_text][vc_row_inner content_placement=\u00a0\u00bbtop\u00a0\u00bb css=\u00a0\u00bb.vc_custom_1593435907266{margin-bottom: 20px !important;}\u00a0\u00bb el_class=\u00a0\u00bbpictoblocagence\u00a0\u00bb bb_tab_container=\u00a0\u00bb\u00a0\u00bb][vc_column_inner width=\u00a0\u00bb1\/12&Prime;][vc_icon icon_fontawesome=\u00a0\u00bbfa fa-map-marker\u00a0\u00bb color=\u00a0\u00bbpeacoc\u00a0\u00bb size=\u00a0\u00bbsm\u00a0\u00bb align=\u00a0\u00bbcenter\u00a0\u00bb][\/vc_column_inner][vc_column_inner width=\u00a0\u00bb5\/6&Prime;][vc_column_text]Rue de Calvaire<br \/>\n92000 Nanterre[\/vc_column_text][\/vc_column_inner][\/vc_row_inner][vc_column_text el_class=\u00a0\u00bbcrematorium-features\u00a0\u00bb]<div class=\"spoiler-wrap\">\n\t\t\t\t<div class=\"spoiler-head folded\">Voir plus d&#039;informations<\/div>\n\t\t\t\t<div class=\"spoiler-body\"><br \/>\nParking, Accueil, Salle omniculte<br \/>\nJardin du souvenir: 1 au cimeti\u00e8re<\/p>\n<p>Tarifs TTC<\/p>\n<ul>\n<li>Cr\u00e9mation d\u2019un cercueil adulte : adh\u00e9rent SIFUREP 528.12\u20ac \/ non-adh\u00e9rent 614.42\u20ac<\/li>\n<li>Cr\u00e9mation d\u2019un cercueil enfant (1-12 ans) : adh\u00e9rent SIFUREP 264.04\u20ac \/ non-adh\u00e9rent 307.20\u20ac<\/li>\n<li>Cr\u00e9mation d\u2019un cercueil enfant (-1 an) : adh\u00e9rent SIFUREP 132.01\u20ac \/&nbsp; &nbsp; &nbsp; &nbsp; &nbsp; non-adh\u00e9rent 153.47\u20ac<\/li>\n<\/ul>\n<p><\/div>\n\t\t\t<\/div>[\/vc_column_text][\/vc_column][vc_column width=\u00a0\u00bb1\/3&Prime; bb_tab_container=\u00a0\u00bb\u00a0\u00bb][vc_single_image image=\u00a0\u00bb21262&Prime; img_size=\u00a0\u00bblarge\u00a0\u00bb alignment=\u00a0\u00bbcenter\u00a0\u00bb][vc_column_text]<\/p>\n<h3 style=\"text-align: left;\">Cr\u00e9matorium de Saint-Ouen-L&rsquo;Aum\u00f4me<\/h3>\n<p>[\/vc_column_text][vc_row_inner content_placement=\u00a0\u00bbtop\u00a0\u00bb css=\u00a0\u00bb.vc_custom_1593435924878{margin-bottom: 20px !important;}\u00a0\u00bb el_class=\u00a0\u00bbpictoblocagence\u00a0\u00bb bb_tab_container=\u00a0\u00bb\u00a0\u00bb][vc_column_inner width=\u00a0\u00bb1\/12&Prime;][vc_icon icon_fontawesome=\u00a0\u00bbfa fa-map-marker\u00a0\u00bb color=\u00a0\u00bbpeacoc\u00a0\u00bb size=\u00a0\u00bbsm\u00a0\u00bb align=\u00a0\u00bbcenter\u00a0\u00bb][\/vc_column_inner][vc_column_inner width=\u00a0\u00bb5\/6&Prime;][vc_column_text]35, av de Verdun<br \/>\n95310 Saint-Ouen-l&rsquo;Aum\u00f4ne[\/vc_column_text][\/vc_column_inner][\/vc_row_inner][vc_column_text el_class=\u00a0\u00bbcrematorium-features\u00a0\u00bb]<div class=\"spoiler-wrap\">\n\t\t\t\t<div class=\"spoiler-head folded\">Voir plus d&#039;informations<\/div>\n\t\t\t\t<div class=\"spoiler-body\"><br \/>\nParking, Accueil, Salle omniculte, Salle de recueillement<br \/>\nJardin du souvenir: 1 au cimeti\u00e8re<\/p>\n<p>Tarifs TTC<\/p>\n<p>Cr\u00e9mation d\u2019un cercueil adulte : 753 \u20ac TTC<br \/>\n<\/div>\n\t\t\t<\/div>[\/vc_column_text][\/vc_column][vc_column width=\u00a0\u00bb1\/6&Prime; bb_tab_container=\u00a0\u00bb\u00a0\u00bb][\/vc_column][\/vc_row][vc_row gap=\u00a0\u00bb35&Prime;][vc_column width=\u00a0\u00bb1\/6&Prime; bb_tab_container=\u00a0\u00bb\u00a0\u00bb][\/vc_column][vc_column width=\u00a0\u00bb1\/3&Prime; bb_tab_container=\u00a0\u00bb\u00a0\u00bb][vc_single_image image=\u00a0\u00bb21268&Prime; img_size=\u00a0\u00bblarge\u00a0\u00bb add_caption=\u00a0\u00bbyes\u00a0\u00bb alignment=\u00a0\u00bbcenter\u00a0\u00bb][vc_column_text]<\/p>\n<h3 style=\"text-align: left;\">Cr\u00e9matorium Des Joncherolles<\/h3>\n<p>[\/vc_column_text][vc_empty_space height=\u00a0\u00bb28px\u00a0\u00bb][vc_row_inner content_placement=\u00a0\u00bbtop\u00a0\u00bb css=\u00a0\u00bb.vc_custom_1593435953147{margin-bottom: 20px !important;}\u00a0\u00bb el_class=\u00a0\u00bbpictoblocagence\u00a0\u00bb bb_tab_container=\u00a0\u00bb\u00a0\u00bb][vc_column_inner width=\u00a0\u00bb1\/12&Prime;][vc_icon icon_fontawesome=\u00a0\u00bbfa fa-map-marker\u00a0\u00bb color=\u00a0\u00bbpeacoc\u00a0\u00bb size=\u00a0\u00bbsm\u00a0\u00bb align=\u00a0\u00bbcenter\u00a0\u00bb][\/vc_column_inner][vc_column_inner width=\u00a0\u00bb5\/6&Prime;][vc_column_text]95, rue Marcel Sembat<br \/>\n93430 Villetaneuse[\/vc_column_text][\/vc_column_inner][\/vc_row_inner][vc_column_text]<div class=\"spoiler-wrap\">\n\t\t\t\t<div class=\"spoiler-head folded\">Voir plus d&#039;informations<\/div>\n\t\t\t\t<div class=\"spoiler-body\"><br \/>\nParking, Accueil, Salle omniculte, Salle convivialit\u00e9<br \/>\nJardin du souvenir: 1 au cimeti\u00e8re<\/p>\n<p>Tarifs TTC<\/p>\n<p>Cr\u00e9mation d\u2019un cercueil adulte : 724.52\u20ac<br \/>\nCr\u00e9mation d\u2019un cercueil enfant (1-12 ans) : 293.46\u20ac<br \/>\nCr\u00e9mation d\u2019un cercueil enfant (-1 an) : 146.11\u20ac<br \/>\n<\/div>\n\t\t\t<\/div>[\/vc_column_text][\/vc_column][vc_column width=\u00a0\u00bb1\/3&Prime; bb_tab_container=\u00a0\u00bb\u00a0\u00bb][vc_single_image image=\u00a0\u00bb21218&Prime; img_size=\u00a0\u00bblarge\u00a0\u00bb add_caption=\u00a0\u00bbyes\u00a0\u00bb alignment=\u00a0\u00bbcenter\u00a0\u00bb][vc_column_text]<\/p>\n<h3 style=\"text-align: left;\">Cr\u00e9matorium Du P\u00e8re La Chaise \u00e0 Paris<\/h3>\n<p>[\/vc_column_text][vc_row_inner content_placement=\u00a0\u00bbtop\u00a0\u00bb css=\u00a0\u00bb.vc_custom_1593436011414{margin-bottom: 20px !important;}\u00a0\u00bb el_class=\u00a0\u00bbpictoblocagence\u00a0\u00bb bb_tab_container=\u00a0\u00bb\u00a0\u00bb][vc_column_inner width=\u00a0\u00bb1\/12&Prime;][vc_icon icon_fontawesome=\u00a0\u00bbfa fa-map-marker\u00a0\u00bb color=\u00a0\u00bbpeacoc\u00a0\u00bb size=\u00a0\u00bbsm\u00a0\u00bb align=\u00a0\u00bbcenter\u00a0\u00bb][\/vc_column_inner][vc_column_inner width=\u00a0\u00bb5\/6&Prime;][vc_column_text]71, rue des Rondeaux<br \/>\n75020 Paris[\/vc_column_text][\/vc_column_inner][\/vc_row_inner][vc_column_text]<div class=\"spoiler-wrap\">\n\t\t\t\t<div class=\"spoiler-head folded\">Voir plus d&#039;informations<\/div>\n\t\t\t\t<div class=\"spoiler-body\"><br \/>\nParking, Accueil, 4 Salle omniculte<br \/>\nJardin du souvenir: 1 au cimeti\u00e8re<\/p>\n<p>Tarifs TTC<\/p>\n<p>Cr\u00e9mation d\u2019un cercueil adulte : 563\u20ac<br \/>\nCr\u00e9mation d\u2019un cercueil enfant (1 &#8211; 12 ans) : 280\u20ac<br \/>\nCr\u00e9mation d\u2019un cercueil enfant ( -1 an) : 141\u20ac<br \/>\n<\/div>\n\t\t\t<\/div>[\/vc_column_text][\/vc_column][vc_column width=\u00a0\u00bb1\/6&Prime; bb_tab_container=\u00a0\u00bb\u00a0\u00bb][\/vc_column][\/vc_row][vc_row gap=\u00a0\u00bb35&Prime;][vc_column width=\u00a0\u00bb1\/6&Prime; bb_tab_container=\u00a0\u00bb\u00a0\u00bb][\/vc_column][vc_column width=\u00a0\u00bb1\/3&Prime; bb_tab_container=\u00a0\u00bb\u00a0\u00bb][vc_single_image image=\u00a0\u00bb21271&Prime; img_size=\u00a0\u00bblarge\u00a0\u00bb add_caption=\u00a0\u00bbyes\u00a0\u00bb alignment=\u00a0\u00bbcenter\u00a0\u00bb][vc_column_text]<\/p>\n<h3 style=\"text-align: left;\">Cr\u00e9matorium De Champigny-sur-Marne<\/h3>\n<p>[\/vc_column_text][vc_empty_space height=\u00a0\u00bb28px\u00a0\u00bb][vc_row_inner content_placement=\u00a0\u00bbtop\u00a0\u00bb css=\u00a0\u00bb.vc_custom_1590668352233{margin-bottom: 20px !important;}\u00a0\u00bb][vc_column_inner width=\u00a0\u00bb1\/12&Prime;][vc_icon icon_fontawesome=\u00a0\u00bbfa fa-map-marker\u00a0\u00bb color=\u00a0\u00bbpeacoc\u00a0\u00bb size=\u00a0\u00bbsm\u00a0\u00bb align=\u00a0\u00bbcenter\u00a0\u00bb][\/vc_column_inner][vc_column_inner width=\u00a0\u00bb5\/6&Prime;][vc_column_text]44, rue du Lavoir<br \/>\n93370 Montfereil[\/vc_column_text][\/vc_column_inner][\/vc_row_inner][vc_column_text]<div class=\"spoiler-wrap\">\n\t\t\t\t<div class=\"spoiler-head folded\">Voir plus d&#039;informations<\/div>\n\t\t\t\t<div class=\"spoiler-body\"><br \/>\nParking, Accueil, Salle omniculte<br \/>\nJardin du souvenir: 1 au cimeti\u00e8re<\/p>\n<p>Tarifs TTC<\/p>\n<ul>\n<li>Cr\u00e9mation d\u2019un cercueil adulte : personnalis\u00e9e 920\u20ac \/ standard 756\u20ac<\/li>\n<li>Cr\u00e9mation d\u2019un cercueil enfant (1-12 ans) : personnalis\u00e9e 551\u20ac \/&nbsp; &nbsp; &nbsp; &nbsp; &nbsp; standard 378\u20ac<\/li>\n<li>Cr\u00e9mation d\u2019un cercueil enfant (-1 an) : personnalis\u00e9e 362\u20ac \/&nbsp; &nbsp; &nbsp; &nbsp; &nbsp; &nbsp; &nbsp; &nbsp; &nbsp; standard 189\u20ac<\/li>\n<\/ul>\n<p><\/div>\n\t\t\t<\/div>[\/vc_column_text][\/vc_column][vc_column width=\u00a0\u00bb1\/3&Prime; bb_tab_container=\u00a0\u00bb\u00a0\u00bb][\/vc_column][vc_column width=\u00a0\u00bb1\/6&Prime; bb_tab_container=\u00a0\u00bb\u00a0\u00bb][\/vc_column][\/vc_row][\/vc_section][vc_section s7upf_x_large_css=\u00a0\u00bb.vc_custom_1582187141420{background-color: #f2f5f5 !important;}\u00a0\u00bb el_class=\u00a0\u00bbno-color\u00a0\u00bb css=\u00a0\u00bb.vc_custom_1582187141418{margin-bottom: 60px !important;}\u00a0\u00bb][vc_row full_width=\u00a0\u00bbstretch_row\u00a0\u00bb equal_height=\u00a0\u00bbyes\u00a0\u00bb css=\u00a0\u00bb.vc_custom_1580132768217{padding-top: 50px !important;padding-bottom: 50px !important;background-color: #f2f5f5 !important;background-position: center !important;background-repeat: no-repeat !important;background-size: contain !important;}\u00a0\u00bb el_class=\u00a0\u00bbhome-shop-wrapper\u00a0\u00bb][vc_column][vc_column_text css=\u00a0\u00bb.vc_custom_1581006485131{margin-bottom: 30px !important;}\u00a0\u00bb]<\/p>\n<h2 style=\"text-align: center;\">Demander un Devis<\/h2>\n<p>[\/vc_column_text][vc_column_text]<\/p>\n<p style=\"text-align: center;\">Obtenez gratuitement un devis pour un d\u00e9c\u00e8s, une personne en fin de vie ou \u00e0 titre d\u2019information.<\/p>\n<p>[\/vc_column_text][vc_btn title=\u00a0\u00bbDemander un devis\u00a0\u00bb style=\u00a0\u00bbflat\u00a0\u00bb color=\u00a0\u00bbsuccess\u00a0\u00bb align=\u00a0\u00bbcenter\u00a0\u00bb el_class=\u00a0\u00bbpfs-cta-a small\u00a0\u00bb link=\u00a0\u00bburl:http%3A%2F%2Fwww.pompes-funebres-santilly.com%2Ffr%2Fdevis%2F|title:Collectivit%C3%A9s||\u00a0\u00bb][\/vc_column][vc_column el_class=\u00a0\u00bbhome-shop-visual\u00a0\u00bb][vc_single_image image=\u00a0\u00bb1875&Prime; img_size=\u00a0\u00bbfull\u00a0\u00bb alignment=\u00a0\u00bbright\u00a0\u00bb][\/vc_column][\/vc_row][\/vc_section]<\/p>\n","protected":false},"excerpt":{"rendered":"<p>[vc_section css=\u00a0\u00bb.vc_custom_1593088087541{margin-bottom: 40px !important;}\u00a0\u00bb][vc_row full_width=\u00a0\u00bbstretch_row\u00a0\u00bb css=\u00a0\u00bb.vc_custom_1593422446630{background-image: url(https:\/\/www.pompes-funebres-santilly.com\/wp-content\/uploads\/2020\/03\/pompes-funebres-santilly-visuel-accueil-1.jpg?id=17187) !important;background-position: center !important;background-repeat: no-repeat !important;background-size: cover !important;}\u00a0\u00bb el_class=\u00a0\u00bbsite-heading-section\u00a0\u00bb][vc_column width=\u00a0\u00bb1\/2&Prime; el_class=\u00a0\u00bbsite-banner\u00a0\u00bb css=\u00a0\u00bb.vc_custom_1593092826624{padding-top: 100px !important;padding-bottom: 100px !important;}\u00a0\u00bb][vc_column_text el_class=\u00a0\u00bbbanner-content\u00a0\u00bb] Cr\u00e9matoriums aux alentours [\/vc_column_text][vc_column_text css=\u00a0\u00bb.vc_custom_1593417942221{margin-bottom: 20px !important;}\u00a0\u00bb]Si votre proche d\u00e9funt souhaitait une cr\u00e9mation, vous avez plusieurs cr\u00e9matorium \u00e0 proximit\u00e9 selon la ville o\u00f9 vous r\u00e9sidez. Retrouvez ci-dessous la liste de cr\u00e9matoriums et [&hellip;]<\/p>\n","protected":false},"author":1,"featured_media":0,"parent":0,"menu_order":0,"comment_status":"closed","ping_status":"closed","template":"page-crematoriums.php","meta":{"_acf_changed":false,"footnotes":""},"class_list":["post-22184","page","type-page","status-publish","hentry"],"acf":false,"yoast_head":"<!-- This site is optimized with the Yoast SEO plugin v26.5 - https:\/\/yoast.com\/wordpress\/plugins\/seo\/ -->\n<title>Les Cr\u00e9matoriums - Pompes Fun\u00e8bres Santilly<\/title>\n<meta name=\"robots\" content=\"index, follow, max-snippet:-1, max-image-preview:large, max-video-preview:-1\" \/>\n<link rel=\"canonical\" href=\"https:\/\/www.pompes-funebres-santilly.com\/fr\/les-crematoriums\/\" \/>\n<meta property=\"og:locale\" content=\"fr_FR\" \/>\n<meta property=\"og:type\" content=\"article\" \/>\n<meta property=\"og:title\" content=\"Les Cr\u00e9matoriums - Pompes Fun\u00e8bres Santilly\" \/>\n<meta property=\"og:description\" content=\"[vc_section css=\u00a0\u00bb.vc_custom_1593088087541{margin-bottom: 40px !important;}\u00a0\u00bb][vc_row full_width=\u00a0\u00bbstretch_row\u00a0\u00bb css=\u00a0\u00bb.vc_custom_1593422446630{background-image: url(https:\/\/www.pompes-funebres-santilly.com\/wp-content\/uploads\/2020\/03\/pompes-funebres-santilly-visuel-accueil-1.jpg?id=17187) !important;background-position: center !important;background-repeat: no-repeat !important;background-size: cover !important;}\u00a0\u00bb el_class=\u00a0\u00bbsite-heading-section\u00a0\u00bb][vc_column width=\u00a0\u00bb1\/2&Prime; el_class=\u00a0\u00bbsite-banner\u00a0\u00bb css=\u00a0\u00bb.vc_custom_1593092826624{padding-top: 100px !important;padding-bottom: 100px !important;}\u00a0\u00bb][vc_column_text el_class=\u00a0\u00bbbanner-content\u00a0\u00bb] Cr\u00e9matoriums aux alentours [\/vc_column_text][vc_column_text css=\u00a0\u00bb.vc_custom_1593417942221{margin-bottom: 20px !important;}\u00a0\u00bb]Si votre proche d\u00e9funt souhaitait une cr\u00e9mation, vous avez plusieurs cr\u00e9matorium \u00e0 proximit\u00e9 selon la ville o\u00f9 vous r\u00e9sidez. Retrouvez ci-dessous la liste de cr\u00e9matoriums et [&hellip;]\" \/>\n<meta property=\"og:url\" content=\"https:\/\/www.pompes-funebres-santilly.com\/fr\/les-crematoriums\/\" \/>\n<meta property=\"og:site_name\" content=\"Pompes Fun\u00e8bres Santilly\" \/>\n<meta property=\"article:modified_time\" content=\"2022-04-01T09:32:47+00:00\" \/>\n<meta name=\"twitter:card\" content=\"summary_large_image\" \/>\n<meta name=\"twitter:label1\" content=\"Dur\u00e9e de lecture est.\" \/>\n\t<meta name=\"twitter:data1\" content=\"3 minutes\" \/>\n<script type=\"application\/ld+json\" class=\"yoast-schema-graph\">{\"@context\":\"https:\/\/schema.org\",\"@graph\":[{\"@type\":\"WebPage\",\"@id\":\"https:\/\/www.pompes-funebres-santilly.com\/fr\/les-crematoriums\/\",\"url\":\"https:\/\/www.pompes-funebres-santilly.com\/fr\/les-crematoriums\/\",\"name\":\"Les Cr\u00e9matoriums - Pompes Fun\u00e8bres Santilly\",\"isPartOf\":{\"@id\":\"https:\/\/www.pompes-funebres-santilly.com\/fr\/#website\"},\"datePublished\":\"2020-06-25T12:17:41+00:00\",\"dateModified\":\"2022-04-01T09:32:47+00:00\",\"breadcrumb\":{\"@id\":\"https:\/\/www.pompes-funebres-santilly.com\/fr\/les-crematoriums\/#breadcrumb\"},\"inLanguage\":\"fr-FR\",\"potentialAction\":[{\"@type\":\"ReadAction\",\"target\":[\"https:\/\/www.pompes-funebres-santilly.com\/fr\/les-crematoriums\/\"]}]},{\"@type\":\"BreadcrumbList\",\"@id\":\"https:\/\/www.pompes-funebres-santilly.com\/fr\/les-crematoriums\/#breadcrumb\",\"itemListElement\":[{\"@type\":\"ListItem\",\"position\":1,\"name\":\"Accueil\",\"item\":\"https:\/\/www.pompes-funebres-santilly.com\/fr\/\"},{\"@type\":\"ListItem\",\"position\":2,\"name\":\"Les Cr\u00e9matoriums\"}]},{\"@type\":\"WebSite\",\"@id\":\"https:\/\/www.pompes-funebres-santilly.com\/fr\/#website\",\"url\":\"https:\/\/www.pompes-funebres-santilly.com\/fr\/\",\"name\":\"Pompes Fun\u00e8bres Santilly\",\"description\":\"\",\"publisher\":{\"@id\":\"https:\/\/www.pompes-funebres-santilly.com\/fr\/#organization\"},\"potentialAction\":[{\"@type\":\"SearchAction\",\"target\":{\"@type\":\"EntryPoint\",\"urlTemplate\":\"https:\/\/www.pompes-funebres-santilly.com\/fr\/?s={search_term_string}\"},\"query-input\":{\"@type\":\"PropertyValueSpecification\",\"valueRequired\":true,\"valueName\":\"search_term_string\"}}],\"inLanguage\":\"fr-FR\"},{\"@type\":\"Organization\",\"@id\":\"https:\/\/www.pompes-funebres-santilly.com\/fr\/#organization\",\"name\":\"LCF Santilly\",\"url\":\"https:\/\/www.pompes-funebres-santilly.com\/fr\/\",\"logo\":{\"@type\":\"ImageObject\",\"inLanguage\":\"fr-FR\",\"@id\":\"https:\/\/www.pompes-funebres-santilly.com\/fr\/#\/schema\/logo\/image\/\",\"url\":\"https:\/\/www.pompes-funebres-santilly.com\/wp-content\/uploads\/2019\/12\/logo-1.png\",\"contentUrl\":\"https:\/\/www.pompes-funebres-santilly.com\/wp-content\/uploads\/2019\/12\/logo-1.png\",\"width\":433,\"height\":115,\"caption\":\"LCF Santilly\"},\"image\":{\"@id\":\"https:\/\/www.pompes-funebres-santilly.com\/fr\/#\/schema\/logo\/image\/\"}}]}<\/script>\n<!-- \/ Yoast SEO plugin. -->","yoast_head_json":{"title":"Les Cr\u00e9matoriums - Pompes Fun\u00e8bres Santilly","robots":{"index":"index","follow":"follow","max-snippet":"max-snippet:-1","max-image-preview":"max-image-preview:large","max-video-preview":"max-video-preview:-1"},"canonical":"https:\/\/www.pompes-funebres-santilly.com\/fr\/les-crematoriums\/","og_locale":"fr_FR","og_type":"article","og_title":"Les Cr\u00e9matoriums - Pompes Fun\u00e8bres Santilly","og_description":"[vc_section css=\u00a0\u00bb.vc_custom_1593088087541{margin-bottom: 40px !important;}\u00a0\u00bb][vc_row full_width=\u00a0\u00bbstretch_row\u00a0\u00bb css=\u00a0\u00bb.vc_custom_1593422446630{background-image: url(https:\/\/www.pompes-funebres-santilly.com\/wp-content\/uploads\/2020\/03\/pompes-funebres-santilly-visuel-accueil-1.jpg?id=17187) !important;background-position: center !important;background-repeat: no-repeat !important;background-size: cover !important;}\u00a0\u00bb el_class=\u00a0\u00bbsite-heading-section\u00a0\u00bb][vc_column width=\u00a0\u00bb1\/2&Prime; el_class=\u00a0\u00bbsite-banner\u00a0\u00bb css=\u00a0\u00bb.vc_custom_1593092826624{padding-top: 100px !important;padding-bottom: 100px !important;}\u00a0\u00bb][vc_column_text el_class=\u00a0\u00bbbanner-content\u00a0\u00bb] Cr\u00e9matoriums aux alentours [\/vc_column_text][vc_column_text css=\u00a0\u00bb.vc_custom_1593417942221{margin-bottom: 20px !important;}\u00a0\u00bb]Si votre proche d\u00e9funt souhaitait une cr\u00e9mation, vous avez plusieurs cr\u00e9matorium \u00e0 proximit\u00e9 selon la ville o\u00f9 vous r\u00e9sidez. Retrouvez ci-dessous la liste de cr\u00e9matoriums et [&hellip;]","og_url":"https:\/\/www.pompes-funebres-santilly.com\/fr\/les-crematoriums\/","og_site_name":"Pompes Fun\u00e8bres Santilly","article_modified_time":"2022-04-01T09:32:47+00:00","twitter_card":"summary_large_image","twitter_misc":{"Dur\u00e9e de lecture est.":"3 minutes"},"schema":{"@context":"https:\/\/schema.org","@graph":[{"@type":"WebPage","@id":"https:\/\/www.pompes-funebres-santilly.com\/fr\/les-crematoriums\/","url":"https:\/\/www.pompes-funebres-santilly.com\/fr\/les-crematoriums\/","name":"Les Cr\u00e9matoriums - Pompes Fun\u00e8bres Santilly","isPartOf":{"@id":"https:\/\/www.pompes-funebres-santilly.com\/fr\/#website"},"datePublished":"2020-06-25T12:17:41+00:00","dateModified":"2022-04-01T09:32:47+00:00","breadcrumb":{"@id":"https:\/\/www.pompes-funebres-santilly.com\/fr\/les-crematoriums\/#breadcrumb"},"inLanguage":"fr-FR","potentialAction":[{"@type":"ReadAction","target":["https:\/\/www.pompes-funebres-santilly.com\/fr\/les-crematoriums\/"]}]},{"@type":"BreadcrumbList","@id":"https:\/\/www.pompes-funebres-santilly.com\/fr\/les-crematoriums\/#breadcrumb","itemListElement":[{"@type":"ListItem","position":1,"name":"Accueil","item":"https:\/\/www.pompes-funebres-santilly.com\/fr\/"},{"@type":"ListItem","position":2,"name":"Les Cr\u00e9matoriums"}]},{"@type":"WebSite","@id":"https:\/\/www.pompes-funebres-santilly.com\/fr\/#website","url":"https:\/\/www.pompes-funebres-santilly.com\/fr\/","name":"Pompes Fun\u00e8bres Santilly","description":"","publisher":{"@id":"https:\/\/www.pompes-funebres-santilly.com\/fr\/#organization"},"potentialAction":[{"@type":"SearchAction","target":{"@type":"EntryPoint","urlTemplate":"https:\/\/www.pompes-funebres-santilly.com\/fr\/?s={search_term_string}"},"query-input":{"@type":"PropertyValueSpecification","valueRequired":true,"valueName":"search_term_string"}}],"inLanguage":"fr-FR"},{"@type":"Organization","@id":"https:\/\/www.pompes-funebres-santilly.com\/fr\/#organization","name":"LCF Santilly","url":"https:\/\/www.pompes-funebres-santilly.com\/fr\/","logo":{"@type":"ImageObject","inLanguage":"fr-FR","@id":"https:\/\/www.pompes-funebres-santilly.com\/fr\/#\/schema\/logo\/image\/","url":"https:\/\/www.pompes-funebres-santilly.com\/wp-content\/uploads\/2019\/12\/logo-1.png","contentUrl":"https:\/\/www.pompes-funebres-santilly.com\/wp-content\/uploads\/2019\/12\/logo-1.png","width":433,"height":115,"caption":"LCF Santilly"},"image":{"@id":"https:\/\/www.pompes-funebres-santilly.com\/fr\/#\/schema\/logo\/image\/"}}]}},"_links":{"self":[{"href":"https:\/\/www.pompes-funebres-santilly.com\/fr\/wp-json\/wp\/v2\/pages\/22184","targetHints":{"allow":["GET"]}}],"collection":[{"href":"https:\/\/www.pompes-funebres-santilly.com\/fr\/wp-json\/wp\/v2\/pages"}],"about":[{"href":"https:\/\/www.pompes-funebres-santilly.com\/fr\/wp-json\/wp\/v2\/types\/page"}],"author":[{"embeddable":true,"href":"https:\/\/www.pompes-funebres-santilly.com\/fr\/wp-json\/wp\/v2\/users\/1"}],"replies":[{"embeddable":true,"href":"https:\/\/www.pompes-funebres-santilly.com\/fr\/wp-json\/wp\/v2\/comments?post=22184"}],"version-history":[{"count":38,"href":"https:\/\/www.pompes-funebres-santilly.com\/fr\/wp-json\/wp\/v2\/pages\/22184\/revisions"}],"predecessor-version":[{"id":30055,"href":"https:\/\/www.pompes-funebres-santilly.com\/fr\/wp-json\/wp\/v2\/pages\/22184\/revisions\/30055"}],"wp:attachment":[{"href":"https:\/\/www.pompes-funebres-santilly.com\/fr\/wp-json\/wp\/v2\/media?parent=22184"}],"curies":[{"name":"wp","href":"https:\/\/api.w.org\/{rel}","templated":true}]}}