{"id":1039,"date":"2019-12-16T10:31:10","date_gmt":"2019-12-16T09:31:10","guid":{"rendered":"http:\/\/www.pompes-funebres-santilly.com\/fr\/?page_id=1039"},"modified":"2026-02-11T18:16:06","modified_gmt":"2026-02-11T17:16:06","slug":"mentions-legales","status":"publish","type":"page","link":"https:\/\/www.pompes-funebres-santilly.com\/fr\/mentions-legales\/","title":{"rendered":"Mentions l\u00e9gales"},"content":{"rendered":"<p>[vc_row][vc_column][vc_column_text]<\/p>\n\n<p>[\/vc_column_text][\/vc_column][\/vc_row][vc_section el_id=\u00a0\u00bbcollectivite-service-section\u00a0\u00bb css=\u00a0\u00bb.vc_custom_1580376943631{margin-bottom: 40px !important;}\u00a0\u00bb][vc_row][vc_column][vc_column_text]<\/p>\n<h1>Mentions l\u00e9gales<\/h1>\n<p>[\/vc_column_text][\/vc_column][\/vc_row][\/vc_section][vc_section el_id=\u00a0\u00bbcollectivite-reprise-section\u00a0\u00bb css=\u00a0\u00bb.vc_custom_1580376950216{margin-bottom: 40px !important;}\u00a0\u00bb][vc_row][vc_column][vc_column_text css=\u00a0\u00bb.vc_custom_1580999974792{margin-bottom: 30px !important;}\u00a0\u00bb]<\/p>\n<h2>Responsable de publication \u2013 propri\u00e9taire<\/h2>\n<p>[\/vc_column_text][vc_column_text]SANTILLY SERVICE FUNERAIRE (SSF)<br \/>\n240 Rue de Stalingrad<br \/>\n93700 Drancy<br \/>\nT\u00e9l. 01 48 37 15 60<br \/>\nFax : 01 48 45 37 58<br \/>\nCapital de\u00a020 000\u00a0\u20ac \u2013 RCS Bobigny<br \/>\nSiren 408\u00a0594\u00a0356\u00a0 \u2013 Code APE 9603 Z<br \/>\nN\u00b0 de TVA intracommunautaire:\u00a0FR 94408594356[\/vc_column_text][\/vc_column][\/vc_row][\/vc_section][vc_section css=\u00a0\u00bb.vc_custom_1580376950216{margin-bottom: 40px !important;}\u00a0\u00bb][vc_row][vc_column][vc_column_text css=\u00a0\u00bb.vc_custom_1581000100580{margin-bottom: 30px !important;}\u00a0\u00bb]<\/p>\n<h2>Les soci\u00e9t\u00e9s<\/h2>\n<p>[\/vc_column_text][vc_column_text]<strong>ETS Santilly S.P.O<\/strong><br \/>\n10\u00a0Rue des Pommiers<br \/>\n93500\u00a0Pantin<br \/>\nT\u00e9l. 01 48 45 02 76<br \/>\nFax : 01 48 45 37 58<br \/>\nCapital de 1 773 300 \u20ac<br \/>\nSiren : 582 007 902<br \/>\nN\u00b0 de TVA intracommunautaire:\u00a0FR 50582007902<br \/>\nHabilitation :\u00a015-93-051<br \/>\nPr\u00e9fecture de la Seine Saint Denis \/ Bobigny\u00a0: 1\u00a0Esplanade Jean Moulin, 93000 Bobigny<br \/>\nE-mail :\u00a0contact@santilly.com<\/p>\n<p><strong>ETS Santilly<\/strong><br \/>\n48 Rue Charles Tillon<br \/>\n93 300 Aubervilliers<br \/>\nT\u00e9l. 01 43 52 01 47<br \/>\nFax : 01 43 52 17 30<br \/>\nPas de capital<br \/>\nN\u00b0 de TVA intracommunautaire:\u00a0FR 40339022931<br \/>\nHabilitation :\u00a015-93-049<br \/>\nPr\u00e9fecture de la Seine Saint Denis \/ Bobigny\u00a0: 1\u00a0Esplanade Jean Moulin, 93000 Bobigny<br \/>\nE-mail :\u00a0contact@santilly.com<\/p>\n<p><strong>LA MARBRERIE DE GOUSSAINVILLE<\/strong><br \/>\n27 Route de Roissy<br \/>\n95 190 Goussainville<br \/>\nT\u00e9l.\u00a001 39 88 47 26<br \/>\nFax : 01 39 33 88 27<br \/>\nCapital de\u00a015 000 \u20ac<br \/>\nSiren : 384 637 757<br \/>\nN\u00b0 de TVA intracommunautaire:\u00a0FR 22384637757<br \/>\nHabilitation :\u00a016-95-005<br \/>\nPr\u00e9fecture du Val d\u2019Oise \/ Cergy-Pontoise : 5 avenue Bernard-Hirsch, 95000\u00a0Cergy-Pontoise<br \/>\nE-mail :\u00a0contact@santilly.com<\/p>\n<p><strong>POMPES FUNEBRES VILLENEUVE-LA-GARENNE<\/strong><br \/>\n52 Avenue du Mal Leclerc<br \/>\n92 390 Villeneuve La Garenne<br \/>\nT\u00e9l.\u00a001 47 98 24 12<br \/>\nCapital de 121 900 \u20ac<br \/>\nSiren :\u00a0508 498 771<br \/>\nN\u00b0 de TVA intracommunautaire:\u00a0FR 23508498771<br \/>\nHabilitation :\u00a012 92 N 101<br \/>\nPr\u00e9fecture des Hauts de Seine \/ Nanterre : 167-177 Avenue Frederic et Irene Joliot Curie, 92000 Nanterre<br \/>\nE-mail :\u00a0contact@santilly.com<\/p>\n<p><strong>PFSO POMPES FUNEBRES SANTILLY OISE<\/strong><br \/>\n7 Place Henri\u00a04<br \/>\n60 300 Senlis<br \/>\nT\u00e9l.\u00a003 44 25 60 60<br \/>\nFax : 03 44 29 55 59<br \/>\nCapital de 1 000 \u20ac<br \/>\nSiren : 814 732 335<br \/>\nN\u00b0 de TVA intracommunautaire:\u00a0FR\u00a038814732335<br \/>\nHabilitation :\u00a02016-60-02<br \/>\nPr\u00e9fecture de l\u2019Oise \/ Beauvais : 1 Place Pr\u00e9fecture 60 000 Beauvais<br \/>\nE-mail :\u00a0contact@santilly.com[\/vc_column_text][\/vc_column][\/vc_row][\/vc_section][vc_section css=\u00a0\u00bb.vc_custom_1580376950216{margin-bottom: 40px !important;}\u00a0\u00bb][vc_row][vc_column][vc_column_text css=\u00a0\u00bb.vc_custom_1581000215538{margin-bottom: 30px !important;}\u00a0\u00bb]<\/p>\n<h2>H\u00e9bergement du site<\/h2>\n<p>[\/vc_column_text][vc_column_text]Soci\u00e9t\u00e9 OVH \u2013 2 rue Kellermann 59100 Roubaix \u2013 France Paris. \u2013 T\u00e9l. : 08 203 203 63 (0,118 \u20ac\/min)[\/vc_column_text][\/vc_column][\/vc_row][\/vc_section][vc_section css=\u00a0\u00bb.vc_custom_1580376950216{margin-bottom: 40px !important;}\u00a0\u00bb][vc_row][vc_column][vc_column_text css=\u00a0\u00bb.vc_custom_1581000240537{margin-bottom: 30px !important;}\u00a0\u00bb]<\/p>\n<h2>Engagement<\/h2>\n<p>[\/vc_column_text][vc_column_text]Nous nous engageons \u00e0 \u00eatre tr\u00e8s vigilant sur la fiabilit\u00e9 de l\u2019information mise \u00e0 la disposition des internautes qui consultent ce site. Nous ne saurions en revanche \u00eatre tenus pour responsable d\u2019erreurs, d\u2019omissions ou des r\u00e9sultats qui pourraient \u00eatre obtenus par un usage inappropri\u00e9 de ces informations.<br \/>\nPour vous permettre de compl\u00e9ter vos recherches, nous pouvons \u00eatre amen\u00e9 \u00e0 vous proposer, \u00e0 travers un lien hypertexte, de consulter un site sp\u00e9cialis\u00e9 qui nous para\u00eet digne d\u2019int\u00e9r\u00eat dans un contexte pr\u00e9cis. Sans pour autant pouvoir garantir le contr\u00f4le des informations d\u00e9livr\u00e9es sur le site en question.[\/vc_column_text][\/vc_column][\/vc_row][\/vc_section][vc_section css=\u00a0\u00bb.vc_custom_1580376950216{margin-bottom: 40px !important;}\u00a0\u00bb][vc_row][vc_column][vc_column_text css=\u00a0\u00bb.vc_custom_1581000278798{margin-bottom: 30px !important;}\u00a0\u00bb]<\/p>\n<h2>Propri\u00e9t\u00e9 intellectuelle<\/h2>\n<p>[\/vc_column_text][vc_column_text]Toute repr\u00e9sentation et\/ou reproduction et\/ou exploitation partielle ou totale de ce site, par quelques proc\u00e9d\u00e9s que se soient, sans l\u2019autorisation expresse est interdite et constituerait une contrefa\u00e7on au sens des articles L 335-2 et suivants du code de la propri\u00e9t\u00e9 intellectuelle.[\/vc_column_text][\/vc_column][\/vc_row][\/vc_section][vc_section css=\u00a0\u00bb.vc_custom_1580376950216{margin-bottom: 40px !important;}\u00a0\u00bb][vc_row][vc_column][vc_column_text css=\u00a0\u00bb.vc_custom_1581000307200{margin-bottom: 30px !important;}\u00a0\u00bb]<\/p>\n<h2>Confidentialit\u00e9<\/h2>\n<p>[\/vc_column_text][vc_column_text bb_tab_container=\u00a0\u00bb\u00a0\u00bb]<\/p>\n<p>Nous pouvons collecter certaines informations personnelles permettant directement ou indirectement d\u2019identifier l\u2019utilisateur. Ces informations ne sont en aucune fa\u00e7on divulgu\u00e9es, donn\u00e9es ou vendues \u00e0 quiconque.<br \/>Nous vous rappelons que vous disposez d\u2019un droit d\u2019acc\u00e8s, de modification, de rectification et de suppression des donn\u00e9es qui vous concernent (articles 39 et suivants de la loi du 6 janvier<br \/>1978). Pour exercer ces droits, adressez-vous \u00e0\u00a0<a href=\"https:\/\/www.pompes-funebres-santilly.com\/fr\/nous-contacter\/\">ici<\/a><\/p>\n<p>En conformit\u00e9 avec les dispositions de la loi Informatique et Libert\u00e9s du 6 janvier 1978, le traitement automatis\u00e9 des donn\u00e9es nominatives r\u00e9alis\u00e9es \u00e0 partir du site, a fait l\u2019objet d\u2019une d\u00e9claration num\u00e9ro 1850096\u00a0aupr\u00e8s de la Commission Nationale de l\u2019Informatique et des Libert\u00e9s (CNIL).<\/p>\n<p>[\/vc_column_text][\/vc_column][\/vc_row][\/vc_section][vc_section css=\u00a0\u00bb.vc_custom_1580376950216{margin-bottom: 40px !important;}\u00a0\u00bb][vc_row][vc_column][vc_column_text css=\u00a0\u00bb.vc_custom_1581000337101{margin-bottom: 30px !important;}\u00a0\u00bb]<\/p>\n<h2>M\u00e9diation<\/h2>\n<p>[\/vc_column_text][vc_column_text bb_tab_container=\u00a0\u00bb\u00a0\u00bb]<\/p>\n<p>En cas de litige, et si la r\u00e9ponse \u00e0 la r\u00e9clamation du client ne le satisfait pas ou si il n\u2019a pas re\u00e7u de r\u00e9ponse 2 mois apr\u00e8s le d\u00e9p\u00f4t de sa r\u00e9clamation, le consommateur peut saisir gratuitement le M\u00e9diateur du Commerce Coop\u00e9ratif et Associ\u00e9, qui est comp\u00e9tent pour tout litige portant sur l\u2019ex\u00e9cution d\u2019un contrat de vente ou de fourniture de service couvert par les pr\u00e9sentes conditions g\u00e9n\u00e9rales de vente\u00a0: par courrier \u00e0 l\u2019adresse suivante : M\u00e9diateur du Commerce Coop\u00e9ratif et Associ\u00e9 \u2013 FCA \u2013 77, rue de Lourmel \u2013 75015 Paris, ou sur le site internet du M\u00e9diateur\u00a0<a href=\"http:\/\/www.mcca-mediation.fr\/\" target=\"_blank\" rel=\"noopener noreferrer\" data-saferedirecturl=\"https:\/\/www.google.com\/url?hl=fr&amp;q=http:\/\/www.mcca-mediation.fr&amp;source=gmail&amp;ust=1522134896184000&amp;usg=AFQjCNF_37ZhOmJwCjiLSv5kRz44UjCTcw\">www.mcca-mediation.fr<\/a>\u00a0sur lequel se trouvent la Charte de la M\u00e9diation du Commerce Coop\u00e9ratif et Associ\u00e9 et les pi\u00e8ces justificatives \u00e0 fournir.\u00a0<\/p>\n<p>[\/vc_column_text][\/vc_column][\/vc_row][\/vc_section][vc_section css=\u00a0\u00bb.vc_custom_1580376950216{margin-bottom: 40px !important;}\u00a0\u00bb][vc_row][vc_column][vc_column_text css=\u00a0\u00bb.vc_custom_1583501108158{margin-bottom: 30px !important;}\u00a0\u00bb]<\/p>\n<h2>Google Analytics<\/h2>\n<p>[\/vc_column_text][vc_column_text]Les fonctionnalit\u00e9s de Google Analytics pour les annonceurs sont activ\u00e9es pour sur ce site (Remarketing).<\/p>\n<p>Google utilise des cookies pour diffuser nos annonces sur le r\u00e9seau de recherche Google, les partenaires du R\u00e9seau de recherche ainsi que sur les sites de son r\u00e9seau Display.<\/p>\n<p>Gr\u00e2ce au cookie DoubleClick, Google adapte les annonces diffus\u00e9es aux utilisateurs en fonction de leur navigation sur notre site et prenant en compte la navigation multi-appareils.<\/p>\n<p>Vous pouvez d\u00e9sactiver l&rsquo;utilisation de cette fonctionnalit\u00e9 en vous rendant sur <a href=\"https:\/\/www.google.com\/settings\/u\/0\/ads\/authenticated\" target=\"_blank\" rel=\"noopener noreferrer\">le gestionnaire de pr\u00e9f\u00e9rences pour les annonces<\/a>.[\/vc_column_text][\/vc_column][\/vc_row][\/vc_section]<\/p>\n","protected":false},"excerpt":{"rendered":"<p>[vc_row][vc_column][vc_column_text]<\/p>\n","protected":false},"author":1,"featured_media":0,"parent":0,"menu_order":0,"comment_status":"closed","ping_status":"closed","template":"","meta":{"_acf_changed":false,"footnotes":""},"class_list":["post-1039","page","type-page","status-publish","hentry"],"acf":false,"yoast_head":"<!-- This site is optimized with the Yoast SEO plugin v26.5 - https:\/\/yoast.com\/wordpress\/plugins\/seo\/ -->\n<title>Mentions l\u00e9gales - Pompes Fun\u00e8bres Santilly<\/title>\n<meta name=\"robots\" content=\"index, follow, max-snippet:-1, max-image-preview:large, max-video-preview:-1\" \/>\n<link rel=\"canonical\" href=\"https:\/\/www.pompes-funebres-santilly.com\/fr\/mentions-legales\/\" \/>\n<meta property=\"og:locale\" content=\"fr_FR\" \/>\n<meta property=\"og:type\" content=\"article\" \/>\n<meta property=\"og:title\" content=\"Mentions l\u00e9gales - Pompes Fun\u00e8bres Santilly\" \/>\n<meta property=\"og:description\" content=\"[vc_row][vc_column][vc_column_text]\" \/>\n<meta property=\"og:url\" content=\"https:\/\/www.pompes-funebres-santilly.com\/fr\/mentions-legales\/\" \/>\n<meta property=\"og:site_name\" content=\"Pompes Fun\u00e8bres Santilly\" \/>\n<meta property=\"article:modified_time\" content=\"2026-02-11T17:16:06+00:00\" \/>\n<meta name=\"twitter:card\" content=\"summary_large_image\" \/>\n<meta name=\"twitter:label1\" content=\"Dur\u00e9e de lecture est.\" \/>\n\t<meta name=\"twitter:data1\" content=\"5 minutes\" \/>\n<script type=\"application\/ld+json\" class=\"yoast-schema-graph\">{\"@context\":\"https:\/\/schema.org\",\"@graph\":[{\"@type\":\"WebPage\",\"@id\":\"https:\/\/www.pompes-funebres-santilly.com\/fr\/mentions-legales\/\",\"url\":\"https:\/\/www.pompes-funebres-santilly.com\/fr\/mentions-legales\/\",\"name\":\"Mentions l\u00e9gales - Pompes Fun\u00e8bres Santilly\",\"isPartOf\":{\"@id\":\"https:\/\/www.pompes-funebres-santilly.com\/fr\/#website\"},\"datePublished\":\"2019-12-16T09:31:10+00:00\",\"dateModified\":\"2026-02-11T17:16:06+00:00\",\"breadcrumb\":{\"@id\":\"https:\/\/www.pompes-funebres-santilly.com\/fr\/mentions-legales\/#breadcrumb\"},\"inLanguage\":\"fr-FR\",\"potentialAction\":[{\"@type\":\"ReadAction\",\"target\":[\"https:\/\/www.pompes-funebres-santilly.com\/fr\/mentions-legales\/\"]}]},{\"@type\":\"BreadcrumbList\",\"@id\":\"https:\/\/www.pompes-funebres-santilly.com\/fr\/mentions-legales\/#breadcrumb\",\"itemListElement\":[{\"@type\":\"ListItem\",\"position\":1,\"name\":\"Accueil\",\"item\":\"https:\/\/www.pompes-funebres-santilly.com\/fr\/\"},{\"@type\":\"ListItem\",\"position\":2,\"name\":\"Mentions l\u00e9gales\"}]},{\"@type\":\"WebSite\",\"@id\":\"https:\/\/www.pompes-funebres-santilly.com\/fr\/#website\",\"url\":\"https:\/\/www.pompes-funebres-santilly.com\/fr\/\",\"name\":\"Pompes Fun\u00e8bres Santilly\",\"description\":\"\",\"publisher\":{\"@id\":\"https:\/\/www.pompes-funebres-santilly.com\/fr\/#organization\"},\"potentialAction\":[{\"@type\":\"SearchAction\",\"target\":{\"@type\":\"EntryPoint\",\"urlTemplate\":\"https:\/\/www.pompes-funebres-santilly.com\/fr\/?s={search_term_string}\"},\"query-input\":{\"@type\":\"PropertyValueSpecification\",\"valueRequired\":true,\"valueName\":\"search_term_string\"}}],\"inLanguage\":\"fr-FR\"},{\"@type\":\"Organization\",\"@id\":\"https:\/\/www.pompes-funebres-santilly.com\/fr\/#organization\",\"name\":\"LCF Santilly\",\"url\":\"https:\/\/www.pompes-funebres-santilly.com\/fr\/\",\"logo\":{\"@type\":\"ImageObject\",\"inLanguage\":\"fr-FR\",\"@id\":\"https:\/\/www.pompes-funebres-santilly.com\/fr\/#\/schema\/logo\/image\/\",\"url\":\"https:\/\/www.pompes-funebres-santilly.com\/wp-content\/uploads\/2019\/12\/logo-1.png\",\"contentUrl\":\"https:\/\/www.pompes-funebres-santilly.com\/wp-content\/uploads\/2019\/12\/logo-1.png\",\"width\":433,\"height\":115,\"caption\":\"LCF Santilly\"},\"image\":{\"@id\":\"https:\/\/www.pompes-funebres-santilly.com\/fr\/#\/schema\/logo\/image\/\"}}]}<\/script>\n<!-- \/ Yoast SEO plugin. -->","yoast_head_json":{"title":"Mentions l\u00e9gales - Pompes Fun\u00e8bres Santilly","robots":{"index":"index","follow":"follow","max-snippet":"max-snippet:-1","max-image-preview":"max-image-preview:large","max-video-preview":"max-video-preview:-1"},"canonical":"https:\/\/www.pompes-funebres-santilly.com\/fr\/mentions-legales\/","og_locale":"fr_FR","og_type":"article","og_title":"Mentions l\u00e9gales - Pompes Fun\u00e8bres Santilly","og_description":"[vc_row][vc_column][vc_column_text]","og_url":"https:\/\/www.pompes-funebres-santilly.com\/fr\/mentions-legales\/","og_site_name":"Pompes Fun\u00e8bres Santilly","article_modified_time":"2026-02-11T17:16:06+00:00","twitter_card":"summary_large_image","twitter_misc":{"Dur\u00e9e de lecture est.":"5 minutes"},"schema":{"@context":"https:\/\/schema.org","@graph":[{"@type":"WebPage","@id":"https:\/\/www.pompes-funebres-santilly.com\/fr\/mentions-legales\/","url":"https:\/\/www.pompes-funebres-santilly.com\/fr\/mentions-legales\/","name":"Mentions l\u00e9gales - Pompes Fun\u00e8bres Santilly","isPartOf":{"@id":"https:\/\/www.pompes-funebres-santilly.com\/fr\/#website"},"datePublished":"2019-12-16T09:31:10+00:00","dateModified":"2026-02-11T17:16:06+00:00","breadcrumb":{"@id":"https:\/\/www.pompes-funebres-santilly.com\/fr\/mentions-legales\/#breadcrumb"},"inLanguage":"fr-FR","potentialAction":[{"@type":"ReadAction","target":["https:\/\/www.pompes-funebres-santilly.com\/fr\/mentions-legales\/"]}]},{"@type":"BreadcrumbList","@id":"https:\/\/www.pompes-funebres-santilly.com\/fr\/mentions-legales\/#breadcrumb","itemListElement":[{"@type":"ListItem","position":1,"name":"Accueil","item":"https:\/\/www.pompes-funebres-santilly.com\/fr\/"},{"@type":"ListItem","position":2,"name":"Mentions l\u00e9gales"}]},{"@type":"WebSite","@id":"https:\/\/www.pompes-funebres-santilly.com\/fr\/#website","url":"https:\/\/www.pompes-funebres-santilly.com\/fr\/","name":"Pompes Fun\u00e8bres Santilly","description":"","publisher":{"@id":"https:\/\/www.pompes-funebres-santilly.com\/fr\/#organization"},"potentialAction":[{"@type":"SearchAction","target":{"@type":"EntryPoint","urlTemplate":"https:\/\/www.pompes-funebres-santilly.com\/fr\/?s={search_term_string}"},"query-input":{"@type":"PropertyValueSpecification","valueRequired":true,"valueName":"search_term_string"}}],"inLanguage":"fr-FR"},{"@type":"Organization","@id":"https:\/\/www.pompes-funebres-santilly.com\/fr\/#organization","name":"LCF Santilly","url":"https:\/\/www.pompes-funebres-santilly.com\/fr\/","logo":{"@type":"ImageObject","inLanguage":"fr-FR","@id":"https:\/\/www.pompes-funebres-santilly.com\/fr\/#\/schema\/logo\/image\/","url":"https:\/\/www.pompes-funebres-santilly.com\/wp-content\/uploads\/2019\/12\/logo-1.png","contentUrl":"https:\/\/www.pompes-funebres-santilly.com\/wp-content\/uploads\/2019\/12\/logo-1.png","width":433,"height":115,"caption":"LCF Santilly"},"image":{"@id":"https:\/\/www.pompes-funebres-santilly.com\/fr\/#\/schema\/logo\/image\/"}}]}},"_links":{"self":[{"href":"https:\/\/www.pompes-funebres-santilly.com\/fr\/wp-json\/wp\/v2\/pages\/1039","targetHints":{"allow":["GET"]}}],"collection":[{"href":"https:\/\/www.pompes-funebres-santilly.com\/fr\/wp-json\/wp\/v2\/pages"}],"about":[{"href":"https:\/\/www.pompes-funebres-santilly.com\/fr\/wp-json\/wp\/v2\/types\/page"}],"author":[{"embeddable":true,"href":"https:\/\/www.pompes-funebres-santilly.com\/fr\/wp-json\/wp\/v2\/users\/1"}],"replies":[{"embeddable":true,"href":"https:\/\/www.pompes-funebres-santilly.com\/fr\/wp-json\/wp\/v2\/comments?post=1039"}],"version-history":[{"count":3,"href":"https:\/\/www.pompes-funebres-santilly.com\/fr\/wp-json\/wp\/v2\/pages\/1039\/revisions"}],"predecessor-version":[{"id":37480,"href":"https:\/\/www.pompes-funebres-santilly.com\/fr\/wp-json\/wp\/v2\/pages\/1039\/revisions\/37480"}],"wp:attachment":[{"href":"https:\/\/www.pompes-funebres-santilly.com\/fr\/wp-json\/wp\/v2\/media?parent=1039"}],"curies":[{"name":"wp","href":"https:\/\/api.w.org\/{rel}","templated":true}]}}