{"id":36110,"date":"2025-03-12T13:27:48","date_gmt":"2025-03-12T12:27:48","guid":{"rendered":"https:\/\/www.pompes-funebres-santilly.com\/fr\/?post_type=avis_deces&#038;p=36110"},"modified":"2025-03-12T13:27:50","modified_gmt":"2025-03-12T12:27:50","slug":"madame-aurelie-thorrez","status":"publish","type":"avis_deces","link":"https:\/\/www.pompes-funebres-santilly.com\/fr\/avis-de-deces\/madame-aurelie-thorrez\/","title":{"rendered":"Madame Aur\u00e9lie THORREZ"},"content":{"rendered":"","protected":false},"excerpt":{"rendered":"","protected":false},"featured_media":31070,"template":"","meta":{"_acf_changed":false},"deces_departement":[460],"deces_commune":[721],"deces_publication":[],"class_list":["post-36110","avis_deces","type-avis_deces","status-publish","has-post-thumbnail","hentry","deces_departement-val-d-oise","deces_commune-chaumontel"],"acf":{"age_du_defunt":"18","date_de_deces":"2025-02-27","code_postal":"95270","maiden_name":"","deceased_photography":30824,"relatives":[{"lastnames_firstnames":[{"line":"Fr\u00e9d\u00e9ric et Lise, "}],"relationship":"Ses parents,"},{"lastnames_firstnames":[{"line":"Nicolas, "}],"relationship":"Son fr\u00e8re,"},{"lastnames_firstnames":[{"line":"Chantal et Michel,"},{"line":"Bach et Phung,"}],"relationship":"Ses grands-parents,"},{"lastnames_firstnames":[{"line":"Maxime, "}],"relationship":"Son fianc\u00e9,"},{"lastnames_firstnames":false,"relationship":"Ainsi que toute sa famille et tous ses amis,"}],"announcement":"ont la douleur de vous faire part du d\u00e9c\u00e8s de Madame Aur\u00e9lie THORREZ","funeral":"<h2 style=\"text-align: center;\">Le mercredi 12 mars 2025<\/h2>\n<p style=\"text-align: center;\"><strong>La mise en bi\u00e8re aura lieu \u00e0 9 heures\u00a0<\/strong><\/p>\n<p style=\"text-align: center;\">\u00e0 la chambre fun\u00e9raire de Lamorlaye<\/p>\n<p style=\"text-align: center;\"><em>(28 rue de la Seigneurie \u2013 60260 Lamorlaye)<\/em><\/p>\n<p style=\"text-align: center;\"><em>\u00ab\u00a0Si vous le souhaitez, vous pouvez contacter le fleuriste <\/em><\/p>\n<p style=\"text-align: center;\"><em>Pens\u00e9e Boh\u00e8me \u00e0 Lamorlaye au 03.44.58.20.14\u00a0\u00bb<\/em><\/p>\n<p style=\"text-align: center;\"><strong>La c\u00e9r\u00e9monie religieuse se d\u00e9roulera \u00e0 10 heures 30<\/strong><\/p>\n<p style=\"text-align: center;\">en l\u2019\u00e9glise de Lamorlaye<\/p>\n<p style=\"text-align: center;\"><strong>Suivi de l\u2019inhumation \u00e0 11 heures 30<\/strong><\/p>\n<p style=\"text-align: center;\">au cimeti\u00e8re de Lamorlaye<\/p>\n<p style=\"text-align: center;\"><em>(impasse du cimeti\u00e8re \u2013 60260 Lamorlaye)<\/em><\/p>\n"},"yoast_head":"<!-- This site is optimized with the Yoast SEO plugin v26.5 - https:\/\/yoast.com\/wordpress\/plugins\/seo\/ -->\n<title>Madame Aur\u00e9lie THORREZ - Pompes Fun\u00e8bres Santilly<\/title>\n<meta name=\"robots\" content=\"index, follow, max-snippet:-1, max-image-preview:large, max-video-preview:-1\" \/>\n<link rel=\"canonical\" href=\"https:\/\/www.pompes-funebres-santilly.com\/fr\/avis-de-deces\/madame-aurelie-thorrez\/\" \/>\n<meta property=\"og:locale\" content=\"fr_FR\" \/>\n<meta property=\"og:type\" content=\"article\" \/>\n<meta property=\"og:title\" content=\"Madame Aur\u00e9lie THORREZ - Pompes Fun\u00e8bres Santilly\" \/>\n<meta property=\"og:url\" content=\"https:\/\/www.pompes-funebres-santilly.com\/fr\/avis-de-deces\/madame-aurelie-thorrez\/\" \/>\n<meta property=\"og:site_name\" content=\"Pompes Fun\u00e8bres Santilly\" \/>\n<meta property=\"article:modified_time\" content=\"2025-03-12T12:27:50+00:00\" \/>\n<meta property=\"og:image\" content=\"https:\/\/www.pompes-funebres-santilly.com\/wp-content\/uploads\/2022\/11\/AVIS-DECES.jpg\" \/>\n\t<meta property=\"og:image:width\" content=\"768\" \/>\n\t<meta property=\"og:image:height\" content=\"513\" \/>\n\t<meta property=\"og:image:type\" content=\"image\/jpeg\" \/>\n<meta name=\"twitter:card\" content=\"summary_large_image\" \/>\n<script type=\"application\/ld+json\" class=\"yoast-schema-graph\">{\"@context\":\"https:\/\/schema.org\",\"@graph\":[{\"@type\":\"WebPage\",\"@id\":\"https:\/\/www.pompes-funebres-santilly.com\/fr\/avis-de-deces\/madame-aurelie-thorrez\/\",\"url\":\"https:\/\/www.pompes-funebres-santilly.com\/fr\/avis-de-deces\/madame-aurelie-thorrez\/\",\"name\":\"Madame Aur\u00e9lie THORREZ - Pompes Fun\u00e8bres Santilly\",\"isPartOf\":{\"@id\":\"https:\/\/www.pompes-funebres-santilly.com\/fr\/#website\"},\"primaryImageOfPage\":{\"@id\":\"https:\/\/www.pompes-funebres-santilly.com\/fr\/avis-de-deces\/madame-aurelie-thorrez\/#primaryimage\"},\"image\":{\"@id\":\"https:\/\/www.pompes-funebres-santilly.com\/fr\/avis-de-deces\/madame-aurelie-thorrez\/#primaryimage\"},\"thumbnailUrl\":\"https:\/\/www.pompes-funebres-santilly.com\/wp-content\/uploads\/2022\/11\/AVIS-DECES.jpg\",\"datePublished\":\"2025-03-12T12:27:48+00:00\",\"dateModified\":\"2025-03-12T12:27:50+00:00\",\"breadcrumb\":{\"@id\":\"https:\/\/www.pompes-funebres-santilly.com\/fr\/avis-de-deces\/madame-aurelie-thorrez\/#breadcrumb\"},\"inLanguage\":\"fr-FR\",\"potentialAction\":[{\"@type\":\"ReadAction\",\"target\":[\"https:\/\/www.pompes-funebres-santilly.com\/fr\/avis-de-deces\/madame-aurelie-thorrez\/\"]}]},{\"@type\":\"ImageObject\",\"inLanguage\":\"fr-FR\",\"@id\":\"https:\/\/www.pompes-funebres-santilly.com\/fr\/avis-de-deces\/madame-aurelie-thorrez\/#primaryimage\",\"url\":\"https:\/\/www.pompes-funebres-santilly.com\/wp-content\/uploads\/2022\/11\/AVIS-DECES.jpg\",\"contentUrl\":\"https:\/\/www.pompes-funebres-santilly.com\/wp-content\/uploads\/2022\/11\/AVIS-DECES.jpg\",\"width\":768,\"height\":513},{\"@type\":\"BreadcrumbList\",\"@id\":\"https:\/\/www.pompes-funebres-santilly.com\/fr\/avis-de-deces\/madame-aurelie-thorrez\/#breadcrumb\",\"itemListElement\":[{\"@type\":\"ListItem\",\"position\":1,\"name\":\"Accueil\",\"item\":\"https:\/\/www.pompes-funebres-santilly.com\/fr\/\"},{\"@type\":\"ListItem\",\"position\":2,\"name\":\"Madame Aur\u00e9lie THORREZ\"}]},{\"@type\":\"WebSite\",\"@id\":\"https:\/\/www.pompes-funebres-santilly.com\/fr\/#website\",\"url\":\"https:\/\/www.pompes-funebres-santilly.com\/fr\/\",\"name\":\"Pompes Fun\u00e8bres Santilly\",\"description\":\"\",\"publisher\":{\"@id\":\"https:\/\/www.pompes-funebres-santilly.com\/fr\/#organization\"},\"potentialAction\":[{\"@type\":\"SearchAction\",\"target\":{\"@type\":\"EntryPoint\",\"urlTemplate\":\"https:\/\/www.pompes-funebres-santilly.com\/fr\/?s={search_term_string}\"},\"query-input\":{\"@type\":\"PropertyValueSpecification\",\"valueRequired\":true,\"valueName\":\"search_term_string\"}}],\"inLanguage\":\"fr-FR\"},{\"@type\":\"Organization\",\"@id\":\"https:\/\/www.pompes-funebres-santilly.com\/fr\/#organization\",\"name\":\"LCF Santilly\",\"url\":\"https:\/\/www.pompes-funebres-santilly.com\/fr\/\",\"logo\":{\"@type\":\"ImageObject\",\"inLanguage\":\"fr-FR\",\"@id\":\"https:\/\/www.pompes-funebres-santilly.com\/fr\/#\/schema\/logo\/image\/\",\"url\":\"https:\/\/www.pompes-funebres-santilly.com\/wp-content\/uploads\/2019\/12\/logo-1.png\",\"contentUrl\":\"https:\/\/www.pompes-funebres-santilly.com\/wp-content\/uploads\/2019\/12\/logo-1.png\",\"width\":433,\"height\":115,\"caption\":\"LCF Santilly\"},\"image\":{\"@id\":\"https:\/\/www.pompes-funebres-santilly.com\/fr\/#\/schema\/logo\/image\/\"}}]}<\/script>\n<!-- \/ Yoast SEO plugin. -->","yoast_head_json":{"title":"Madame Aur\u00e9lie THORREZ - Pompes Fun\u00e8bres Santilly","robots":{"index":"index","follow":"follow","max-snippet":"max-snippet:-1","max-image-preview":"max-image-preview:large","max-video-preview":"max-video-preview:-1"},"canonical":"https:\/\/www.pompes-funebres-santilly.com\/fr\/avis-de-deces\/madame-aurelie-thorrez\/","og_locale":"fr_FR","og_type":"article","og_title":"Madame Aur\u00e9lie THORREZ - Pompes Fun\u00e8bres Santilly","og_url":"https:\/\/www.pompes-funebres-santilly.com\/fr\/avis-de-deces\/madame-aurelie-thorrez\/","og_site_name":"Pompes Fun\u00e8bres Santilly","article_modified_time":"2025-03-12T12:27:50+00:00","og_image":[{"width":768,"height":513,"url":"https:\/\/www.pompes-funebres-santilly.com\/wp-content\/uploads\/2022\/11\/AVIS-DECES.jpg","type":"image\/jpeg"}],"twitter_card":"summary_large_image","schema":{"@context":"https:\/\/schema.org","@graph":[{"@type":"WebPage","@id":"https:\/\/www.pompes-funebres-santilly.com\/fr\/avis-de-deces\/madame-aurelie-thorrez\/","url":"https:\/\/www.pompes-funebres-santilly.com\/fr\/avis-de-deces\/madame-aurelie-thorrez\/","name":"Madame Aur\u00e9lie THORREZ - Pompes Fun\u00e8bres Santilly","isPartOf":{"@id":"https:\/\/www.pompes-funebres-santilly.com\/fr\/#website"},"primaryImageOfPage":{"@id":"https:\/\/www.pompes-funebres-santilly.com\/fr\/avis-de-deces\/madame-aurelie-thorrez\/#primaryimage"},"image":{"@id":"https:\/\/www.pompes-funebres-santilly.com\/fr\/avis-de-deces\/madame-aurelie-thorrez\/#primaryimage"},"thumbnailUrl":"https:\/\/www.pompes-funebres-santilly.com\/wp-content\/uploads\/2022\/11\/AVIS-DECES.jpg","datePublished":"2025-03-12T12:27:48+00:00","dateModified":"2025-03-12T12:27:50+00:00","breadcrumb":{"@id":"https:\/\/www.pompes-funebres-santilly.com\/fr\/avis-de-deces\/madame-aurelie-thorrez\/#breadcrumb"},"inLanguage":"fr-FR","potentialAction":[{"@type":"ReadAction","target":["https:\/\/www.pompes-funebres-santilly.com\/fr\/avis-de-deces\/madame-aurelie-thorrez\/"]}]},{"@type":"ImageObject","inLanguage":"fr-FR","@id":"https:\/\/www.pompes-funebres-santilly.com\/fr\/avis-de-deces\/madame-aurelie-thorrez\/#primaryimage","url":"https:\/\/www.pompes-funebres-santilly.com\/wp-content\/uploads\/2022\/11\/AVIS-DECES.jpg","contentUrl":"https:\/\/www.pompes-funebres-santilly.com\/wp-content\/uploads\/2022\/11\/AVIS-DECES.jpg","width":768,"height":513},{"@type":"BreadcrumbList","@id":"https:\/\/www.pompes-funebres-santilly.com\/fr\/avis-de-deces\/madame-aurelie-thorrez\/#breadcrumb","itemListElement":[{"@type":"ListItem","position":1,"name":"Accueil","item":"https:\/\/www.pompes-funebres-santilly.com\/fr\/"},{"@type":"ListItem","position":2,"name":"Madame Aur\u00e9lie THORREZ"}]},{"@type":"WebSite","@id":"https:\/\/www.pompes-funebres-santilly.com\/fr\/#website","url":"https:\/\/www.pompes-funebres-santilly.com\/fr\/","name":"Pompes Fun\u00e8bres Santilly","description":"","publisher":{"@id":"https:\/\/www.pompes-funebres-santilly.com\/fr\/#organization"},"potentialAction":[{"@type":"SearchAction","target":{"@type":"EntryPoint","urlTemplate":"https:\/\/www.pompes-funebres-santilly.com\/fr\/?s={search_term_string}"},"query-input":{"@type":"PropertyValueSpecification","valueRequired":true,"valueName":"search_term_string"}}],"inLanguage":"fr-FR"},{"@type":"Organization","@id":"https:\/\/www.pompes-funebres-santilly.com\/fr\/#organization","name":"LCF Santilly","url":"https:\/\/www.pompes-funebres-santilly.com\/fr\/","logo":{"@type":"ImageObject","inLanguage":"fr-FR","@id":"https:\/\/www.pompes-funebres-santilly.com\/fr\/#\/schema\/logo\/image\/","url":"https:\/\/www.pompes-funebres-santilly.com\/wp-content\/uploads\/2019\/12\/logo-1.png","contentUrl":"https:\/\/www.pompes-funebres-santilly.com\/wp-content\/uploads\/2019\/12\/logo-1.png","width":433,"height":115,"caption":"LCF Santilly"},"image":{"@id":"https:\/\/www.pompes-funebres-santilly.com\/fr\/#\/schema\/logo\/image\/"}}]}},"_links":{"self":[{"href":"https:\/\/www.pompes-funebres-santilly.com\/fr\/wp-json\/wp\/v2\/avis_deces\/36110","targetHints":{"allow":["GET"]}}],"collection":[{"href":"https:\/\/www.pompes-funebres-santilly.com\/fr\/wp-json\/wp\/v2\/avis_deces"}],"about":[{"href":"https:\/\/www.pompes-funebres-santilly.com\/fr\/wp-json\/wp\/v2\/types\/avis_deces"}],"wp:featuredmedia":[{"embeddable":true,"href":"https:\/\/www.pompes-funebres-santilly.com\/fr\/wp-json\/wp\/v2\/media\/31070"}],"wp:attachment":[{"href":"https:\/\/www.pompes-funebres-santilly.com\/fr\/wp-json\/wp\/v2\/media?parent=36110"}],"wp:term":[{"taxonomy":"deces_departement","embeddable":true,"href":"https:\/\/www.pompes-funebres-santilly.com\/fr\/wp-json\/wp\/v2\/deces_departement?post=36110"},{"taxonomy":"deces_commune","embeddable":true,"href":"https:\/\/www.pompes-funebres-santilly.com\/fr\/wp-json\/wp\/v2\/deces_commune?post=36110"},{"taxonomy":"deces_publication","embeddable":true,"href":"https:\/\/www.pompes-funebres-santilly.com\/fr\/wp-json\/wp\/v2\/deces_publication?post=36110"}],"curies":[{"name":"wp","href":"https:\/\/api.w.org\/{rel}","templated":true}]}}