{"id":35876,"date":"2025-01-27T15:06:35","date_gmt":"2025-01-27T14:06:35","guid":{"rendered":"https:\/\/www.pompes-funebres-santilly.com\/fr\/?post_type=avis_deces&#038;p=35876"},"modified":"2025-01-27T15:06:39","modified_gmt":"2025-01-27T14:06:39","slug":"monsieur-bernard-engster","status":"publish","type":"avis_deces","link":"https:\/\/www.pompes-funebres-santilly.com\/fr\/avis-de-deces\/monsieur-bernard-engster\/","title":{"rendered":"Monsieur Bernard ENGSTER"},"content":{"rendered":"","protected":false},"excerpt":{"rendered":"","protected":false},"featured_media":31070,"template":"","meta":{"_acf_changed":false},"deces_departement":[460],"deces_commune":[627],"deces_publication":[],"class_list":["post-35876","avis_deces","type-avis_deces","status-publish","has-post-thumbnail","hentry","deces_departement-val-d-oise","deces_commune-villiers-le-bel"],"acf":{"age_du_defunt":"74","date_de_deces":"2024-12-16","code_postal":"95400 ","maiden_name":"","deceased_photography":30824,"relatives":[{"lastnames_firstnames":[{"line":"Claude ENGSTER,"},{"line":"Ren\u00e9 et Nicole ENGSTER,"},{"line":"R\u00e9gis et Marie-Claude ENGSTER,"}],"relationship":"Ses fr\u00e8res et ses belles-soeurs,"},{"lastnames_firstnames":[{"line":"R\u00e9gine, Katell, St\u00e9phane\", Sophie, Laure,"}],"relationship":"Ses ni\u00e8ces et son neveu,"},{"lastnames_firstnames":false,"relationship":"Ainsi que toute sa famille,"}],"announcement":"ont la tristesse de vous faire part du d\u00e9c\u00e8s de Monsieur Bernard ENGSTER","funeral":"<h2 style=\"text-align: center;\">Le jeudi 26 D\u00e9cembre 2024<\/h2>\n<p style=\"text-align: center;\"><strong>Un hommage lui sera rendu \u00e0 11h15<\/strong><br \/>\nau cr\u00e9matorium de Tremblay-en-France<\/p>\n<h2 style=\"text-align: center;\">Le vendredi 27 D\u00e9cembre 2024<\/h2>\n<p style=\"text-align: center;\"><strong>L\u2019inhumation \u00e0 10h00<\/strong><br \/>\nau Cimeti\u00e8re de Goussainville<\/p>\n"},"yoast_head":"<!-- This site is optimized with the Yoast SEO plugin v26.5 - https:\/\/yoast.com\/wordpress\/plugins\/seo\/ -->\n<title>Monsieur Bernard ENGSTER - Pompes Fun\u00e8bres Santilly<\/title>\n<meta name=\"robots\" content=\"index, follow, max-snippet:-1, max-image-preview:large, max-video-preview:-1\" \/>\n<link rel=\"canonical\" href=\"https:\/\/www.pompes-funebres-santilly.com\/fr\/avis-de-deces\/monsieur-bernard-engster\/\" \/>\n<meta property=\"og:locale\" content=\"fr_FR\" \/>\n<meta property=\"og:type\" content=\"article\" \/>\n<meta property=\"og:title\" content=\"Monsieur Bernard ENGSTER - Pompes Fun\u00e8bres Santilly\" \/>\n<meta property=\"og:url\" content=\"https:\/\/www.pompes-funebres-santilly.com\/fr\/avis-de-deces\/monsieur-bernard-engster\/\" \/>\n<meta property=\"og:site_name\" content=\"Pompes Fun\u00e8bres Santilly\" \/>\n<meta property=\"article:modified_time\" content=\"2025-01-27T14:06:39+00:00\" \/>\n<meta property=\"og:image\" content=\"https:\/\/www.pompes-funebres-santilly.com\/wp-content\/uploads\/2022\/11\/AVIS-DECES.jpg\" \/>\n\t<meta property=\"og:image:width\" content=\"768\" \/>\n\t<meta property=\"og:image:height\" content=\"513\" \/>\n\t<meta property=\"og:image:type\" content=\"image\/jpeg\" \/>\n<meta name=\"twitter:card\" content=\"summary_large_image\" \/>\n<script type=\"application\/ld+json\" class=\"yoast-schema-graph\">{\"@context\":\"https:\/\/schema.org\",\"@graph\":[{\"@type\":\"WebPage\",\"@id\":\"https:\/\/www.pompes-funebres-santilly.com\/fr\/avis-de-deces\/monsieur-bernard-engster\/\",\"url\":\"https:\/\/www.pompes-funebres-santilly.com\/fr\/avis-de-deces\/monsieur-bernard-engster\/\",\"name\":\"Monsieur Bernard ENGSTER - Pompes Fun\u00e8bres Santilly\",\"isPartOf\":{\"@id\":\"https:\/\/www.pompes-funebres-santilly.com\/fr\/#website\"},\"primaryImageOfPage\":{\"@id\":\"https:\/\/www.pompes-funebres-santilly.com\/fr\/avis-de-deces\/monsieur-bernard-engster\/#primaryimage\"},\"image\":{\"@id\":\"https:\/\/www.pompes-funebres-santilly.com\/fr\/avis-de-deces\/monsieur-bernard-engster\/#primaryimage\"},\"thumbnailUrl\":\"https:\/\/www.pompes-funebres-santilly.com\/wp-content\/uploads\/2022\/11\/AVIS-DECES.jpg\",\"datePublished\":\"2025-01-27T14:06:35+00:00\",\"dateModified\":\"2025-01-27T14:06:39+00:00\",\"breadcrumb\":{\"@id\":\"https:\/\/www.pompes-funebres-santilly.com\/fr\/avis-de-deces\/monsieur-bernard-engster\/#breadcrumb\"},\"inLanguage\":\"fr-FR\",\"potentialAction\":[{\"@type\":\"ReadAction\",\"target\":[\"https:\/\/www.pompes-funebres-santilly.com\/fr\/avis-de-deces\/monsieur-bernard-engster\/\"]}]},{\"@type\":\"ImageObject\",\"inLanguage\":\"fr-FR\",\"@id\":\"https:\/\/www.pompes-funebres-santilly.com\/fr\/avis-de-deces\/monsieur-bernard-engster\/#primaryimage\",\"url\":\"https:\/\/www.pompes-funebres-santilly.com\/wp-content\/uploads\/2022\/11\/AVIS-DECES.jpg\",\"contentUrl\":\"https:\/\/www.pompes-funebres-santilly.com\/wp-content\/uploads\/2022\/11\/AVIS-DECES.jpg\",\"width\":768,\"height\":513},{\"@type\":\"BreadcrumbList\",\"@id\":\"https:\/\/www.pompes-funebres-santilly.com\/fr\/avis-de-deces\/monsieur-bernard-engster\/#breadcrumb\",\"itemListElement\":[{\"@type\":\"ListItem\",\"position\":1,\"name\":\"Accueil\",\"item\":\"https:\/\/www.pompes-funebres-santilly.com\/fr\/\"},{\"@type\":\"ListItem\",\"position\":2,\"name\":\"Monsieur Bernard ENGSTER\"}]},{\"@type\":\"WebSite\",\"@id\":\"https:\/\/www.pompes-funebres-santilly.com\/fr\/#website\",\"url\":\"https:\/\/www.pompes-funebres-santilly.com\/fr\/\",\"name\":\"Pompes Fun\u00e8bres Santilly\",\"description\":\"\",\"publisher\":{\"@id\":\"https:\/\/www.pompes-funebres-santilly.com\/fr\/#organization\"},\"potentialAction\":[{\"@type\":\"SearchAction\",\"target\":{\"@type\":\"EntryPoint\",\"urlTemplate\":\"https:\/\/www.pompes-funebres-santilly.com\/fr\/?s={search_term_string}\"},\"query-input\":{\"@type\":\"PropertyValueSpecification\",\"valueRequired\":true,\"valueName\":\"search_term_string\"}}],\"inLanguage\":\"fr-FR\"},{\"@type\":\"Organization\",\"@id\":\"https:\/\/www.pompes-funebres-santilly.com\/fr\/#organization\",\"name\":\"LCF Santilly\",\"url\":\"https:\/\/www.pompes-funebres-santilly.com\/fr\/\",\"logo\":{\"@type\":\"ImageObject\",\"inLanguage\":\"fr-FR\",\"@id\":\"https:\/\/www.pompes-funebres-santilly.com\/fr\/#\/schema\/logo\/image\/\",\"url\":\"https:\/\/www.pompes-funebres-santilly.com\/wp-content\/uploads\/2019\/12\/logo-1.png\",\"contentUrl\":\"https:\/\/www.pompes-funebres-santilly.com\/wp-content\/uploads\/2019\/12\/logo-1.png\",\"width\":433,\"height\":115,\"caption\":\"LCF Santilly\"},\"image\":{\"@id\":\"https:\/\/www.pompes-funebres-santilly.com\/fr\/#\/schema\/logo\/image\/\"}}]}<\/script>\n<!-- \/ Yoast SEO plugin. -->","yoast_head_json":{"title":"Monsieur Bernard ENGSTER - Pompes Fun\u00e8bres Santilly","robots":{"index":"index","follow":"follow","max-snippet":"max-snippet:-1","max-image-preview":"max-image-preview:large","max-video-preview":"max-video-preview:-1"},"canonical":"https:\/\/www.pompes-funebres-santilly.com\/fr\/avis-de-deces\/monsieur-bernard-engster\/","og_locale":"fr_FR","og_type":"article","og_title":"Monsieur Bernard ENGSTER - Pompes Fun\u00e8bres Santilly","og_url":"https:\/\/www.pompes-funebres-santilly.com\/fr\/avis-de-deces\/monsieur-bernard-engster\/","og_site_name":"Pompes Fun\u00e8bres Santilly","article_modified_time":"2025-01-27T14:06:39+00:00","og_image":[{"width":768,"height":513,"url":"https:\/\/www.pompes-funebres-santilly.com\/wp-content\/uploads\/2022\/11\/AVIS-DECES.jpg","type":"image\/jpeg"}],"twitter_card":"summary_large_image","schema":{"@context":"https:\/\/schema.org","@graph":[{"@type":"WebPage","@id":"https:\/\/www.pompes-funebres-santilly.com\/fr\/avis-de-deces\/monsieur-bernard-engster\/","url":"https:\/\/www.pompes-funebres-santilly.com\/fr\/avis-de-deces\/monsieur-bernard-engster\/","name":"Monsieur Bernard ENGSTER - Pompes Fun\u00e8bres Santilly","isPartOf":{"@id":"https:\/\/www.pompes-funebres-santilly.com\/fr\/#website"},"primaryImageOfPage":{"@id":"https:\/\/www.pompes-funebres-santilly.com\/fr\/avis-de-deces\/monsieur-bernard-engster\/#primaryimage"},"image":{"@id":"https:\/\/www.pompes-funebres-santilly.com\/fr\/avis-de-deces\/monsieur-bernard-engster\/#primaryimage"},"thumbnailUrl":"https:\/\/www.pompes-funebres-santilly.com\/wp-content\/uploads\/2022\/11\/AVIS-DECES.jpg","datePublished":"2025-01-27T14:06:35+00:00","dateModified":"2025-01-27T14:06:39+00:00","breadcrumb":{"@id":"https:\/\/www.pompes-funebres-santilly.com\/fr\/avis-de-deces\/monsieur-bernard-engster\/#breadcrumb"},"inLanguage":"fr-FR","potentialAction":[{"@type":"ReadAction","target":["https:\/\/www.pompes-funebres-santilly.com\/fr\/avis-de-deces\/monsieur-bernard-engster\/"]}]},{"@type":"ImageObject","inLanguage":"fr-FR","@id":"https:\/\/www.pompes-funebres-santilly.com\/fr\/avis-de-deces\/monsieur-bernard-engster\/#primaryimage","url":"https:\/\/www.pompes-funebres-santilly.com\/wp-content\/uploads\/2022\/11\/AVIS-DECES.jpg","contentUrl":"https:\/\/www.pompes-funebres-santilly.com\/wp-content\/uploads\/2022\/11\/AVIS-DECES.jpg","width":768,"height":513},{"@type":"BreadcrumbList","@id":"https:\/\/www.pompes-funebres-santilly.com\/fr\/avis-de-deces\/monsieur-bernard-engster\/#breadcrumb","itemListElement":[{"@type":"ListItem","position":1,"name":"Accueil","item":"https:\/\/www.pompes-funebres-santilly.com\/fr\/"},{"@type":"ListItem","position":2,"name":"Monsieur Bernard ENGSTER"}]},{"@type":"WebSite","@id":"https:\/\/www.pompes-funebres-santilly.com\/fr\/#website","url":"https:\/\/www.pompes-funebres-santilly.com\/fr\/","name":"Pompes Fun\u00e8bres Santilly","description":"","publisher":{"@id":"https:\/\/www.pompes-funebres-santilly.com\/fr\/#organization"},"potentialAction":[{"@type":"SearchAction","target":{"@type":"EntryPoint","urlTemplate":"https:\/\/www.pompes-funebres-santilly.com\/fr\/?s={search_term_string}"},"query-input":{"@type":"PropertyValueSpecification","valueRequired":true,"valueName":"search_term_string"}}],"inLanguage":"fr-FR"},{"@type":"Organization","@id":"https:\/\/www.pompes-funebres-santilly.com\/fr\/#organization","name":"LCF Santilly","url":"https:\/\/www.pompes-funebres-santilly.com\/fr\/","logo":{"@type":"ImageObject","inLanguage":"fr-FR","@id":"https:\/\/www.pompes-funebres-santilly.com\/fr\/#\/schema\/logo\/image\/","url":"https:\/\/www.pompes-funebres-santilly.com\/wp-content\/uploads\/2019\/12\/logo-1.png","contentUrl":"https:\/\/www.pompes-funebres-santilly.com\/wp-content\/uploads\/2019\/12\/logo-1.png","width":433,"height":115,"caption":"LCF Santilly"},"image":{"@id":"https:\/\/www.pompes-funebres-santilly.com\/fr\/#\/schema\/logo\/image\/"}}]}},"_links":{"self":[{"href":"https:\/\/www.pompes-funebres-santilly.com\/fr\/wp-json\/wp\/v2\/avis_deces\/35876","targetHints":{"allow":["GET"]}}],"collection":[{"href":"https:\/\/www.pompes-funebres-santilly.com\/fr\/wp-json\/wp\/v2\/avis_deces"}],"about":[{"href":"https:\/\/www.pompes-funebres-santilly.com\/fr\/wp-json\/wp\/v2\/types\/avis_deces"}],"wp:featuredmedia":[{"embeddable":true,"href":"https:\/\/www.pompes-funebres-santilly.com\/fr\/wp-json\/wp\/v2\/media\/31070"}],"wp:attachment":[{"href":"https:\/\/www.pompes-funebres-santilly.com\/fr\/wp-json\/wp\/v2\/media?parent=35876"}],"wp:term":[{"taxonomy":"deces_departement","embeddable":true,"href":"https:\/\/www.pompes-funebres-santilly.com\/fr\/wp-json\/wp\/v2\/deces_departement?post=35876"},{"taxonomy":"deces_commune","embeddable":true,"href":"https:\/\/www.pompes-funebres-santilly.com\/fr\/wp-json\/wp\/v2\/deces_commune?post=35876"},{"taxonomy":"deces_publication","embeddable":true,"href":"https:\/\/www.pompes-funebres-santilly.com\/fr\/wp-json\/wp\/v2\/deces_publication?post=35876"}],"curies":[{"name":"wp","href":"https:\/\/api.w.org\/{rel}","templated":true}]}}